{"id":30,"date":"2018-04-12T15:25:22","date_gmt":"2018-04-12T15:25:22","guid":{"rendered":"https:\/\/marcali.plebania.hu\/?page_id=30"},"modified":"2018-04-18T08:46:40","modified_gmt":"2018-04-18T08:46:40","slug":"muzeum","status":"publish","type":"page","link":"https:\/\/marcali.plebania.hu\/?page_id=30","title":{"rendered":"M\u00fazeum"},"content":{"rendered":"<p style=\"text-align: center;\">K\u00fcl\u00f6nleges ki\u00e1ll\u00edt\u00e1ssal gazdagodott Marcali v\u00e1rosa: a<br \/>\npl\u00e9b\u00e1niatemplom orat\u00f3rium\u00e1ban egyh\u00e1zt\u00f6rt\u00e9neti \u00e1lland\u00f3 t\u00e1rlat<br \/>\nmegrendez\u00e9s\u00e9re ker\u00fclt sor.<br \/>\nA ki\u00e1ll\u00edt\u00e1s l\u00e9trehoz\u00e1s\u00e1nak gondolata a marcali h\u00edvekben, az<br \/>\negyh\u00e1zk\u00f6zs\u00e9g tagjaiban fogalmaz\u00f3dott meg el\u0151sz\u00f6r, mert \u00fagy<br \/>\n\u00e9rezt\u00e9k, hogy meg\u0151rz\u00e9sre \u00e9s bemutat\u00e1sra \u00e9rdemes az a gazdag<br \/>\negyh\u00e1zt\u00f6rt\u00e9neti anyag, ami a templomban \u00e9s a pl\u00e9b\u00e1ni\u00e1n<br \/>\nfellelhet\u0151. A t\u00e1rlat megval\u00f3s\u00edt\u00e1s\u00e1hoz a szakmai<br \/>\nseg\u00edts\u00e9gny\u00fajt\u00e1st a Marcali V\u00e1rosi Helyt\u00f6rt\u00e9neti M\u00fazeum<br \/>\nmunkat\u00e1rsai v\u00e1llalt\u00e1k.<\/p>\n<p style=\"text-align: center;\">A ki\u00e1ll\u00edt\u00e1s l\u00e9trej\u00f6tt\u00e9nek els\u0151 \u00e1llom\u00e1sak\u00e9nt a Nemzeti<br \/>\nKultur\u00e1lis Alapprogram M\u00fazeumi Szakmai Koll\u00e9gium\u00e1hoz<br \/>\nny\u00fajtott be a m\u00fazeum egy komplex p\u00e1ly\u00e1zati anyagot (a<br \/>\nki\u00e1ll\u00edt\u00e1s lektor\u00e1lt forgat\u00f3k\u00f6nyv\u00e9vel, l\u00e1tv\u00e1nyterv\u00e9vel,<br \/>\nr\u00e9szletes k\u00f6lts\u00e9gvet\u00e9s\u00e9vel). Egy tov\u00e1bbi p\u00e1ly\u00e1zat keret\u00e9ben<br \/>\na bemutat\u00e1sra sz\u00e1nt textilanyagok restaur\u00e1l\u00e1si k\u00f6lts\u00e9geihez<br \/>\npr\u00f3b\u00e1ltunk forr\u00e1st teremteni. Mindk\u00e9t p\u00e1ly\u00e1zat b\u00edr\u00e1l\u00f3<br \/>\nbizotts\u00e1ga m\u00e9lt\u00f3nak tal\u00e1lta a ki\u00e1ll\u00edt\u00e1s-tervezetet a<br \/>\nt\u00e1mogat\u00e1sra, \u00edgy &#8211; a v\u00e1llalt \u00f6nr\u00e9szekkel egy\u00fctt &#8211;<br \/>\nmegteremt\u0151dtek a t\u00e1rlat anyagi felt\u00e9telei, s megkezd\u0151dhettek<br \/>\na t\u00e9nyleges el\u0151k\u00e9sz\u00edt\u0151 munk\u00e1latok (kegyt\u00e1rgyak restaur\u00e1l\u00e1sa,<br \/>\naz orat\u00f3rium ki\u00e1ll\u00edt\u00f3helly\u00e9 alak\u00edt\u00e1sa).<\/p>\n<p style=\"text-align: center;\">A ki\u00e1ll\u00edt\u00f3t\u00e9r fel\u00faj\u00edtott, kem\u00e9nyfa burkolat\u00fa l\u00e9pcs\u0151n<br \/>\nk\u00f6zel\u00edthet\u0151 meg. A felj\u00e1r\u00f3b\u00f3l egy el\u0151t\u00e9rbe \u00e9rkezik a<br \/>\nl\u00e1togat\u00f3, majd ezt k\u00f6vet\u0151en l\u00e9p be az orat\u00f3riumba. Az<br \/>\n\u00e1lland\u00f3 t\u00e1rlat ebben a k\u00e9t helyis\u00e9gben ker\u00fcl kialak\u00edt\u00e1sra,<br \/>\nde tematik\u00e1j\u00e1t tekintve szervesen kapcsol\u00f3d\u00f3 egys\u00e9gekb\u0151l<br \/>\n\u00e9p\u00fcl fel. Az al\u00e1bbiakban r\u00f6viden bemutatom azt a szakmai<br \/>\nkoncepci\u00f3t, amelyet a ki\u00e1ll\u00edt\u00e1s rendez\u00e9se sor\u00e1n k\u00f6vetni fogunk.<br \/>\nAz el\u0151t\u00e9rben annak a csal\u00e1di otthonnak a vall\u00e1sos t\u00e1rgyai<br \/>\nkapnak helyet, ahonnan az ember (a gyermek) \u00e9let\u00fatja indul.<br \/>\nAz ide \u00e9rkez\u0151 l\u00e1togat\u00f3 azokkal a szakr\u00e1lis t\u00e1rgyakkal,<br \/>\nilletve az egy\u00e9ni vall\u00e1soss\u00e1g kell\u00e9keivel tal\u00e1lkozik,<br \/>\namelyek java r\u00e9sz\u00e9t a katolikus h\u00edvek bocs\u00e1tott\u00e1k a<br \/>\nki\u00e1ll\u00edt\u00e1s rendelkez\u00e9s\u00e9re. (Ez\u00faton is k\u00f6sz\u00f6netet mondunk<br \/>\nseg\u00edts\u00e9g\u00fck\u00e9rt.)<\/p>\n<p style=\"text-align: center;\">A &#8222;csal\u00e1di szf\u00e9ra&#8221; vall\u00e1sos l\u00e9gk\u00f6r\u00e9t jelk\u00e9pez\u0151 el\u0151t\u00e9rb\u0151l<br \/>\nl\u00e9p\u00fcnk az orat\u00f3riumba &#8211; ahogy az egy\u00e9ni \u00e9let\u00fat sor\u00e1n a<br \/>\ngyermek a csal\u00e1db\u00f3l az iskol\u00e1ba ker\u00fcl, s a vall\u00e1sos nevel\u00e9s<br \/>\neredm\u00e9nyek\u00e9nt az egyh\u00e1zk\u00f6zs\u00e9g tagj\u00e1v\u00e1 v\u00e1lik. Ebben a t\u00e9rben<br \/>\na marcali pl\u00e9b\u00e1nia \u00e9s templom t\u00f6rt\u00e9net\u00e9nek r\u00e9sz\u00e9t k\u00e9pez\u0151<br \/>\nt\u00e1rgyi eml\u00e9kek, dokumentumok, valamint az egyh\u00e1zi oktat\u00e1s<br \/>\nm\u00faltj\u00e1b\u00f3l sz\u00e1rmaz\u00f3 kell\u00e9kek t\u00e1rulnak a l\u00e1togat\u00f3 el\u00e9. A<br \/>\nteljess\u00e9g ig\u00e9nye n\u00e9lk\u00fcl felsorolok n\u00e9h\u00e1ny jelent\u0151sebb<br \/>\nt\u00e1rgycsoportot: v\u00e1logat\u00e1st adunk a templom<br \/>\nmiseruha-gy\u0171jtem\u00e9ny\u00e9b\u0151l, felvonultatva a legfontosabb<br \/>\nliturgikus sz\u00edneket; bemutatjuk a legszebb templomi<br \/>\nz\u00e1szl\u00f3kat \u00e9s liturgikus kell\u00e9kt\u00e1rgyakat; valamint a pl\u00e9b\u00e1nia<br \/>\nk\u00f6nyv- \u00e9s dokumentumgy\u0171jtem\u00e9ny\u00e9nek n\u00e9h\u00e1ny k\u00fcl\u00f6nleges<br \/>\ndarabj\u00e1t; tov\u00e1bb\u00e1 megeml\u00e9kez\u00fcnk az orat\u00f3rium egykori<br \/>\nhittanterem funkci\u00f3j\u00e1r\u00f3l is.<\/p>\n<p style=\"text-align: center;\">Az egyh\u00e1zt\u00f6rt\u00e9neti \u00e1lland\u00f3 t\u00e1rlat helysz\u00edne, mint<\/p>\n<p style=\"text-align: center;\">ki\u00e1ll\u00edt\u00f3hely igaz\u00e1n kedvez\u0151 adotts\u00e1gokkal rendelkezik.<br \/>\nNagyon el\u0151ny\u00f6s az a felt\u00e9tel, hogy a templom f\u0151haj\u00f3j\u00e1t\u00f3l<br \/>\nf\u00fcggetlen\u00fcl is megk\u00f6zel\u00edthet\u0151, hiszen k\u00f6zvetlen kapcsolata<br \/>\nvan a v\u00e1ros f\u0151ter\u00e9vel. \u00cdgy ak\u00e1r \u00f6n\u00e1ll\u00f3 nyitva tart\u00e1si id\u0151vel<br \/>\nis rendelkezhet a ki\u00e1ll\u00edt\u00e1s.<\/p>\n<p style=\"text-align: center;\">Elmondhat\u00f3, hogy a t\u00e1rlat megval\u00f3sul\u00e1s\u00e1val kiemelked\u0151<br \/>\njelent\u0151s\u00e9g\u0171 ki\u00e1ll\u00edt\u00e1s j\u00f6tt l\u00e9tre Marcaliban, amely a v\u00e1ros,<br \/>\ntov\u00e1bb\u00e1 a Marcali kist\u00e9rs\u00e9g kultur\u00e1lis \u00e9rt\u00e9keit gazdag\u00edtja,<br \/>\ns\u0151t a magyarorsz\u00e1gi vall\u00e1si turizmus &#8222;v\u00e9rkering\u00e9s\u00e9be&#8221;<br \/>\nbekapcsol\u00f3dva orsz\u00e1gos szinten is turisztikai c\u00e9lpontt\u00e1<br \/>\nv\u00e1lhat a telep\u00fcl\u00e9s.<\/p>\n<p style=\"text-align: center;\">A ki\u00e1ll\u00edt\u00e1s megnyit\u00f3j\u00e1nak id\u0151pontja: 2004. november 13.<br \/>\n(Megeml\u00e9kezve arra, hogy 1404-ben, Szent \u00c1nyos p\u00fcsp\u00f6k<br \/>\ntisztelet\u00e9re, templomot szenteltek Marcaliban. Szent \u00c1nyos<br \/>\n\u00fcnnepe: november 17.)<\/p>\n<p style=\"text-align: center;\">Vid\u00e1k T\u00fcnde<br \/>\nmuzeol\u00f3gus<\/p>\n<div id='gallery-1' class='gallery galleryid-30 gallery-columns-3 gallery-size-thumbnail'><figure class='gallery-item'>\n\t\t\t<div class='gallery-icon landscape'>\n\t\t\t\t<a href='https:\/\/marcali.plebania.hu\/?attachment_id=101'><img loading=\"lazy\" decoding=\"async\" width=\"150\" height=\"150\" src=\"https:\/\/marcali.plebania.hu\/wp-content\/uploads\/2018\/04\/DSCN1443-150x150.jpg\" class=\"attachment-thumbnail size-thumbnail\" alt=\"\" \/><\/a>\n\t\t\t<\/div><\/figure><figure class='gallery-item'>\n\t\t\t<div class='gallery-icon landscape'>\n\t\t\t\t<a href='https:\/\/marcali.plebania.hu\/?attachment_id=102'><img loading=\"lazy\" decoding=\"async\" width=\"150\" height=\"150\" src=\"https:\/\/marcali.plebania.hu\/wp-content\/uploads\/2018\/04\/DSCN1444-150x150.jpg\" class=\"attachment-thumbnail size-thumbnail\" alt=\"\" \/><\/a>\n\t\t\t<\/div><\/figure><figure class='gallery-item'>\n\t\t\t<div class='gallery-icon landscape'>\n\t\t\t\t<a href='https:\/\/marcali.plebania.hu\/?attachment_id=103'><img loading=\"lazy\" decoding=\"async\" width=\"150\" height=\"150\" src=\"https:\/\/marcali.plebania.hu\/wp-content\/uploads\/2018\/04\/DSCN1445-150x150.jpg\" class=\"attachment-thumbnail size-thumbnail\" alt=\"\" \/><\/a>\n\t\t\t<\/div><\/figure><figure class='gallery-item'>\n\t\t\t<div class='gallery-icon landscape'>\n\t\t\t\t<a href='https:\/\/marcali.plebania.hu\/?attachment_id=104'><img loading=\"lazy\" decoding=\"async\" width=\"150\" height=\"150\" src=\"https:\/\/marcali.plebania.hu\/wp-content\/uploads\/2018\/04\/DSCN1446-150x150.jpg\" class=\"attachment-thumbnail size-thumbnail\" alt=\"\" \/><\/a>\n\t\t\t<\/div><\/figure><figure class='gallery-item'>\n\t\t\t<div class='gallery-icon landscape'>\n\t\t\t\t<a href='https:\/\/marcali.plebania.hu\/?attachment_id=105'><img loading=\"lazy\" decoding=\"async\" width=\"150\" height=\"150\" src=\"https:\/\/marcali.plebania.hu\/wp-content\/uploads\/2018\/04\/DSCN1447-150x150.jpg\" class=\"attachment-thumbnail size-thumbnail\" alt=\"\" \/><\/a>\n\t\t\t<\/div><\/figure>\n\t\t<\/div>\n\n","protected":false},"excerpt":{"rendered":"<p>K\u00fcl\u00f6nleges ki\u00e1ll\u00edt\u00e1ssal gazdagodott Marcali v\u00e1rosa: a pl\u00e9b\u00e1niatemplom orat\u00f3rium\u00e1ban egyh\u00e1zt\u00f6rt\u00e9neti \u00e1lland\u00f3 t\u00e1rlat megrendez\u00e9s\u00e9re ker\u00fclt sor. A ki\u00e1ll\u00edt\u00e1s l\u00e9trehoz\u00e1s\u00e1nak gondolata a marcali h\u00edvekben, az egyh\u00e1zk\u00f6zs\u00e9g tagjaiban fogalmaz\u00f3dott meg el\u0151sz\u00f6r, mert \u00fagy \u00e9rezt\u00e9k, hogy meg\u0151rz\u00e9sre \u00e9s bemutat\u00e1sra \u00e9rdemes az a gazdag egyh\u00e1zt\u00f6rt\u00e9neti anyag, ami a templomban \u00e9s a pl\u00e9b\u00e1ni\u00e1n fellelhet\u0151. A t\u00e1rlat megval\u00f3s\u00edt\u00e1s\u00e1hoz a szakmai seg\u00edts\u00e9gny\u00fajt\u00e1st a Marcali V\u00e1rosi Helyt\u00f6rt\u00e9neti M\u00fazeum munkat\u00e1rsai v\u00e1llalt\u00e1k. A ki\u00e1ll\u00edt\u00e1s l\u00e9trej\u00f6tt\u00e9nek els\u0151 \u00e1llom\u00e1sak\u00e9nt a Nemzeti Kultur\u00e1lis Alapprogram M\u00fazeumi Szakmai Koll\u00e9gium\u00e1hoz ny\u00fajtott be a m\u00fazeum egy komplex p\u00e1ly\u00e1zati anyagot&#8230;<\/p>\n<p class=\"read-more\"><a class=\"btn btn-default\" href=\"https:\/\/marcali.plebania.hu\/?page_id=30\"> Read More<span class=\"screen-reader-text\">  Read More<\/span><\/a><\/p>\n","protected":false},"author":1,"featured_media":0,"parent":8,"menu_order":0,"comment_status":"closed","ping_status":"closed","template":"","meta":{"footnotes":""},"class_list":["post-30","page","type-page","status-publish","hentry"],"_links":{"self":[{"href":"https:\/\/marcali.plebania.hu\/index.php?rest_route=\/wp\/v2\/pages\/30","targetHints":{"allow":["GET"]}}],"collection":[{"href":"https:\/\/marcali.plebania.hu\/index.php?rest_route=\/wp\/v2\/pages"}],"about":[{"href":"https:\/\/marcali.plebania.hu\/index.php?rest_route=\/wp\/v2\/types\/page"}],"author":[{"embeddable":true,"href":"https:\/\/marcali.plebania.hu\/index.php?rest_route=\/wp\/v2\/users\/1"}],"replies":[{"embeddable":true,"href":"https:\/\/marcali.plebania.hu\/index.php?rest_route=%2Fwp%2Fv2%2Fcomments&post=30"}],"version-history":[{"count":6,"href":"https:\/\/marcali.plebania.hu\/index.php?rest_route=\/wp\/v2\/pages\/30\/revisions"}],"predecessor-version":[{"id":5087,"href":"https:\/\/marcali.plebania.hu\/index.php?rest_route=\/wp\/v2\/pages\/30\/revisions\/5087"}],"up":[{"embeddable":true,"href":"https:\/\/marcali.plebania.hu\/index.php?rest_route=\/wp\/v2\/pages\/8"}],"wp:attachment":[{"href":"https:\/\/marcali.plebania.hu\/index.php?rest_route=%2Fwp%2Fv2%2Fmedia&parent=30"}],"curies":[{"name":"wp","href":"https:\/\/api.w.org\/{rel}","templated":true}]}}