{"id":38,"date":"2018-04-14T07:53:32","date_gmt":"2018-04-14T07:53:32","guid":{"rendered":"https:\/\/marcali.plebania.hu\/?page_id=38"},"modified":"2023-10-26T09:37:59","modified_gmt":"2023-10-26T09:37:59","slug":"plebaniatemplom","status":"publish","type":"page","link":"https:\/\/marcali.plebania.hu\/?page_id=38","title":{"rendered":"Pl\u00e9b\u00e1niatemplom"},"content":{"rendered":"<p><img loading=\"lazy\" decoding=\"async\" class=\"aligncenter wp-image-113 size-medium\" src=\"https:\/\/marcali.plebania.hu\/wp-content\/uploads\/2018\/04\/pltp-300x298.jpg\" alt=\"\" width=\"300\" height=\"298\" srcset=\"https:\/\/marcali.plebania.hu\/wp-content\/uploads\/2018\/04\/pltp-300x298.jpg 300w, https:\/\/marcali.plebania.hu\/wp-content\/uploads\/2018\/04\/pltp-150x150.jpg 150w, https:\/\/marcali.plebania.hu\/wp-content\/uploads\/2018\/04\/pltp-768x762.jpg 768w, https:\/\/marcali.plebania.hu\/wp-content\/uploads\/2018\/04\/pltp-272x270.jpg 272w, https:\/\/marcali.plebania.hu\/wp-content\/uploads\/2018\/04\/pltp.jpg 1010w\" sizes=\"auto, (max-width: 300px) 100vw, 300px\" \/><\/p>\n<p><strong>Alap\u00edtva<\/strong>: 1722<br \/>\n<strong>Anyak\u00f6nyvez\u00e9s<\/strong>: 1724-t\u0151l<br \/>\n<strong>Titulusa:<\/strong> Gy\u00fcm\u00f6lcsolt\u00f3 Boldogasszony<br \/>\n<strong>B\u00facs\u00fa napja<\/strong>: m\u00e1rcius 25.<br \/>\n<strong>Szents\u00e9gim\u00e1d\u00e1s napja<\/strong>: j\u00falius 9.<br \/>\n<strong>R\u00f3zsaf\u00fcz\u00e9r napja:<\/strong> janu\u00e1r 1.<\/p>\n<p>Marcalit, mint telep\u00fcl\u00e9st\u00a01274-ben eml\u00edti egy okirat.\u00a01455-ben Szent \u00c1nyos p\u00fcsp\u00f6k tisztelet\u00e9re templomot szenteltek. Marcali k\u00f6zels\u00e9g\u00e9ben\u00a0p\u00e1los remetes\u00e9g\u00a0is l\u00e9tezett. A t\u00f6r\u00f6k id\u0151kr\u0151l Marcalira vonatkoz\u00f3lag kev\u00e9s biztos adatunk van. A t\u00f6r\u00f6k id\u0151k ut\u00e1n 1722-ben szervezt\u00e9k \u00fajj\u00e1 a pl\u00e9b\u00e1ni\u00e1t.\u00a0Anyak\u00f6nyvez\u00e9s 1724-t\u0151l kezdve l\u00e9tezik. A templomot 1730 k\u00f6r\u00fcl \u00e9p\u00edtett\u00e9k \u00fajj\u00e1. Szent\u00e9ly\u00e9t 1897-1898-ban \u00e9p\u00edtett\u00e9k \u00e1t. Tov\u00e1bbi \u00e9p\u00edt\u00e9s\u00e9t a k\u00e9t vil\u00e1gh\u00e1bor\u00fa megakad\u00e1lyozta. A torony 1929-ben kapott betonsisakot. A templom egyhaj\u00f3s, haj\u00f3j\u00e1val azonos sz\u00e9less\u00e9g\u0171, trap\u00e9zz\u00e1r\u00f3d\u00e1s\u00fa szent\u00e9ly. F\u0151homlokzat el\u0151tt h\u00e1romszintes torony falazott, tagolt sisakkal. A d\u00e9li homlokzaton k\u00e9tszintes l\u00e9pcs\u0151s g\u00f3tikus t\u00e1mpill\u00e9rek, falazott g\u00f3tikus bej\u00e1rat. Szent\u00e9lye a haj\u00f3n\u00e1l magasabb, homlokzata liz\u00e9n\u00e1kkal &#8211; a fal s\u00edkj\u00e1b\u00f3l alig kiemelked\u0151 d\u00edsz\u00edt\u0151 jelleg\u0171 pill\u00e9rszer\u0171 s\u00e1v &#8211; tagolt, d\u00e9li oldal\u00e1n kegy\u00fari orat\u00f3rium, \u00e9szaki oldal\u00e1n sekrestye. A haj\u00f3ban h\u00e1rom sz\u00e9lesebb \u00e9s h\u00e1rom keskenyebb szakaszos fi\u00f3kos dongaboltozat. Szent\u00e9ly\u00e9ben k\u00e9t csehboltozat \u00e9s hevederekkel tagolt f\u00e9lkupola. A sekrestye \u00e9s el\u0151t\u00e9r csehboltozatos. Haj\u00f3ban h\u00e1romny\u00edl\u00e1sos fi\u00f3kos dong\u00e1val al\u00e1t\u00e1masztott karzat. Bej\u00e1rati kapusz\u00e1rnyak barokk-koriak.<br \/>\nA templom m\u00e9rete: torony alatti el\u0151csarnok 3X4 m\u00e9ter. Haj\u00f3 27X8 m\u00e9ter. A haj\u00f3 torony fel\u0151li sz\u00e9lesebb boltszakaszai 5 \u00e9s f\u00e9l m\u00e9teresek; a szent\u00e9ly fel\u0151li keskenyebbek\u00e9 3 \u00e9s f\u00e9l m\u00e9teresek. A templom f\u00e9r\u0151helye kb.: 400 f\u0151. A XVIII. Sz\u00e1zadi \u00f3rap\u00e1rk\u00e1nyos torony 25 m\u00e9ter magas. K\u00e9t harangja k\u00f6z\u00fcl a nagyobbik 5 m\u00e1zs\u00e1s. Felirata szerint: \u201e\u00f6ntetett Pest v\u00e1ros\u00e1ban 1836. Eszt. \u00d6nt\u00f6tte Eberhard Henrik\u201d Sz\u00e9ch\u00e9nyi P\u00e1l gr\u00f3f \u00e9s a h\u00edvek k\u00f6lts\u00e9g\u00e9n. A kisebbik harang 1 m\u00e1zs\u00e1s. Felirata: \u201eMagyarok Nagyasszonya k\u00f6ny\u00f6r\u00f6gj \u00e9rett\u00fcnk\u201d. K\u00e9sz\u00fclt 1925-ben.<br \/>\nA f\u0151olt\u00e1r jelz\u00e9se: \u0084Dittenberger\u0094 B\u00e9csb\u0151l val\u00f3 m\u0171\u00e9rt\u00e9k. Az ,,Angyali \u00fcdv\u00f6zlet\u0094-et \u00e1br\u00e1zolja. Fest\u0151je:\u00a0Hans Gust\u00e1v Dittenberger. N\u00e9metorsz\u00e1g Baden fejedelems\u00e9g\u00e9ben sz\u00fcletett 1794-ben \u00e9s Moszkv\u00e1ban halt meg 1879-ben. Heidelbergben v\u00e9gezte iskol\u00e1it. 1831-ben. 1836-1850 k\u00f6z\u00f6tt B\u00e9csben lakott. Az 1860-as \u00e9vekben Moszkv\u00e1ba k\u00f6lt\u00f6zik. Itt telepedik le \u00e9s majd itt is hal meg.<br \/>\nDittenberger \u00e1ltal k\u00e9sz\u00edtett olt\u00e1rk\u00e9pet 1933-ban Medek Gyula fest\u0151m\u0171v\u00e9sz restaur\u00e1lta. Szint\u00e9n \u0151 hozta rendbe a haj\u00f3 \u00e9szaki fal\u00e1n &#8211; k\u00f6zel a k\u00f3rushoz &#8211; f\u00fcgg\u0151 m\u00e1sik k\u00e9pet is, melynek alkot\u00f3ja Jakobey K\u00e1roly. Az 1873-b\u00f3l sz\u00e1rmaz\u00f3 olajfestm\u00e9ny a R\u00f3zsaf\u00fcz\u00e9r kir\u00e1lyn\u0151j\u00e9t \u00e1br\u00e1zolja.<br \/>\nA templom el\u00e9 1884-ben\u00a0Kov\u00e1ts Vendel\u00a0marcali f\u00f6ldm\u0171ves\u00a0Szenth\u00e1roms\u00e1g szobrot\u00a0\u00e1ll\u00edttatott. K\u00e9sz\u00edt\u0151je\u00a0Horv\u00e1th S\u00e1ndor\u00a0keszthelyi k\u0151farag\u00f3 mester volt.<br \/>\nA templom \u00e9szaki oldal\u00e1n \u00e1ll\u00f3 kereszt eredetileg a nyugati f\u0151bej\u00e1rat el\u0151tt \u00e1llt, amelynek \u00e1thelyez\u00e9se a templomt\u00e9r rendez\u00e9se folyt\u00e1n, 1975-ben t\u00f6rt\u00e9nt.<br \/>\nTemplomunk liturgikus ter\u00e9nek \u00e1trendez\u00e9s\u00e9re 1975-76 \u00e9vben ker\u00fcl sor.<br \/>\n\u00dajabb fejezet kezd\u0151d\u00f6tt a rendszerv\u00e1ltoz\u00e1s ut\u00e1n templomunk t\u00f6rt\u00e9net\u00e9ben, a 2000-ik jubileumi szent\u00e9vre teljesen megsz\u00e9p\u00fclt k\u00fcls\u0151vel k\u00f6sz\u00f6nt\u00f6tte az ezredfordul\u00f3t, \u00faj t\u00f6lgyfa ny\u00edl\u00e1sz\u00e1r\u00f3k k\u00e9sz\u00fcltek. A jubileumi szent\u00e9vben az \u00faj ajt\u00f3n l\u00e9pt\u00fck \u00e1t a templom k\u00fcsz\u00f6b\u00e9t. Majd az \u00dar 2002-ik \u00e9v\u00e9ben megsz\u00e9p\u00fclt a templombels\u0151: falszigetel\u00e9st \u00e9s bels\u0151 fest\u00e9st v\u00e9gzett Arat\u00f3 J\u00f3zsef kaposv\u00e1ri v\u00e1llalkoz\u00f3. A templom fel\u00faj\u00edt\u00e1s Kiss Iv\u00e1n esperes-pl\u00e9b\u00e1nos \u00e9s Kir\u00e1ly Jen\u0151 templomatya ir\u00e1ny\u00edt\u00e1s\u00e1val t\u00f6rt\u00e9nt. K\u00f6zben a templom \u00faj BOSE hangos\u00edt\u00f3 berendez\u00e9st kapott, hogy a liturgia \u00e9rthet\u0151bb legyen. A templomban gy\u00f6ny\u00f6r\u0171 ter\u00edt\u0151k \u00e9s miseruh\u00e1k k\u00e9sz\u00fcltek a J\u00e9zus Testv\u00e9rei Kisk\u00f6z\u00f6ss\u00e9g munk\u00e1j\u00e1val. Ezzel egy\u00fctt templomunk hit\u00e9lete is sokat v\u00e1ltozott a kisk\u00f6z\u00f6ss\u00e9gek (Szent Erzs\u00e9bet Imak\u00f6r, J\u00e9zus Testv\u00e9rei Kisk\u00f6z\u00f6ss\u00e9g, X-es fiatalok, r\u00f3zsaf\u00fcz\u00e9r t\u00e1rsulatok) megalakul\u00e1sa folyt\u00e1n.<br \/>\nK\u00f6zben elk\u00e9sz\u00fclt a templom\u00a0k\u00fcls\u0151 megvil\u00e1g\u00edt\u00e1sa.<br \/>\n2003-ban a\u00a0Marcali V\u00e1rosi \u00d6nkorm\u00e1nyzat\u00a0Content t\u00edpus\u00fa, 52 regiszteres orgon\u00e1t\u00a0aj\u00e1nd\u00e9kozott a templomnak.<br \/>\nA templom\u00a0t\u00f6bb fontos esem\u00e9ny\u00a0helysz\u00edne: mindennap szentmise, ima\u00f3r\u00e1k, \u00fcnneps\u00e9gek, els\u0151\u00e1ldoz\u00e1sok, b\u00e9rm\u00e1l\u00e1sok, koncertek. A Magyar R\u00e1di\u00f3 hat alkalommal is Marcalib\u00f3l k\u00f6zvet\u00edtette \u00e9l\u0151ben a vas\u00e1rnapi szentmis\u00e9t.<br \/>\n2004-ben ism\u00e9t megval\u00f3sul egy \u00fajabb \u00e1lom: A Nemzeti Kultur\u00e1lis Alap \u00e9s a V\u00e1rosi Helyt\u00f6rt\u00e9neti M\u00fazeummal k\u00f6z\u00f6s p\u00e1ly\u00e1zattal egyh\u00e1zk\u00f6zs\u00e9gi m\u00fazeumot l\u00e9tes\u00edt\u00fcnk a templom orat\u00f3rium\u00e1ban. Az orat\u00f3rium egyik term\u00e9ben a k\u00f6rny\u00e9k n\u00e9pi vall\u00e1soss\u00e1g t\u00e1rgyi eml\u00e9keit helyezt\u00fck el, m\u00edg a nagyobbik helys\u00e9gben bemutat\u00e1sra ker\u00fcltek r\u00e9gi z\u00e1szl\u00f3ink, a miseruh\u00e1k, templomi haszn\u00e1lati t\u00e1rgyak, kelyhek, szents\u00e9gtart\u00f3k, k\u00fcl\u00f6nf\u00e9le liturgikus t\u00e1rgyak \u00e9s a pl\u00e9b\u00e1nia legr\u00e9gebbi k\u00f6nyvei. Az \u00e1lland\u00f3 ki\u00e1ll\u00edt\u00e1s egyik sark\u00e1ban egy fot\u00f3ki\u00e1ll\u00edt\u00e1s az elm\u00falt \u00e9vsz\u00e1zadot \u00f6leli fel k\u00e9pekben: az egyh\u00e1zk\u00f6zs\u00e9g \u00e9let\u00e9t az els\u0151\u00e1ldoz\u00e1st\u00f3l a sz\u00ednj\u00e1tsz\u00f3 k\u00f6r\u00f6kig. A ki\u00e1ll\u00edt\u00e1s egy r\u00e9sze eml\u00e9keztet a terem kor\u00e1bbi funkci\u00f3j\u00e1ra, amikor a diktat\u00fara \u00e9veiben ide volt beszor\u00edtva a hitoktat\u00e1s. A ki\u00e1ll\u00edt\u00e1s a pl\u00e9b\u00e1nia nyitvatart\u00e1si idej\u00e9ben l\u00e1togathat\u00f3.<br \/>\n2004-ben egy sz\u00e9p\u00a0M\u00e1ria szobor\u00a0ker\u00fclt a templomba: egyik nagylelk\u0171 h\u00edv\u0151nk adom\u00e1ny\u00e1b\u00f3l, amely\u00a0Fatim\u00e1b\u00f3l \u00e9rkezett\u00a0faszobor, \u00e9s a fatimai kegyszobor hiteles m\u00e1solata. Vida Endr\u00e9n\u00e9 k\u0151farag\u00f3 m\u00e1rv\u00e1nyolt\u00e1rt \u00e9p\u00edtett a szobor al\u00e1.<br \/>\nEzen k\u00edv\u00fcl Koll\u00e1r R\u00f3bert villamosm\u00e9rn\u00f6k\u00fcnk tervei alapj\u00e1n elk\u00e9sz\u00fclt a templom\u00a0\u00faj d\u00edszkivil\u00e1g\u00edt\u00e1sa\u00a0is.<br \/>\nTov\u00e1bb\u00e1 elkezdt\u00fck\u00a0\u00faj templomi padjaink k\u00e9sz\u00edt\u00e9s\u00e9t \u00e9s cser\u00e9j\u00e9t. Az Erd\u00e9lyben k\u00e9sz\u00fclt padok 2004 \u00e1dventj\u00e9re \u00e9rkeztek meg hozz\u00e1nk.<br \/>\n2005-ben \u00faj ker\u00e1miaf\u0171t\u00e9ssel gazdagodott a pl\u00e9b\u00e1niatemplom.<\/p>\n<p>2007. febru\u00e1r 4-\u00e9n megd\u0151lt a pl\u00e9b\u00e1niatemplom torny\u00e1nak r\u00e9gi keresztje, ez\u00e9rt le kellett venni. Egy h\u00f3nap m\u00falva &#8211; a Kir\u00e1ly Fiv\u00e9rek Kft. M\u0171hely\u00e9ben &#8211; \u00faj kereszt k\u00e9sz\u00fclt, \u00e9s m\u00e1rcius 6-\u00e1n a t\u0171zolt\u00f3k tett\u00e9k hely\u00e9re a kett\u0151s keresztet. A r\u00e9gi keresztet &#8211; fel\u00faj\u00edt\u00e1s ut\u00e1n &#8211; az egyh\u00e1zk\u00f6zs\u00e9gi m\u00fazeumban \u00e1ll\u00edtottuk ki. \u00c1prilis 1-\u00e9n (Vir\u00e1gvas\u00e1rnap) p\u00fcsp\u00f6ki szentmis\u00e9n \u00fcnnepelt\u00fck Marcali v\u00e1ross\u00e1 avat\u00e1s\u00e1nak 30. \u00e9vfordul\u00f3j\u00e1t. Ezt a szentmis\u00e9t l\u00e1thatt\u00e1k el\u0151sz\u00f6r \u00e9l\u0151ben a marcaliak az \u00faj mikrohull\u00e1m\u00fa \u00e1tj\u00e1tsz\u00f3 ad\u00f3 seg\u00edts\u00e9g\u00e9vel a Marcali V\u00e1rosi Telev\u00edzi\u00f3ban. Ett\u0151l kezdve minden vas\u00e1rnap a d\u00e9lel\u0151tti szentmis\u00e9t \u00e9l\u0151ben k\u00f6zvet\u00edti a Marcali Telev\u00edzi\u00f3.<\/p>\n<p><img loading=\"lazy\" decoding=\"async\" class=\"size-full wp-image-114 aligncenter\" src=\"https:\/\/marcali.plebania.hu\/wp-content\/uploads\/2018\/04\/pltp_belul.gif\" alt=\"\" width=\"300\" height=\"201\" \/><\/p>\n","protected":false},"excerpt":{"rendered":"<p>Alap\u00edtva: 1722 Anyak\u00f6nyvez\u00e9s: 1724-t\u0151l Titulusa: Gy\u00fcm\u00f6lcsolt\u00f3 Boldogasszony B\u00facs\u00fa napja: m\u00e1rcius 25. Szents\u00e9gim\u00e1d\u00e1s napja: j\u00falius 9. R\u00f3zsaf\u00fcz\u00e9r napja: janu\u00e1r 1. Marcalit, mint telep\u00fcl\u00e9st\u00a01274-ben eml\u00edti egy okirat.\u00a01455-ben Szent \u00c1nyos p\u00fcsp\u00f6k tisztelet\u00e9re templomot szenteltek. Marcali k\u00f6zels\u00e9g\u00e9ben\u00a0p\u00e1los remetes\u00e9g\u00a0is l\u00e9tezett. A t\u00f6r\u00f6k id\u0151kr\u0151l Marcalira vonatkoz\u00f3lag kev\u00e9s biztos adatunk van. A t\u00f6r\u00f6k id\u0151k ut\u00e1n 1722-ben szervezt\u00e9k \u00fajj\u00e1 a pl\u00e9b\u00e1ni\u00e1t.\u00a0Anyak\u00f6nyvez\u00e9s 1724-t\u0151l kezdve l\u00e9tezik. A templomot 1730 k\u00f6r\u00fcl \u00e9p\u00edtett\u00e9k \u00fajj\u00e1. Szent\u00e9ly\u00e9t 1897-1898-ban \u00e9p\u00edtett\u00e9k \u00e1t. Tov\u00e1bbi \u00e9p\u00edt\u00e9s\u00e9t a k\u00e9t vil\u00e1gh\u00e1bor\u00fa megakad\u00e1lyozta. A torony 1929-ben kapott betonsisakot. A templom egyhaj\u00f3s,&#8230;<\/p>\n<p class=\"read-more\"><a class=\"btn btn-default\" href=\"https:\/\/marcali.plebania.hu\/?page_id=38\"> Read More<span class=\"screen-reader-text\">  Read More<\/span><\/a><\/p>\n","protected":false},"author":1,"featured_media":0,"parent":12,"menu_order":0,"comment_status":"closed","ping_status":"closed","template":"","meta":{"footnotes":""},"class_list":["post-38","page","type-page","status-publish","hentry"],"_links":{"self":[{"href":"https:\/\/marcali.plebania.hu\/index.php?rest_route=\/wp\/v2\/pages\/38","targetHints":{"allow":["GET"]}}],"collection":[{"href":"https:\/\/marcali.plebania.hu\/index.php?rest_route=\/wp\/v2\/pages"}],"about":[{"href":"https:\/\/marcali.plebania.hu\/index.php?rest_route=\/wp\/v2\/types\/page"}],"author":[{"embeddable":true,"href":"https:\/\/marcali.plebania.hu\/index.php?rest_route=\/wp\/v2\/users\/1"}],"replies":[{"embeddable":true,"href":"https:\/\/marcali.plebania.hu\/index.php?rest_route=%2Fwp%2Fv2%2Fcomments&post=38"}],"version-history":[{"count":9,"href":"https:\/\/marcali.plebania.hu\/index.php?rest_route=\/wp\/v2\/pages\/38\/revisions"}],"predecessor-version":[{"id":5106,"href":"https:\/\/marcali.plebania.hu\/index.php?rest_route=\/wp\/v2\/pages\/38\/revisions\/5106"}],"up":[{"embeddable":true,"href":"https:\/\/marcali.plebania.hu\/index.php?rest_route=\/wp\/v2\/pages\/12"}],"wp:attachment":[{"href":"https:\/\/marcali.plebania.hu\/index.php?rest_route=%2Fwp%2Fv2%2Fmedia&parent=38"}],"curies":[{"name":"wp","href":"https:\/\/api.w.org\/{rel}","templated":true}]}}