{"id":42,"date":"2018-04-14T07:54:20","date_gmt":"2018-04-14T07:54:20","guid":{"rendered":"https:\/\/marcali.plebania.hu\/?page_id=42"},"modified":"2023-10-24T20:37:33","modified_gmt":"2023-10-24T20:37:33","slug":"marcali-gomba","status":"publish","type":"page","link":"https:\/\/marcali.plebania.hu\/?page_id=42","title":{"rendered":"Marcali-Gomba"},"content":{"rendered":"<p><img loading=\"lazy\" decoding=\"async\" class=\"wp-image-126 aligncenter\" src=\"https:\/\/marcali.plebania.hu\/wp-content\/uploads\/2018\/04\/gomba.jpg\" alt=\"\" width=\"459\" height=\"652\" srcset=\"https:\/\/marcali.plebania.hu\/wp-content\/uploads\/2018\/04\/gomba.jpg 1030w, https:\/\/marcali.plebania.hu\/wp-content\/uploads\/2018\/04\/gomba-211x300.jpg 211w, https:\/\/marcali.plebania.hu\/wp-content\/uploads\/2018\/04\/gomba-768x1091.jpg 768w, https:\/\/marcali.plebania.hu\/wp-content\/uploads\/2018\/04\/gomba-721x1024.jpg 721w, https:\/\/marcali.plebania.hu\/wp-content\/uploads\/2018\/04\/gomba-190x270.jpg 190w\" sizes=\"auto, (max-width: 459px) 100vw, 459px\" \/><\/p>\n<p><strong>Alap\u00edtva:<\/strong>\u00a01735<br \/><strong>Anyak\u00f6nyvez\u00e9s<\/strong>:\u00a01735-t\u0151l a pl\u00e9b\u00e1niatemplomban<br \/><strong>Titulusa:<\/strong>\u00a0Antiochiai Szent Margit<br \/><strong>B\u00facs\u00fa napja<\/strong>:\u00a0J\u00falius 13.<\/p>\n<p>Okleveleink\u00a01274-ben eml\u00edtik el\u0151sz\u00f6r Gomba telep\u00fcl\u00e9st. Papj\u00e1r\u00f3l az 1333- \u00e9s 1334-b\u0151l fennmaradt p\u00e1pai tizedjegyz\u00e9k tud\u00f3s\u00edt benn\u00fcnket.\u00a0Templom\u00e1t 1397-ben eml\u00edtik el\u0151sz\u00f6r. Az 1563-as t\u00f6r\u00f6k ad\u00f3lajstrom szerint Kisgomb\u00e1nak 4, Nagygomb\u00e1nak m\u00e9g 8 h\u00e1za volt. Az 1701. \u00e9vi \u00f6ssze\u00edr\u00e1s szerint Nagygomb\u00e1n, m\u00e1sf\u00e9l jobb\u00e1gytelken 5 katolikus csal\u00e1d \u00e9lt. Kisgomba ekkor m\u00e9g puszta telep\u00fcl\u00e9sk\u00e9nt volt eml\u00edtve.<br \/>Az igen romos \u00e1llapotban l\u00e9v\u0151 k\u00f6z\u00e9pkori templom\u00e1t 1735-ben r\u00e9szben t\u00e9gl\u00e1b\u00f3l \u00e9s f\u00e1b\u00f3l \u00fajj\u00e1\u00e9p\u00edtett\u00e9k, majd mai, barokk form\u00e1j\u00e1t 1755-ben nyerte el. Antiochiai Szent Margit tisztelet\u00e9re szentelt\u00e9k f\u00f6l. B\u00facs\u00faj\u00e1t j\u00falius 13-\u00e1n tartj\u00e1k.<br \/>A templom toronytetej\u00e9t 1880-ban \u00e9p\u00edtett\u00e9k \u00fajj\u00e1. M\u00e9g ez \u00e9v okt\u00f3ber 12-\u00e9n egy f\u00f6ldreng\u00e9s k\u00f6vetkezt\u00e9ben a templom hasadozott boltozata v\u00e1ratlanul sz\u00e9tny\u00edlott. 1889-ben a marcali pl\u00e9b\u00e1niatemplom 6 v\u00e1ltozat\u00fa r\u00e9gi orgon\u00e1j\u00e1t a gombai templomba sz\u00e1ll\u00edtott\u00e1k. A hangszert kijav\u00edttatt\u00e1k \u00e9s \u00faj f\u00fav\u00f3val l\u00e1tt\u00e1k el. A gombai kis orgon\u00e1t pedig Boronk\u00e1ra vitt\u00e9k.<br \/>A templom r\u00e9sz\u00e9re 1893-ban Forg\u00e1ch K\u00e1roly gr\u00f3f \u00e9s feles\u00e9ge Migazzy Eug\u00e9nia gr\u00f3fn\u0151 \u00f6r\u00f6kl\u00e1mp\u00e1t, olt\u00e1rsz\u0151nyegeket, egy fekete Casul\u00e1t, olt\u00e1rcsenget\u0151t, szenteltv\u00edzhint\u0151t \u00e9s kann\u00e1t, tov\u00e1bb\u00e1 feh\u00e9rnem\u0171ket aj\u00e1nd\u00e9kozott. Tov\u00e1bb\u00e1 Czegl\u00e9dyn\u00e9 Paiss Szid\u00f3nia egy karinget adott.<br \/>A templom sz\u00e9tny\u00edlott boltozat\u00e1t v\u00e9g\u00fcl 1894-ben Sztelek Ferenc \u00e9p\u00edt\u0151mester er\u0151s vasakkal \u00f6sszeh\u00fazatta. A munka akkor alig p\u00e1r sz\u00e1z forintba ker\u00fclt, melynek kifizet\u00e9s\u00e9hez Forg\u00e1ch K\u00e1roly gr\u00f3f is hozz\u00e1j\u00e1rult.<br \/>Az I. vil\u00e1gh\u00e1bor\u00fa alatt Gomba harangjait is katonai c\u00e9lokra leszerelt\u00e9k, csak egy harangot hagytak meg.<br \/>1927-ben \u00f6sszevont\u00e1k Kisgomba, Nagygomba \u00e9s L\u00f3kpuszta telep\u00fcl\u00e9seket Gomba n\u00e9ven \u00e9s Marcalihoz csatolt\u00e1k, mint a nagyk\u00f6zs\u00e9g III. ker\u00fclet\u00e9t.<br \/>Az\u00a0\u00faj harangok szentel\u00e9se 1928. j\u00falius 15-\u00e9n t\u00f6rt\u00e9nt\u00a0a h\u00edv\u0151k nagysz\u00e1m\u00fa jelenl\u00e9t\u00e9ben. V\u00f6r\u00f6s J\u00e1nos p\u00e1pai kamar\u00e1s, ker\u00fcleti esperes pl\u00e9b\u00e1nos v\u00e9gezte a szertart\u00e1st. A templom ekkor h\u00e1rom \u00faj harangot kapott. S\u00falyuk egyenk\u00e9nt 250 kg, 130 kg \u00e9s 80 kg volt, ez ut\u00f3bbit a megmaradt l\u00e9lekharang helyett\u00a0gr\u00f3f Forg\u00e1ch K\u00e1roly\u00a0aj\u00e1nd\u00e9kozta a templomnak. Tov\u00e1bb\u00e1 a kisgombai harangl\u00e1bba egy \u00faj 105 kg-os harangot is emeltek. A harangokat\u00a0Slez\u00e1k L\u00e1szl\u00f3 aranykoszor\u00fas mester \u00f6nt\u00f6tte. Emellett rendbe hozt\u00e1k a templom k\u00f6rny\u00e9k\u00e9t, \u00faj f\u00e1kat \u00fcltettek a r\u00e9giek helyett \u00e9s beker\u00edtett\u00e9k a ter\u00fcletet.<br \/>Az \u00faj orgon\u00e1t a h\u00edvek \u00e1ldozatk\u00e9szs\u00e9g\u00e9nek k\u00f6sz\u00f6nhet\u0151en 1936. j\u00falius 18-\u00e1n szentelt\u00e9k fel. A hangszert 4.000 peng\u0151 k\u00f6lts\u00e9gen Rieger Ott\u00f3 gy\u00e1ra sz\u00e1ll\u00edtotta. Erre az alkalomra megnagyobb\u00edtott\u00e1k a k\u00f3rust, a fa l\u00e9pcs\u0151ket betonl\u00e9pcs\u0151re cser\u00e9lt\u00e9k ki. A munk\u00e1kat Csom\u00f3s Gergely \u00e9p\u00edt\u00e9szmester v\u00e9gezte, 800 peng\u0151 \u00e9rt\u00e9kben.<br \/>A II. vil\u00e1gh\u00e1bor\u00fa puszt\u00edt\u00e1sai 1944-45-ben a gombai templomot sem k\u00edm\u00e9lt\u00e9k. A templom \u00e1llapot\u00e1r\u00f3l K\u0151szeghy Antal pl\u00e9b\u00e1nos \u00edgy \u00edrt 1945. \u00e1prilis 15-\u00e9n, a Marcali pl\u00e9b\u00e1nia Historia Domus\u00e1ban: \u201eA III. ker\u00fcleti templom tet\u0151zete, t\u0171zfala romokban, toronycs\u00facs lel\u0151ve, tornyon er\u0151s fals\u00e9r\u00fcl\u00e9sek.\u201d A h\u00e1bor\u00fa okozta tet\u0151-k\u00e1rokat 1945 j\u00falius\u00e1ra ideiglenesen kijav\u00edtott\u00e1k. A fel\u00faj\u00edt\u00e1st K\u0151szeghy pl\u00e9b\u00e1nos 1954-re \u00fctemezte be, azonban csak a k\u00f6vetkez\u0151 \u00e9v m\u00e1jus\u00e1ban kezd\u0151dhetett meg a restaur\u00e1l\u00e1s. A bels\u0151 tisztogat\u00e1si \u00e9s meszel\u00e9si munk\u00e1k el\u0151tt a villanyvil\u00e1g\u00edt\u00e1st is bevezett\u00e9k a templomba. A tataroz\u00e1s v\u00e9g\u00fcl 17.000 Ft k\u00f6lts\u00e9gen szeptember 12-\u00e9n fejez\u0151d\u00f6tt be. V\u00f6r\u00f6s J\u00f3zsef asztalos 1966-ban k\u00e9sz\u00edtett amb\u00f3t a templom r\u00e9sz\u00e9re. A tet\u0151zetet 1967-ben Sz\u00e9l Lajos jav\u00edtotta ki.<br \/>1973. \u00e1prilis 1-3 k\u00f6z\u00f6tt Szekeres Dezs\u0151\u00a0gyenesdi\u00e1si pl\u00e9b\u00e1nos kb. 50 \u00e9v ut\u00e1n el\u0151sz\u00f6r\u00a0tartott triduumot\u00a0a gombai h\u00edveknek.\u00a0Az egyh\u00e1zmegyei Ars Sacra Bizotts\u00e1g tagjai:\u00a0M\u00e1rton Antal, Moln\u00e1r Istv\u00e1n, Sz\u0151ll\u0151si Ferenc \u00e9s dr. Bresty\u00e1nszky Ilona, a Nemzeti Gal\u00e9ria oszt\u00e1lyvezet\u0151je,\u00a01975. okt\u00f3ber 22-\u00e9n, az egyh\u00e1zk\u00f6zs\u00e9g ter\u00fclet\u00e9n l\u00e9v\u0151\u00a0m\u0171t\u00e1rgyakat jegyz\u00e9kbe vett\u00e9k. Az \u00f6ssze\u00edr\u00e1s sor\u00e1n kider\u00fclt, hogy Gomb\u00e1n t\u00f6bb m\u0171t\u00e1rgy van, mint a pl\u00e9b\u00e1niatemplomban.<br \/>1976 \u0151sz\u00e9n a gombai templom villamos\u00edtott harangjaival sok probl\u00e9ma ad\u00f3dott, ez\u00e9rt a h\u00edvek k\u00f6z\u00fcl n\u00e9h\u00e1nyan ideiglenesen vissza\u00e1ll\u00edtott\u00e1k a r\u00e9gi k\u00f6telekkel m\u0171k\u00f6d\u0151 rendszert.<br \/>R\u00e9vai J\u00f3zsef pl\u00e9b\u00e1nos\u00a0idej\u00e9ben, 1982-ben\u00a0Szab\u00f3 S\u00e1ndor\u00a0p\u00e9csi villanyszerel\u0151 mester villanyf\u0171t\u00e9st szerelt be 81.214 Ft \u00e9rt\u00e9kben. Majd 1985-ben 630.000 Ft \u00f6sszk\u00f6lts\u00e9ggel k\u00edv\u00fcl-bel\u00fcl restaur\u00e1lt\u00e1k a gombai templomot. Mivel nagyon vizesek voltak a falak, ez\u00e9rt ut\u00f3lagos falszigetel\u00e9si munk\u00e1kat kellett elv\u00e9gezni. Bel\u00fcl teljesen levert\u00e9k a vakolatot. Kicser\u00e9lt\u00e9k a villanyh\u00e1l\u00f3zatot, amihez az 50.000 Ft-os adom\u00e1nyt\u00a0V\u00e9gh Gy\u00f6rgy domonkosrendi atya\u00a0adta. B\u00facs\u00fa napj\u00e1ra k\u00edv\u00fcl elk\u00e9sz\u00fclt a templom, de bel\u00fcl csak 1 \u00e9vvel k\u00e9s\u0151bb, addigra j\u00f3l kisz\u00e1radtak a falak. A bels\u0151 munk\u00e1k \u00e9s fest\u00e9s ut\u00e1n teljesen \u00e1trenov\u00e1ltatt\u00e1k a b\u00fatorzatot is.\u00a0A templomot\u00a0b\u00facs\u00fa napj\u00e1n,\u00a01986-ban dr. Szemes J\u00f3zsef c. ap\u00e1t, balatonkereszt\u00fari pl\u00e9b\u00e1nos \u00e1ldotta meg.<br \/>Az \u00fajabb k\u00fcls\u0151 fel\u00faj\u00edt\u00e1s m\u00e1r\u00a0Kiss Iv\u00e1n esperes-pl\u00e9b\u00e1nos\u00a0idej\u00e9ben, 1997-ben kezd\u0151d\u00f6tt. El\u0151sz\u00f6r m\u00e1jus 1-3 k\u00f6z\u00f6tt a vakolatot vert\u00e9k le\u00a0X-es fiatalok\u00a0Kir\u00e1ly Jen\u0151 ir\u00e1ny\u00edt\u00e1s\u00e1val. Majd\u00a0Vas\u00e1ros Istv\u00e1n\u00a0marcali v\u00e1llalkoz\u00f3 v\u00e9gezte a k\u0151m\u0171ves munk\u00e1kat j\u00falius 16-\u00e1t\u00f3l. A szentmis\u00e9ket ek\u00f6zben a gombai iskola eb\u00e9dl\u0151j\u00e9ben tartott\u00e1k. V\u00e9g\u00fcl november 3-\u00e1n v\u00edzelvezet\u00e9si munk\u00e1kkal z\u00e1rult a fel\u00faj\u00edt\u00e1s,\u00a0Papp Tam\u00e1s\u00a0adom\u00e1ny\u00e1b\u00f3l \u00e9s a K\u00f6z\u00fat Kft. seg\u00edts\u00e9g\u00e9vel.<br \/>1998. m\u00e1jus 29-\u00e9n bet\u00f6rtek a gombai templomba, \u00e9s elvitt\u00e9k a cib\u00f3riumot \u00e9s a gyertyatart\u00f3kat. A bels\u0151 fest\u00e9st j\u00fanius 8-\u00e1n kezdt\u00e9k. A b\u00facs\u00fa napj\u00e1n, j\u00falius 19-\u00e9n mutatt\u00e1k be az \u00faj st\u00e1ci\u00f3s k\u00e9peket, amelyeket Kov\u00e1cs J\u00f3zsef rajztan\u00e1r k\u00e9sz\u00edtett. Majd j\u00falius 20-\u00e1n megkezdt\u00e9k a tet\u0151 fel\u00faj\u00edt\u00e1s\u00e1t is. Szeptember 14-\u00e9n k\u00fcls\u0151 \u00e1llv\u00e1nyoz\u00e1ssal \u00e9s fest\u00e9ssel folytat\u00f3dott a munka. A toronysisakot \u00e9s a tornyot T\u00f6r\u00f6k Lajos jav\u00edtotta \u00e9s festette. Szeptember 23-\u00e1n vill\u00e1mh\u00e1r\u00edt\u00f3t is k\u00e9sz\u00edtettek.<br \/>A k\u00f6vetkez\u0151 k\u00fcls\u0151 fest\u00e9st 2003. szeptember 9-\u00e9t\u0151l\u00a0M\u00e1rkus Ern\u0151\u00a0boronkai fest\u0151 v\u00e9gezte. Ugyanis a r\u00e9gi m\u00e9sszel festett r\u00e9teg lej\u00f6tt, ez\u00e9rt szilik\u00e1t alapanyag\u00fa l\u00e9legz\u0151 fest\u00e9kkel kellett elv\u00e9gezni a munk\u00e1t.<br \/>2009. j\u00fanius 25-\u00e9n a v\u00e1ros gombai r\u00e9sz\u00f6nkorm\u00e1nyzata a marcali pl\u00e9b\u00e1ni\u00e1n tartotta kihelyezett \u00fcl\u00e9s\u00e9t, melyen seg\u00edts\u00e9get \u00edg\u00e9rtek a gombai templom fel\u00faj\u00edt\u00e1s\u00e1hoz. November 16-t\u00f3l kezd\u0151d\u00f6tt a gombai templom szent\u00e9ly\u00e9n \u00e9s sekresty\u00e9j\u00e9n a tet\u0151-szerkezet teljes cser\u00e9je. A tet\u0151re \u00faj fa-szerkezetet, l\u00e9ceket, \u00e9s cserepet raktak fel. A k\u00e9s\u0151n kezdett munk\u00e1latok miatt, a k\u0151m\u0171ves munk\u00e1k a k\u00f6vetkez\u0151 tavaszra (2010-re) maradtak.<\/p>\n<p>Forr\u00e1sok:<br \/>\u2013 Marcali Pl\u00e9b\u00e1nia Historia Domus I. k\u00f6tet (1878-1939)<br \/>\u2013 Marcali Pl\u00e9b\u00e1nia Historia Domus II. k\u00f6tet (1940-2008)<br \/>\u2013 Marcali Pl\u00e9b\u00e1nia Historia Domus III. k\u00f6tet (2008-t\u00f3l)<br \/>\u2013 Marcali T\u00f6rt\u00e9nete. V\u00e1rost\u00f6rt\u00e9neti tanulm\u00e1nyok. I. k\u00f6tet. (F\u0151szerk.: G\u00e1l J\u00f3zsef \u2013 Laczk\u00f3 Andr\u00e1s)<\/p>\n<p>\u00d6ssze\u00e1ll\u00edtotta:\u00a0Kiss K\u00e1lm\u00e1n<\/p>\n\n\n<p><\/p>\n","protected":false},"excerpt":{"rendered":"<p>Alap\u00edtva:\u00a01735Anyak\u00f6nyvez\u00e9s:\u00a01735-t\u0151l a pl\u00e9b\u00e1niatemplombanTitulusa:\u00a0Antiochiai Szent MargitB\u00facs\u00fa napja:\u00a0J\u00falius 13. Okleveleink\u00a01274-ben eml\u00edtik el\u0151sz\u00f6r Gomba telep\u00fcl\u00e9st. Papj\u00e1r\u00f3l az 1333- \u00e9s 1334-b\u0151l fennmaradt p\u00e1pai tizedjegyz\u00e9k tud\u00f3s\u00edt benn\u00fcnket.\u00a0Templom\u00e1t 1397-ben eml\u00edtik el\u0151sz\u00f6r. Az 1563-as t\u00f6r\u00f6k ad\u00f3lajstrom szerint Kisgomb\u00e1nak 4, Nagygomb\u00e1nak m\u00e9g 8 h\u00e1za volt. Az 1701. \u00e9vi \u00f6ssze\u00edr\u00e1s szerint Nagygomb\u00e1n, m\u00e1sf\u00e9l jobb\u00e1gytelken 5 katolikus csal\u00e1d \u00e9lt. Kisgomba ekkor m\u00e9g puszta telep\u00fcl\u00e9sk\u00e9nt volt eml\u00edtve.Az igen romos \u00e1llapotban l\u00e9v\u0151 k\u00f6z\u00e9pkori templom\u00e1t 1735-ben r\u00e9szben t\u00e9gl\u00e1b\u00f3l \u00e9s f\u00e1b\u00f3l \u00fajj\u00e1\u00e9p\u00edtett\u00e9k, majd mai, barokk form\u00e1j\u00e1t 1755-ben nyerte el. Antiochiai Szent Margit tisztelet\u00e9re szentelt\u00e9k&#8230;<\/p>\n<p class=\"read-more\"><a class=\"btn btn-default\" href=\"https:\/\/marcali.plebania.hu\/?page_id=42\"> Read More<span class=\"screen-reader-text\">  Read More<\/span><\/a><\/p>\n","protected":false},"author":1,"featured_media":0,"parent":12,"menu_order":0,"comment_status":"closed","ping_status":"closed","template":"","meta":{"footnotes":""},"class_list":["post-42","page","type-page","status-publish","hentry"],"_links":{"self":[{"href":"https:\/\/marcali.plebania.hu\/index.php?rest_route=\/wp\/v2\/pages\/42","targetHints":{"allow":["GET"]}}],"collection":[{"href":"https:\/\/marcali.plebania.hu\/index.php?rest_route=\/wp\/v2\/pages"}],"about":[{"href":"https:\/\/marcali.plebania.hu\/index.php?rest_route=\/wp\/v2\/types\/page"}],"author":[{"embeddable":true,"href":"https:\/\/marcali.plebania.hu\/index.php?rest_route=\/wp\/v2\/users\/1"}],"replies":[{"embeddable":true,"href":"https:\/\/marcali.plebania.hu\/index.php?rest_route=%2Fwp%2Fv2%2Fcomments&post=42"}],"version-history":[{"count":5,"href":"https:\/\/marcali.plebania.hu\/index.php?rest_route=\/wp\/v2\/pages\/42\/revisions"}],"predecessor-version":[{"id":5079,"href":"https:\/\/marcali.plebania.hu\/index.php?rest_route=\/wp\/v2\/pages\/42\/revisions\/5079"}],"up":[{"embeddable":true,"href":"https:\/\/marcali.plebania.hu\/index.php?rest_route=\/wp\/v2\/pages\/12"}],"wp:attachment":[{"href":"https:\/\/marcali.plebania.hu\/index.php?rest_route=%2Fwp%2Fv2%2Fmedia&parent=42"}],"curies":[{"name":"wp","href":"https:\/\/api.w.org\/{rel}","templated":true}]}}