{"id":4290,"date":"2023-01-18T08:34:57","date_gmt":"2023-01-18T08:34:57","guid":{"rendered":"https:\/\/marcali.plebania.hu\/?page_id=4290"},"modified":"2025-02-13T22:58:20","modified_gmt":"2025-02-13T22:58:20","slug":"marcali-ferfi-kozosseg","status":"publish","type":"page","link":"https:\/\/marcali.plebania.hu\/?page_id=4290","title":{"rendered":"MARCALI F\u00c9RFI K\u00d6Z\u00d6SS\u00c9G"},"content":{"rendered":"\n<p>A 2022 \u0151sz\u00e9n megrendezett F\u00e9rfi\nSzentl\u00e9lek Szemin\u00e1rium r\u00e9sztvev\u0151i \u2013 tekintettel a h\u00f3napok alatt kialakult j\u00f3\nt\u00e1rsas\u00e1gra \u2013 a szemin\u00e1rium befejez\u00e9sekor \u00fagy d\u00f6nt\u00f6ttek, hogy folytatj\u00e1k a k\u00f6z\u00f6s\n\u00f6sszej\u00f6veteleiket egy \u00f6n\u00e1ll\u00f3 \u00faj k\u00f6z\u00f6ss\u00e9g keretein bel\u00fcl. <\/p>\n\n\n\n<p>\u00d6sszej\u00f6veteleinket k\u00e9thetente szerd\u00e1nk\u00e9nt tartjuk, 18 \u00f3r\u00e1t\u00f3l 20 \u00f3r\u00e1ig a pl\u00e9b\u00e1ni\u00e1n. Az alkalmakat k\u00f6z\u00f6s im\u00e1ds\u00e1ggal \u00e9s a legut\u00f3bbi tal\u00e1lkoz\u00e1suk \u00f3ta meg\u00e9lt \u00f6r\u00f6mteli \u00e9s kev\u00e9sb\u00e9 \u00f6r\u00f6mteli esem\u00e9nyek megoszt\u00e1s\u00e1val kezdj\u00fck, majd egyik k\u00f6z\u00f6ss\u00e9gi tagunk \u00e1ltal kiv\u00e1lasztott szent\u00edr\u00e1si olvasm\u00e1nyt dolgozzuk fel k\u00f6tetlen form\u00e1ban. Tervez\u00fcnk k\u00f6z\u00f6s kultur\u00e1lis programokat (pl. teah\u00e1zat), k\u00f6nyvt\u00e1rat, zar\u00e1ndoklatokat \u00e9s kir\u00e1ndul\u00e1sokat is.<\/p>\n\n\n\n<p>Jelenlegi tagjaink: Bogn\u00e1r J\u00f3zsef, Elek L\u00e1szl\u00f3, F\u00e1bos L\u00e1szl\u00f3, Gyulai Botond, Incze Zolt\u00e1n, Kir\u00e1ly Jen\u0151, Kir\u00e1ly R\u00f3bert, Lakatos Zolt\u00e1n, Nagy Csaba, P\u00e9ter Csaba \u00e9s S\u00e1gv\u00e1ri R\u00f3bert.<\/p>\n\n\n\n<p>Vezet\u0151: Dr.  Gyulai Botond <\/p>\n\n\n\n<p>K\u00f6z\u00f6ss\u00e9g\u00fcnk nyitott, szeretettel v\u00e1rjuk \u00faj tagok\njelentkez\u00e9s\u00e9t.<\/p>\n","protected":false},"excerpt":{"rendered":"<p>A 2022 \u0151sz\u00e9n megrendezett F\u00e9rfi Szentl\u00e9lek Szemin\u00e1rium r\u00e9sztvev\u0151i \u2013 tekintettel a h\u00f3napok alatt kialakult j\u00f3 t\u00e1rsas\u00e1gra \u2013 a szemin\u00e1rium befejez\u00e9sekor \u00fagy d\u00f6nt\u00f6ttek, hogy folytatj\u00e1k a k\u00f6z\u00f6s \u00f6sszej\u00f6veteleiket egy \u00f6n\u00e1ll\u00f3 \u00faj k\u00f6z\u00f6ss\u00e9g keretein bel\u00fcl. \u00d6sszej\u00f6veteleinket k\u00e9thetente szerd\u00e1nk\u00e9nt tartjuk, 18 \u00f3r\u00e1t\u00f3l 20 \u00f3r\u00e1ig a pl\u00e9b\u00e1ni\u00e1n. Az alkalmakat k\u00f6z\u00f6s im\u00e1ds\u00e1ggal \u00e9s a legut\u00f3bbi tal\u00e1lkoz\u00e1suk \u00f3ta meg\u00e9lt \u00f6r\u00f6mteli \u00e9s kev\u00e9sb\u00e9 \u00f6r\u00f6mteli esem\u00e9nyek megoszt\u00e1s\u00e1val kezdj\u00fck, majd egyik k\u00f6z\u00f6ss\u00e9gi tagunk \u00e1ltal kiv\u00e1lasztott szent\u00edr\u00e1si olvasm\u00e1nyt dolgozzuk fel k\u00f6tetlen form\u00e1ban. Tervez\u00fcnk k\u00f6z\u00f6s kultur\u00e1lis programokat (pl. teah\u00e1zat), k\u00f6nyvt\u00e1rat, zar\u00e1ndoklatokat&#8230;<\/p>\n<p class=\"read-more\"><a class=\"btn btn-default\" href=\"https:\/\/marcali.plebania.hu\/?page_id=4290\"> Read More<span class=\"screen-reader-text\">  Read More<\/span><\/a><\/p>\n","protected":false},"author":1,"featured_media":0,"parent":0,"menu_order":0,"comment_status":"closed","ping_status":"closed","template":"","meta":{"footnotes":""},"class_list":["post-4290","page","type-page","status-publish","hentry"],"_links":{"self":[{"href":"https:\/\/marcali.plebania.hu\/index.php?rest_route=\/wp\/v2\/pages\/4290","targetHints":{"allow":["GET"]}}],"collection":[{"href":"https:\/\/marcali.plebania.hu\/index.php?rest_route=\/wp\/v2\/pages"}],"about":[{"href":"https:\/\/marcali.plebania.hu\/index.php?rest_route=\/wp\/v2\/types\/page"}],"author":[{"embeddable":true,"href":"https:\/\/marcali.plebania.hu\/index.php?rest_route=\/wp\/v2\/users\/1"}],"replies":[{"embeddable":true,"href":"https:\/\/marcali.plebania.hu\/index.php?rest_route=%2Fwp%2Fv2%2Fcomments&post=4290"}],"version-history":[{"count":5,"href":"https:\/\/marcali.plebania.hu\/index.php?rest_route=\/wp\/v2\/pages\/4290\/revisions"}],"predecessor-version":[{"id":6716,"href":"https:\/\/marcali.plebania.hu\/index.php?rest_route=\/wp\/v2\/pages\/4290\/revisions\/6716"}],"wp:attachment":[{"href":"https:\/\/marcali.plebania.hu\/index.php?rest_route=%2Fwp%2Fv2%2Fmedia&parent=4290"}],"curies":[{"name":"wp","href":"https:\/\/api.w.org\/{rel}","templated":true}]}}