{"id":44,"date":"2018-04-14T07:54:30","date_gmt":"2018-04-14T07:54:30","guid":{"rendered":"https:\/\/marcali.plebania.hu\/?page_id=44"},"modified":"2023-10-24T20:49:09","modified_gmt":"2023-10-24T20:49:09","slug":"marcali-bize","status":"publish","type":"page","link":"https:\/\/marcali.plebania.hu\/?page_id=44","title":{"rendered":"Marcali-Bize"},"content":{"rendered":"<p><strong>Alap\u00edtva:<\/strong>\u00a01795<br \/>\n<strong>Anyak\u00f6nyvez\u00e9s:<\/strong>\u00a01795-t\u0151l a pl\u00e9b\u00e1niatemplomban<br \/>\n<strong>Titulusa:<\/strong>\u00a0Szent Vendel<br \/>\n<strong>B\u00facs\u00fa napja:<\/strong>\u00a0okt\u00f3ber 20.<br \/>\n<strong>R\u00f3zsaf\u00fcz\u00e9r napja:<\/strong>\u00a0m\u00e1jus 2.<\/p>\n<p>Biz\u00e9nek feltehet\u0151leg az\u00e9rt Vendel lett a v\u00e9d\u0151szentje, mert a faluban, jelent\u0151s m\u00e9rt\u00e9kben \u00e1llattart\u00e1ssal is foglalkoztak. Az \u00edr-sk\u00f3t sz\u00e1rmaz\u00e1s\u00fa\u00a0Szent Vendel\u00a0tisztelete pedig, a n\u00e9metek k\u00f6r\u00e9ben kezdett el\u0151sz\u00f6r elterjedni. Az egyszer\u0171 p\u00e1sztor-remete-ap\u00e1t k\u00f6zbenj\u00e1r\u00e1s\u00e1t akkor szokt\u00e1k seg\u00edts\u00e9g\u00fcl h\u00edvni, amikor az \u00e1llatok valamilyen bajban voltak. \u00cdgy val\u00f3sz\u00edn\u0171 teh\u00e1t, hogy a betelep\u00fcl\u0151 sv\u00e1bok \u00e9ppen ez\u00e9rt v\u00e1lasztott\u00e1k \u0151t patr\u00f3nusuknak.<br \/>\nA k\u00f6z\u00e9pkori telep\u00fcl\u00e9st 1325-ben, templom\u00e1t pedig, 1455-ben eml\u00edtik az els\u0151 oklevelek. Papjai k\u00f6z\u00fcl 1471-ben Demetert, 1500 k\u00f6r\u00fcl J\u00e1nost m\u00e1r n\u00e9v szerint is ismerj\u00fck. 1526 k\u00f6r\u00fcl, a korabeli forr\u00e1sok, pl\u00e9b\u00e1ni\u00e1j\u00e1t is megeml\u00edtik. Bize az 1563. \u00e9vi t\u00f6r\u00f6k kincst\u00e1ri fejad\u00f3lajstromban m\u00e9g 5 h\u00e1zzal szerepel, \u00e1m a k\u00e9s\u0151bbiekben neve m\u00e1r nem tal\u00e1lhat\u00f3 meg semmilyen oszm\u00e1n \u00f6ssze\u00edr\u00e1sban. A H\u00f3dolts\u00e1g alatt a telep\u00fcl\u00e9s, templom\u00e1val egy\u00fctt elpusztult. 1651-ben a Sz\u00e9ch\u00e9nyiek z\u00e1logos birtoka lett, majd 1677-ben \u2013 imm\u00e1r, mint elpusztult falut \u2013 Sz\u00e9ch\u00e9nyi Gy\u00f6rgy kalocsai \u00e9rsek vette meg \u00f6r\u00f6k adom\u00e1nyk\u00e9nt. Templom\u00e1nak romjait egy 1725. \u00e9vi Urb\u00e1rium eml\u00edti: \u201eAz r\u00e9gi Puszta helen Templomnak k\u00fcfala most is f\u00f6nn \u00e1ll\u2026\u201d A h\u00f3dolts\u00e1g ut\u00e1n az egyh\u00e1zilag is \u00fajj\u00e1szervez\u0151d\u0151 telep\u00fcl\u00e9s, ezent\u00fal m\u00e1r csak Marcali fili\u00e1jak\u00e9nt szerepel tov\u00e1bb. A Sz\u00e9ch\u00e9nyi csal\u00e1d, 1783-1794 k\u00f6z\u00f6tt, a Veszpr\u00e9m megy\u00e9b\u0151l sz\u00e1rmaz\u00f3 n\u00e9met telepesekkel n\u00e9pes\u00edtette be a falut. Marcali 1794. \u00e9vi Topographi\u00e1ja \u201eKis-Bize\u201d temet\u0151j\u00e9t a falun k\u00edv\u00fcli dombon, kb. 1 holdban t\u00fcnteti fel. Az 1815. \u00e9vi Egyh\u00e1zl\u00e1togat\u00e1si Jegyz\u0151k\u00f6nyv (canonica visitatio) tan\u00fas\u00e1ga szerint, a kb. 1795-b\u0151l sz\u00e1rmaz\u00f3 Szent Vendel-k\u00e1poln\u00e1t, a bizei h\u00edvek lebontott\u00e1k, majd 1858-ban egy neoklasszikus st\u00edlus\u00fa templomot \u00e9p\u00edtettek, melyet szint\u00e9n Szent Vendel tisztelet\u00e9re szenteltek f\u00f6l.<br \/>\n1869-ben, Radovics J\u00f3zsef \u00e9s Pizvor \u00d6rzse keresztet \u00e1ll\u00edttattak a templom el\u00e9. Ezen k\u00edv\u00fcl, 1874-ben szint\u00e9n az \u0151 nev\u00fck szerepel az orgon\u00e1t tart\u00f3 k\u00f3ruson, \u00edgy val\u00f3sz\u00edn\u0171nek t\u0171nik, hogy k\u00e9sz\u00edttet\u0151k \u00e9s adom\u00e1nyoz\u00f3k is egyar\u00e1nt \u0151k voltak. A temet\u0151i keresztet 1880-ban R\u00e1dics J\u00f3zsef \u00e9s J\u00fcnglin M\u00e1ri j\u00f3volt\u00e1b\u00f3l emelt\u00e9k. \u0150ket a kereszt mell\u00e9 temett\u00e9k, jobb \u00e9s bal oldalra. (Ma m\u00e1r \u2013 a ravataloz\u00f3 \u00e9p\u00edt\u00e9se miatt \u2013 a kereszt, kb. 2 m\u00e9terrel h\u00e1tr\u00e9bb ker\u00fclt, ennek k\u00f6vetkezt\u00e9ben viszont az \u00e1ll\u00edttat\u00f3k s\u00edrhelyei sajnos elt\u0171ntek.)<br \/>\n\u00c1d\u00e1m J\u00e1nost 1878-ban, Marcali pl\u00e9b\u00e1noss\u00e1 nevezt\u00e9k ki. Ugyanebben az \u00e9vben kezdte el \u00c1d\u00e1m J\u00e1nos vezetni a Napl\u00f3t, a pl\u00e9b\u00e1nia esem\u00e9nyeir\u0151l (Historia Domus). A bizei istenh\u00e1z\u00e1r\u00f3l a k\u00f6vetkez\u0151ket jegyezte le: \u201eA templom csinos \u00e9s j\u00f3karban van.\u201d Ett\u0151l az id\u0151t\u0151l kezdve pedig, m\u00e1r j\u00f3val t\u00f6bb besz\u00e1mol\u00f3 is olvashat\u00f3 a falur\u00f3l. 1887-ben, T\u00e1las Ferenc bizei lakos, a k\u00f6zs\u00e9g \u00e9szaki r\u00e9sz\u00e9n, k\u0151keresztet \u00e1ll\u00edttatott. M\u00e9g ugyanebben az \u00e9vben, Szent Vendel \u00fcnnep\u00e9n, a templom b\u00facs\u00fanapj\u00e1n f\u00e9nyes \u00fcnneps\u00e9g k\u00f6zepette eml\u00e9keztek meg a bizei h\u00edvek leteleped\u00e9s\u00fck 100. \u00e9vfordul\u00f3j\u00e1r\u00f3l. (A jelzett id\u0151pontban indult el a sv\u00e1bok Pusztaszemesr\u0151l val\u00f3 \u00e1ttelep\u00edt\u00e9s\u00e9nek szervez\u00e9se, amely kezdetben nagy tiltakoz\u00e1st v\u00e1ltott ki, \u00e9s k\u00e9t \u00e9vig elh\u00faz\u00f3dott. Az eredeti szerz\u0151d\u00e9s azonban egy\u00e9rtelm\u0171en az 1789. \u00e9vi \u00e1ttelep\u00fcl\u00e9st igazolja.) A templom 1893-ban, liturgikus ruhanem\u0171ket kapott a k\u00f6zponti Olt\u00e1regylett\u0151l. 1900-ban az egyh\u00e1zk\u00f6zs\u00e9g egy Lourdes-i M\u00e1ria-olt\u00e1rt k\u00e9sz\u00edttetett a templomban. Szint\u00e9n ugyanebben az \u00e9vben \u2013 a hegyk\u00f6zs\u00e9g \u00e9s a j\u00f3sz\u00edv\u0171 adakoz\u00f3k \u00e1ltal \u2013 ker\u00fclt sor a bizei hegy k\u0151keresztj\u00e9nek fel\u00e1ll\u00edt\u00e1s\u00e1ra is.<br \/>\nA XX. sz\u00e1zad elej\u00e9n k\u00e9t szobor is k\u00e9sz\u00fclt a faluban. Mindkett\u0151t els\u0151sorban azzal a c\u00e9llal emelt\u00e9k, hogy a h\u00e1bor\u00faba elvitt \u201efi\u00fagyermekek\u201d \u00e9ps\u00e9gben hazat\u00e9rjenek. Ezek k\u00f6z\u00fcl az egyiket, a Szent Vendel szobrot, 1916-ban a falu d\u00e9li r\u00e9sz\u00e9nek utcafrontj\u00e1n T\u00e1los Gy\u00f6rgy \u00e9s Part M\u00e1ria \u00e1ll\u00edttatta. A m\u00e1sik, Szenth\u00e1roms\u00e1g-szobrot pedig, Amsztman M\u00e1rton \u00e9s neje, Strohmajer Ter\u00e9z k\u00e9sz\u00edttette 1917-ben, amelyet majdnem a templommal szemben, a saj\u00e1t port\u00e1juk utcafrontj\u00e1n helyeztek el.<br \/>\n1917-ben a had\u00fcgyminiszter rendelet\u00e9re \u2013 hadiipari c\u00e9lokra \u2013 lefoglalt\u00e1k a templom harangjait, \u00e9s mind\u00f6ssze csak egyet hagytak meg egyh\u00e1zi haszn\u00e1latra. Az I. vil\u00e1gh\u00e1bor\u00faban elrekvir\u00e1lt harangokat 1924-ben p\u00f3tolt\u00e1k \u00fajakkal. J\u00fanius 1-j\u00e9n Bize temploma egy 81 kg-os nagy- \u00e9s egy 43 kg-os kisharangot kapott. J\u00fanius 8-\u00e1n, P\u00fcnk\u00f6sd els\u0151 napj\u00e1n, Dr. Czapik Gyula p\u00e1pai kamar\u00e1s v\u00e9gezte a harangszentel\u00e9si szertart\u00e1st, t\u00f6bb mint 1000 f\u0151nyi h\u00edv\u0151sereg el\u0151tt. Az ezut\u00e1n k\u00f6vetkez\u0151 \u00fcnnepi szentmis\u00e9t, Blasutigh S\u00e1ndor helyettes esperes-pl\u00e9b\u00e1nos celebr\u00e1lta. A harangok az Eccl\u00e9sia r\u00e9szv\u00e9nyt\u00e1rsas\u00e1g csepelszigeti \u00f6nt\u00f6d\u00e9j\u00e9ben k\u00e9sz\u00fcltek \u00e9s \u00f6sszesen 14 300 000 koron\u00e1ba ker\u00fcltek. Ehhez Gr\u00f3f Sz\u00e9ch\u00e9nyi Andor P\u00e1l egyed\u00fcl 2 milli\u00f3 koron\u00e1val j\u00e1rult hozz\u00e1. December 13-\u00e1n h\u00e1romnapos n\u00e9pmisszi\u00f3 kezd\u0151d\u00f6tt Marcaliban \u00e9s a k\u00f6rny\u00e9ken. Biz\u00e9n P. J\u00f3zsef andocsi nov\u00edciusmester tartotta a lelkigyakorlatot.<br \/>\n1932-ben, a bizei h\u00edvek \u00f6nk\u00e9ntes adakoz\u00e1ssal kb. 3 000 peng\u0151t gy\u0171jt\u00f6ttek \u00f6ssze a rossz \u00e1llapotban l\u00e9v\u0151 templomtorony \u00fajrafed\u00e9s\u00e9re, valamint az eg\u00e9sz templom restaur\u00e1l\u00e1s\u00e1ra. Id\u0151sebb\u00a0R\u00e1dics P\u00e9ter \u00e9s neje\u00a01933-ban, saj\u00e1t k\u00f6lts\u00e9g\u00e9n \u00e1tmeszeltette a templom belsej\u00e9t.<br \/>\nA nagyobbik harang egy id\u0151 ut\u00e1n megrepedt, ez\u00e9rt a \u201930-as \u00e9vekben \u00fajra kellett \u00f6ntetni Szlez\u00e1k L\u00e1szl\u00f3 c\u00e9g\u00e9n\u00e9l. Ez a harang ekkor 281 kg s\u00faly\u00fa volt. Majd\u00a0R\u00e1dics J\u00e1nos \u00e9s feles\u00e9ge, a Boldogs\u00e1gos Sz\u0171z tisztelet\u00e9re, egy 174 kg s\u00faly\u00fa, k\u00f6z\u00e9ps\u0151 harangot is elk\u00e9sz\u00edttetett.\u00a0Dr. Rott N\u00e1ndor veszpr\u00e9mi megy\u00e9sp\u00fcsp\u00f6k\u00a0Mesztegny\u0151r\u0151l, \u00e9ppen egy b\u00e9rm\u00e1l\u00e1sr\u00f3l tartott hazafel\u00e9, amikor 1935. m\u00e1jus 29-\u00e9n, d\u00e9lut\u00e1n 5 \u00f3rakor \u00fatk\u00f6zben Biz\u00e9n is meg\u00e1llt, ahol r\u00f6vid l\u00e1togat\u00e1st tett a templomban. Mint azt feljegyezt\u00e9k: \u201eNagyon tetszett Neki a sz\u00e9p tiszt\u00e1n tartott kis templom.\u201d A p\u00fcsp\u00f6k \u00far k\u00f6sz\u00f6nt\u00f6tte az id\u0151k\u00f6zben odasereglett h\u00edveket is, majd ezut\u00e1n tov\u00e1bb indult Marcaliba, hogy kiszolg\u00e1ltassa a b\u00e9rm\u00e1l\u00e1s szents\u00e9g\u00e9t.<br \/>\nA II. vil\u00e1gh\u00e1bor\u00fa idej\u00e9n \u2013 az \u00e1llami hat\u00f3s\u00e1gok \u2013 ez\u00fattal a k\u00f6z\u00e9ps\u0151 harangot rekvir\u00e1lt\u00e1k el, m\u00edg a 281 kg-os m\u00e1sik harangot viszont, az 1944-45-\u00f6s marcali k\u00f6rny\u00e9ki harcok alatt l\u0151tt\u00e9k sz\u00e9t. A komoly s\u00e9r\u00fcl\u00e9seket szenvedett templomr\u00f3l\u00a0K\u0151szeghy Antal tb. kanonok, esperes-pl\u00e9b\u00e1nos\u00a0az al\u00e1bbiakat jegyzete le, 1945. \u00e1prilis 15-\u00e9n, a Marcali pl\u00e9b\u00e1nia Historia Domus\u00e1ban: \u201eBizei templom lel\u0151tt toronysisakkal, fala 2 oldalr\u00f3l kil\u0151ve, a sisak marad\u00e9k a leveg\u0151ben l\u00f3g. Szent\u00e9ly fal\u00e1n hatalmas \u00e1tl\u00f6v\u00e9s, tet\u0151n cser\u00e9p mutatv\u00e1ny k\u00e9ppel, l\u00e9cek, szaluf\u00e1k, gerend\u00e1k nagy sz\u00e1zal\u00e9kban sz\u00e9tl\u0151ve.\u201d A h\u00e1bor\u00fa ut\u00e1ni helyre\u00e1ll\u00edt\u00e1si munk\u00e1k kezdetben csak nagyon lass\u00fa \u00fctemben haladtak. \u00c1ltal\u00e1ban csak az \u00e9ppen legsz\u00fcks\u00e9gesebb \u2013 pl. tet\u0151zet \u2013 jav\u00edt\u00e1sokat tudt\u00e1k elv\u00e9gezni, hogy \u2013 az es\u0151z\u00e9sek k\u00f6vetkezt\u00e9ben \u2013 ne romoljon tov\u00e1bb az \u00e9p\u00fcletek \u00e1llaga. 1951-ben \u00f6nk\u00e9ntes adom\u00e1nyokb\u00f3l p\u00f3tolt\u00e1k a nagyharangot. 1965-ben,\u00a0Vad\u00e1l J\u00e1nos\u00a0hal\u00e1la ut\u00e1n\u00a0Trubek Istv\u00e1nt v\u00e1lasztott\u00e1k templomaty\u00e1nak. M\u00e9g ugyanabban az \u00e9vben b\u00facs\u00fa napj\u00e1ra a templomot a bizei asszonyok gy\u00f6ny\u00f6r\u0171en kifestett\u00e9k, valamint a k\u00e9peket \u00e9s a szobrokat is \u00e1tolajozt\u00e1k. Ezen k\u00edv\u00fcl,\u00a0Vad\u00e1l J\u00e1nos\u00a0kor\u00e1bbi adom\u00e1ny\u00e1b\u00f3l m\u00e9g arra is futotta, hogy\u00a0Medgyesy Mikl\u00f3s marcali k\u00e1pl\u00e1n\u00a0\u00e1ltal \u00f6t f\u00e9nycs\u00f6vet is felszereljen.\u00a0Dr. Luk\u00e1cs Istv\u00e1n esperes-pl\u00e9b\u00e1nos1966-ban, a bizei templomban,\u00a0V\u00f6r\u00f6s J\u00f3zsef\u00a0asztalossal amb\u00f3t (felolvas\u00f3\u00e1llv\u00e1nyt) k\u00e9sz\u00edttetett. A templomtet\u0151t 1967-ben,\u00a0Bir\u00f3 Istv\u00e1n cserepes\u00a0jav\u00edtotta ki. 1968 m\u00e1jus\u00e1ban,\u00a0Szanyi Istv\u00e1n pesterzs\u00e9beti orgona\u00e9p\u00edt\u0151, 3 200 Ft \u00e9rt\u00e9kben megjav\u00edtotta a bizei templom orgon\u00e1j\u00e1t.\u00a0Strohmajer J\u00e1nos\u00e9k 1970-ben, \u00faj olt\u00e1rsz\u0151nyeget vettek. 1978. augusztus 6-\u00e1n dr. Luk\u00e1cs Istv\u00e1n pl\u00e9b\u00e1nos\u00e1ldotta meg Biz\u00e9n a szembemis\u00e9z\u0151 olt\u00e1rt \u00e9s amb\u00f3t, melyet\u00a0Speizer Istv\u00e1n \u00e9s K\u00e1roly J\u00f3zsef\u00a0\u2013 a korabeli v\u00e9lem\u00e9nyek szerint is \u2013 el\u00e9g \u00edzl\u00e9sesen alak\u00edtottak ki.\u00a0R\u00e9vai J\u00f3zsef c. pr\u00e9post, kanonok, esperes-pl\u00e9b\u00e1nost 1983 \u00e1prilis\u00e1ban, a bizei h\u00edvek azzal a k\u00e9r\u00e9ssel kerest\u00e9k meg, hogy restaur\u00e1ltatni kellene templomukat. A h\u00edvek, erre a c\u00e9lra, 250 000 Ft-ot adtak \u00f6ssze, amihez tov\u00e1bbi adom\u00e1nyokat, k\u00fclf\u00f6ldi seg\u00e9lyt \u00e9s egyh\u00e1zmegyei t\u00e1mogat\u00e1st is kaptak. A k\u00fcls\u0151 munk\u00e1latok 1984 \u00e1prilis\u00e1ban kezd\u0151dtek. A tet\u0151n mind\u00f6ssze kisebb jav\u00edt\u00e1sokat kellett elv\u00e9gezni. Szerencs\u00e9re azonban, nem volt sz\u00fcks\u00e9g nagyobb mennyis\u00e9g\u0171 faanyag be\u00e9p\u00edt\u00e9s\u00e9re sem. Ezen k\u00edv\u00fcl a tet\u0151cserepet is csak \u00e1t kellett rakatni, valamint p\u00e1r ezer darab p\u00f3tl\u00e1s\u00e1r\u00f3l gondoskodni. 1984-ben Szent Vendel \u00fcnnep\u00e9re fejez\u0151d\u00f6tt be a templom teljes k\u00fcls\u0151 fel\u00faj\u00edt\u00e1sa. A k\u00f6lts\u00e9gek akkor 490 000 Ft-ot tettek ki. A\u00a0b\u00e9csi Hilfsfonds\u00a0szervezet, 1986-ban egy orgona-f\u00fajtat\u00f3 motort aj\u00e1nd\u00e9kozott a bizei templom sz\u00e1m\u00e1ra.<br \/>\nKiss Iv\u00e1n esperes-pl\u00e9b\u00e1nos\u00a0idej\u00e9ben, 1995. december 1-\u00e9n hanger\u0151s\u00edt\u0151t v\u00e1s\u00e1roltak a bizei templom r\u00e9sz\u00e9re. 1997. \u00e1prilis 29-\u00e9n lefestett\u00e9k a toronysisakot. 2005. j\u00fanius 21-\u00e9n \u2013 a k\u0151m\u0171ves munk\u00e1kkal \u2013 kezd\u0151d\u00f6tt a Marcali-bizei templom k\u00fcls\u0151 fel\u00faj\u00edt\u00e1sa. Majd augusztus 4-\u00e9n a munk\u00e1k, m\u00e1r a fest\u00e9ssel folytat\u00f3dtak. El\u0151sz\u00f6r fel\u00e1llv\u00e1nyozt\u00e1k a tornyot, ut\u00e1na jav\u00edtott\u00e1k \u00e9s festett\u00e9k a homlokzatot. Ezut\u00e1n k\u00f6vetkezett a tet\u0151 l\u00e9cezet\u00e9nek cser\u00e9je. Szeptember 7-\u00e9n I. \u00e9s II. vil\u00e1gh\u00e1bor\u00fas eml\u00e9kt\u00e1bl\u00e1kat terveznek. M\u00e1snap, szeptember 8-\u00e1n k\u00f6vetkezett a templomtet\u0151 teljesen \u00faj cserepez\u00e9se. A vil\u00e1gh\u00e1bor\u00fas eml\u00e9kt\u00e1bl\u00e1kat okt\u00f3ber 26-\u00e1n helyezt\u00e9k el a templom el\u0151tti kereszt h\u00e1toldal\u00e1n. A b\u00facs\u00fa \u00fcnnep\u00e9re,\u00a0R\u00e1dics M\u00e1rta \u00e9s R\u00e1dics J\u00e1nos\u00a0testv\u00e9rp\u00e1r kov\u00e1csoltvas csill\u00e1rokat,\u00a0K\u00e1roly J\u00e1nos, Vad\u00e1l J\u00f3zsef \u00e9s Fekete Lajos\u00a0szell\u0151z\u0151 r\u00e1csot,\u00a0Kr\u00e9nusz Istv\u00e1nn\u00e9\u00a0pedig, \u00faj ter\u00edt\u0151ket k\u00e9sz\u00edtett, illetve sz\u0151nyeget v\u00e1s\u00e1rolt. A 6,2 milli\u00f3 forint k\u00f6lts\u00e9gen fel\u00faj\u00edtott templom meg\u00e1ld\u00e1sa okt\u00f3ber 30-\u00e1n t\u00f6rt\u00e9nt. Az \u00fcnnepi szentmise 10.30-kor kezd\u0151d\u00f6tt, melyet\u00a0Bal\u00e1s B\u00e9la kaposv\u00e1ri p\u00fcsp\u00f6k \u00e9s Kiss Iv\u00e1n c. pr\u00e9post, esperes-pl\u00e9b\u00e1nos\u00a0k\u00f6z\u00f6sen celebr\u00e1lt. Bize t\u00f6rt\u00e9net\u00e9nek els\u0151 p\u00fcsp\u00f6ki szentmis\u00e9j\u00e9re kb. 200 ember sereglett \u00f6ssze a k\u00f6rny\u00e9kr\u0151l.<\/p>\n<p>\u00d6ssze\u00e1ll\u00edtotta:\u00a0H. R\u00e1dics M\u00e1rta \u2013 Kiss K\u00e1lm\u00e1n<\/p>\n<p>Forr\u00e1s\u00a0(a Historia Domus-ok alapj\u00e1n):<br \/>\nKiss K\u00e1lm\u00e1n \u2013 H. R\u00e1dics M\u00e1rta: A bizei egyh\u00e1zk\u00f6zs\u00e9g m\u00faltja. In.: Fejezetek Marcali Bize v\u00e1rosr\u00e9sz\u00e9nek t\u00f6rt\u00e9net\u00e9b\u0151l II. (Szerk.: H. R\u00e1dics M\u00e1rta.) Domonkos Nyomda Marcali, Marcali-Bize, 2008. 19-22. oldal.<\/p>\n","protected":false},"excerpt":{"rendered":"<p>Alap\u00edtva:\u00a01795 Anyak\u00f6nyvez\u00e9s:\u00a01795-t\u0151l a pl\u00e9b\u00e1niatemplomban Titulusa:\u00a0Szent Vendel B\u00facs\u00fa napja:\u00a0okt\u00f3ber 20. R\u00f3zsaf\u00fcz\u00e9r napja:\u00a0m\u00e1jus 2. Biz\u00e9nek feltehet\u0151leg az\u00e9rt Vendel lett a v\u00e9d\u0151szentje, mert a faluban, jelent\u0151s m\u00e9rt\u00e9kben \u00e1llattart\u00e1ssal is foglalkoztak. Az \u00edr-sk\u00f3t sz\u00e1rmaz\u00e1s\u00fa\u00a0Szent Vendel\u00a0tisztelete pedig, a n\u00e9metek k\u00f6r\u00e9ben kezdett el\u0151sz\u00f6r elterjedni. Az egyszer\u0171 p\u00e1sztor-remete-ap\u00e1t k\u00f6zbenj\u00e1r\u00e1s\u00e1t akkor szokt\u00e1k seg\u00edts\u00e9g\u00fcl h\u00edvni, amikor az \u00e1llatok valamilyen bajban voltak. \u00cdgy val\u00f3sz\u00edn\u0171 teh\u00e1t, hogy a betelep\u00fcl\u0151 sv\u00e1bok \u00e9ppen ez\u00e9rt v\u00e1lasztott\u00e1k \u0151t patr\u00f3nusuknak. A k\u00f6z\u00e9pkori telep\u00fcl\u00e9st 1325-ben, templom\u00e1t pedig, 1455-ben eml\u00edtik az els\u0151 oklevelek. Papjai k\u00f6z\u00fcl 1471-ben Demetert, 1500&#8230;<\/p>\n<p class=\"read-more\"><a class=\"btn btn-default\" href=\"https:\/\/marcali.plebania.hu\/?page_id=44\"> Read More<span class=\"screen-reader-text\">  Read More<\/span><\/a><\/p>\n","protected":false},"author":1,"featured_media":0,"parent":12,"menu_order":0,"comment_status":"closed","ping_status":"closed","template":"","meta":{"footnotes":""},"class_list":["post-44","page","type-page","status-publish","hentry"],"_links":{"self":[{"href":"https:\/\/marcali.plebania.hu\/index.php?rest_route=\/wp\/v2\/pages\/44","targetHints":{"allow":["GET"]}}],"collection":[{"href":"https:\/\/marcali.plebania.hu\/index.php?rest_route=\/wp\/v2\/pages"}],"about":[{"href":"https:\/\/marcali.plebania.hu\/index.php?rest_route=\/wp\/v2\/types\/page"}],"author":[{"embeddable":true,"href":"https:\/\/marcali.plebania.hu\/index.php?rest_route=\/wp\/v2\/users\/1"}],"replies":[{"embeddable":true,"href":"https:\/\/marcali.plebania.hu\/index.php?rest_route=%2Fwp%2Fv2%2Fcomments&post=44"}],"version-history":[{"count":4,"href":"https:\/\/marcali.plebania.hu\/index.php?rest_route=\/wp\/v2\/pages\/44\/revisions"}],"predecessor-version":[{"id":5081,"href":"https:\/\/marcali.plebania.hu\/index.php?rest_route=\/wp\/v2\/pages\/44\/revisions\/5081"}],"up":[{"embeddable":true,"href":"https:\/\/marcali.plebania.hu\/index.php?rest_route=\/wp\/v2\/pages\/12"}],"wp:attachment":[{"href":"https:\/\/marcali.plebania.hu\/index.php?rest_route=%2Fwp%2Fv2%2Fmedia&parent=44"}],"curies":[{"name":"wp","href":"https:\/\/api.w.org\/{rel}","templated":true}]}}