{"id":56,"date":"2018-04-14T07:56:58","date_gmt":"2018-04-14T07:56:58","guid":{"rendered":"https:\/\/marcali.plebania.hu\/?page_id=56"},"modified":"2018-04-14T08:18:47","modified_gmt":"2018-04-14T08:18:47","slug":"jezus-testverei-kiskozosseg","status":"publish","type":"page","link":"https:\/\/marcali.plebania.hu\/?page_id=56","title":{"rendered":"J\u00e9zus testv\u00e9rei kisk\u00f6z\u00f6ss\u00e9g"},"content":{"rendered":"<p>Alakult: 1996 augusztus<br \/>\nJelszavunk: \u201eSzeress, Im\u00e1dkozz, Szolg\u00e1lj!\u201d<br \/>\nNapi im\u00e1nk: \u201eFelaj\u00e1nljuk magunkat J\u00e9zus \u00e9s M\u00e1ria Szent Sz\u00edve \u00e1ltal a Szenth\u00e1roms\u00e1g dics\u0151s\u00e9g\u00e9nek szolg\u00e1lat\u00e1ra.\u201d<br \/>\nSz\u00edn\u00fcnk: K\u00e9k (Isten kegyelme)<br \/>\nV\u00e9d\u0151szent\u00fcnk: Szent Veronika (A kend\u0151t ny\u00fajt\u00f3)<br \/>\n\u00dcnnep: Febru\u00e1r 4.<br \/>\nF\u0151 \u00fcnnep\u00fcnk: Szenth\u00e1roms\u00e1g vas\u00e1rnapja<\/p>\n<p>Lelki aty\u00e1nk: Kiss Iv\u00e1n c. pr\u00e9post, esperes-pl\u00e9b\u00e1nos<\/p>\n<p>K\u00f6z\u00f6ss\u00e9g vezet\u0151: Micsik L\u00e1szl\u00f3n\u00e9, Erika<\/p>\n<p>Tagok: D\u00f6brei S\u00e1ndorn\u00e9, Rita<br \/>\nTak\u00e1csn\u00e9 Niklai Zsuzsanna<br \/>\nNagyn\u00e9 Tak\u00e1cs M\u00e1ria<br \/>\nPajor Csab\u00e1n\u00e9, Erzs\u00e9bet<br \/>\nB\u00e9k\u00e9si K\u00e1rolyn\u00e9, Katalin<br \/>\nV\u00e1rnagy Attil\u00e1n\u00e9, \u00c9va<br \/>\nT\u00f3th Gy\u00f6rgy<br \/>\nMarkovics J\u00e1nosn\u00e9, Edit<br \/>\nIv\u00e1nczi Ferencn\u00e9, Mariann<br \/>\nMarkos Andr\u00e1s<\/p>\n<p>Vannak tiszteletbeli tagok is, akik k\u00fcl\u00f6nb\u00f6z\u0151 okok miatt t\u00e1volabb \u00e9lnek t\u0151l\u00fcnk.<br \/>\nF\u0151bb feladataink: Szeretni az Urat \u00e9s testv\u00e9reinket, ahogy Veronika tette.<br \/>\nIm\u00e1inkban hordozni minden re\u00e1nk b\u00edzottat.<br \/>\nSzolg\u00e1latunk: Seg\u00edteni a sekresty\u00e9s asszonynak a templom \u00e9s liturgikus kell\u00e9keinek a rendben tart\u00e1s\u00e1ban.<br \/>\nA k\u00f3rh\u00e1zban l\u00e9v\u0151 betegek l\u00e1togat\u00e1sa az aty\u00e1val.<br \/>\nKap\u00e1l\u00e1s a k\u00f6z\u00f6ss\u00e9gi h\u00e1z udvar\u00e1n.<br \/>\n\u00c9nekl\u00e9s: Zsolt\u00e1r \u00e9s Communio \u00e9nekl\u00e9s a vas\u00e1rnapi 10 \u00f3r\u00e1s szentmis\u00e9n. El\u0151\u00e9nekes: Nagyn\u00e9 Tak\u00e1cs M\u00e1ria \u00e9s Tak\u00e1csn\u00e9 Niklai Zsuzsanna.<br \/>\nIma\u00f3r\u00e1k, k\u00f6z\u00f6ss\u00e9gi \u00f6sszej\u00f6vetelek, minden m\u00e1sodik kedd 17,30 \u00f3ra, X-h\u00e1z.<br \/>\nC\u00e9lunk: Isten keres\u00e9se, minden cselekedet\u00fcnkben, Biblia tanulm\u00e1nyoz\u00e1s\u00e1val, lelki olvasm\u00e1nyokkal, im\u00e1ds\u00e1ggal.<br \/>\nIstenben elrejtett \u00e9let\u00fcnk elm\u00e9ly\u00edt\u00e9se.<\/p>\n<blockquote><p>\u201eAki im\u00e1dkozik, az m\u00e1r hinni is tud.<br \/>\nAki hisz szeret is, \u00e9s aki szeretetben \u00e9l szolg\u00e1lni akar.<br \/>\nMert istenszeretet\u00fcnk legszebb bizonys\u00e1ga,<br \/>\nHa Krisztusnak szolg\u00e1lunk,<br \/>\nAki itt \u00e9l k\u00f6zt\u00fcnk a szeg\u00e9nyekben.\u201d<\/p>\n<p><strong>Ter\u00e9z anya<\/strong><\/p><\/blockquote>\n","protected":false},"excerpt":{"rendered":"<p>Alakult: 1996 augusztus Jelszavunk: \u201eSzeress, Im\u00e1dkozz, Szolg\u00e1lj!\u201d Napi im\u00e1nk: \u201eFelaj\u00e1nljuk magunkat J\u00e9zus \u00e9s M\u00e1ria Szent Sz\u00edve \u00e1ltal a Szenth\u00e1roms\u00e1g dics\u0151s\u00e9g\u00e9nek szolg\u00e1lat\u00e1ra.\u201d Sz\u00edn\u00fcnk: K\u00e9k (Isten kegyelme) V\u00e9d\u0151szent\u00fcnk: Szent Veronika (A kend\u0151t ny\u00fajt\u00f3) \u00dcnnep: Febru\u00e1r 4. F\u0151 \u00fcnnep\u00fcnk: Szenth\u00e1roms\u00e1g vas\u00e1rnapja Lelki aty\u00e1nk: Kiss Iv\u00e1n c. pr\u00e9post, esperes-pl\u00e9b\u00e1nos K\u00f6z\u00f6ss\u00e9g vezet\u0151: Micsik L\u00e1szl\u00f3n\u00e9, Erika Tagok: D\u00f6brei S\u00e1ndorn\u00e9, Rita Tak\u00e1csn\u00e9 Niklai Zsuzsanna Nagyn\u00e9 Tak\u00e1cs M\u00e1ria Pajor Csab\u00e1n\u00e9, Erzs\u00e9bet B\u00e9k\u00e9si K\u00e1rolyn\u00e9, Katalin V\u00e1rnagy Attil\u00e1n\u00e9, \u00c9va T\u00f3th Gy\u00f6rgy Markovics J\u00e1nosn\u00e9, Edit Iv\u00e1nczi Ferencn\u00e9, Mariann Markos Andr\u00e1s Vannak&#8230;<\/p>\n<p class=\"read-more\"><a class=\"btn btn-default\" href=\"https:\/\/marcali.plebania.hu\/?page_id=56\"> Read More<span class=\"screen-reader-text\">  Read More<\/span><\/a><\/p>\n","protected":false},"author":1,"featured_media":0,"parent":14,"menu_order":0,"comment_status":"closed","ping_status":"closed","template":"","meta":{"footnotes":""},"class_list":["post-56","page","type-page","status-publish","hentry"],"_links":{"self":[{"href":"https:\/\/marcali.plebania.hu\/index.php?rest_route=\/wp\/v2\/pages\/56","targetHints":{"allow":["GET"]}}],"collection":[{"href":"https:\/\/marcali.plebania.hu\/index.php?rest_route=\/wp\/v2\/pages"}],"about":[{"href":"https:\/\/marcali.plebania.hu\/index.php?rest_route=\/wp\/v2\/types\/page"}],"author":[{"embeddable":true,"href":"https:\/\/marcali.plebania.hu\/index.php?rest_route=\/wp\/v2\/users\/1"}],"replies":[{"embeddable":true,"href":"https:\/\/marcali.plebania.hu\/index.php?rest_route=%2Fwp%2Fv2%2Fcomments&post=56"}],"version-history":[{"count":3,"href":"https:\/\/marcali.plebania.hu\/index.php?rest_route=\/wp\/v2\/pages\/56\/revisions"}],"predecessor-version":[{"id":80,"href":"https:\/\/marcali.plebania.hu\/index.php?rest_route=\/wp\/v2\/pages\/56\/revisions\/80"}],"up":[{"embeddable":true,"href":"https:\/\/marcali.plebania.hu\/index.php?rest_route=\/wp\/v2\/pages\/14"}],"wp:attachment":[{"href":"https:\/\/marcali.plebania.hu\/index.php?rest_route=%2Fwp%2Fv2%2Fmedia&parent=56"}],"curies":[{"name":"wp","href":"https:\/\/api.w.org\/{rel}","templated":true}]}}