{"id":60,"date":"2018-04-14T08:03:01","date_gmt":"2018-04-14T08:03:01","guid":{"rendered":"https:\/\/marcali.plebania.hu\/?page_id=60"},"modified":"2018-04-14T08:22:29","modified_gmt":"2018-04-14T08:22:29","slug":"ifjusagi-katolikus-szovetseg","status":"publish","type":"page","link":"https:\/\/marcali.plebania.hu\/?page_id=60","title":{"rendered":"Ifj\u00fas\u00e1gi Katolikus Sz\u00f6vets\u00e9g (X)"},"content":{"rendered":"<p><strong>Az X alap\u00edt\u00e1sa:<\/strong>\u00a0Marcali, 1994. j\u00falius 8. (M\u0171vel\u0151d\u00e9si H\u00e1z)<br \/>\n<strong>Az X vezet\u0151i:<\/strong>\u00a0Koll\u00e1r R\u00f3bert (1994-1998)<br \/>\nKir\u00e1ly M\u00e1rta, Kiss Anna (1998-2008)<br \/>\nKir\u00e1ly Kriszti\u00e1n (2008-2010)<\/p>\n<p><strong>Az X alap\u00edt\u00f3 tagjai 1994-ben<\/strong>: Benkes Anita (Mesztegny\u0151), Ga\u00e1l Bal\u00e1zs, Ga\u00e1l B\u00e9la, Garics Zsolt, Gazda Tam\u00e1s, Hiz\u00f3 Johanna, Horv\u00e1th Andr\u00e1s, Horv\u00e1th Andrea, Horv\u00e1th Bernadett, Horv\u00e1th Istv\u00e1n, Horv\u00e1th Tam\u00e1s, Ilia Istv\u00e1n, Ilia Judit, Kir\u00e1ly Jen\u0151, Kir\u00e1ly P\u00e9ter, Kir\u00e1ly Kriszti\u00e1n, Kir\u00e1ly M\u00e1rta, Kisp\u00e1l Zolt\u00e1n, Kiss Anna, Kiss M\u00e1ria,\u00a0<strong>Koll\u00e1r R\u00f3bert<\/strong>, Kov\u00e1cs Be\u00e1ta, Kutor Andr\u00e1s, Lakin\u00e9 Simon Bea, Linha L\u00edvia, Magyar Tam\u00e1s, Markovics G\u00e1bor, Markovics R\u00f3bert, Moln\u00e1r Mariann, N\u00e9meth Szilvia, P\u00e1hi Andr\u00e1s, Pandur Zolt\u00e1n, Pozsonyi \u00c1d\u00e1m (Budapest), Pozsonyi M\u00e1rk, Pozsonyi P\u00e1l, Ress D\u00e1niel, Ress Ildik\u00f3, Ress Szabolcs, S\u00e1gv\u00e1ri R\u00f3bert, Schillinger L\u00edvia, Szab\u00f3 Andrea, Szab\u00f3 Melinda, Szita Korn\u00e9lia, Tak\u00e1cs Katalin, T\u00f3th Bernadett.<\/p>\n<p>&nbsp;<\/p>\n<p align=\"center\"><strong>Az X r\u00f6vid t\u00f6rt\u00e9nete<\/strong><\/p>\n<p><strong>1994<\/strong>\u00a0h\u00fasv\u00e9tj\u00e1n\u00a0<strong>Koll\u00e1r R\u00f3bert<\/strong>\u00a0azzal az \u00f6tlettel fordult\u00a0<strong>Kiss Iv\u00e1n marcali pl\u00e9b\u00e1nos<\/strong>hoz, hogy a templomba j\u00e1r\u00f3 fiatalokb\u00f3l ifj\u00fas\u00e1gi csoportot kellene l\u00e9trehozni. Els\u0151 nekifut\u00e1sra megkerest\u00e9k a somogys\u00e1msoni fiatalokat, nagycsal\u00e1dosokat, hogy megn\u00e9zz\u00e9k az ott foly\u00f3 munk\u00e1t, majd ezut\u00e1n felvett\u00e9k a kapcsolatot a marcali fiatalokkal. J\u00fanius 29-\u00e9n, a marcali pl\u00e9b\u00e1ni\u00e1n tartott\u00e1k a legels\u0151 megbesz\u00e9l\u00e9st, ahol kit\u0171zt\u00e9k az alakul\u00f3 gy\u0171l\u00e9s id\u0151pontj\u00e1t.\u00a0<strong>J\u00falius 8-\u00e1n a M\u0171vel\u0151d\u00e9si H\u00e1z kisterm\u00e9ben, 45 fiatal megalak\u00edtotta az X-et, azaz Ifj\u00fas\u00e1gi Katolikus Sz\u00f6vets\u00e9get<\/strong>.\u00a0<strong>Vezet\u0151v\u00e9 Koll\u00e1r R\u00f3bertet v\u00e1lasztott\u00e1k meg.<\/strong>\u00a0A fiatalok legels\u0151 feladata a fatimai \u00fcnneps\u00e9g el\u0151k\u00e9sz\u00edt\u00e9se volt.\u00a0<strong><em>J\u00falius 20. a fatimai kegyszobor fogad\u00e1s\u00e1n jelent\u0151s szerepet v\u00e1llalnak az X-es fiatalok<\/em><\/strong>: 24 \u00f3r\u00e1s \u00fcgyeletet tartottak, seg\u00edtett\u00e9k a zar\u00e1ndokokat.<br \/>\nH\u00e9t X-es fiatal a pl\u00e9b\u00e1nos vezet\u00e9s\u00e9vel augusztus 1-4. k\u00f6z\u00f6tt\u00a0<strong>Tisza\u0151rs\u00f6n<\/strong>, a Magyar M\u00e1ltai Szeretetszolg\u00e1latn\u00e1l (MMSZ) t\u00e1borozott. Majd augusztus 8-\u00e1n ker\u00e9kp\u00e1ros kir\u00e1ndul\u00e1st szerveztek\u00a0<strong>Balatonf\u00f6ldv\u00e1rra<\/strong>, ahol k\u00f6z\u00f6ss\u00e9gi szentmis\u00e9n \u00e9s a polg\u00e1rmester fogad\u00e1s\u00e1n vettek r\u00e9szt. Augusztus 15-\u00e9n git\u00e1ros-szentmis\u00e9t tartottak a Boldog Gizella templomban, amely akkor \u00fcnnepelte egy \u00e9ves sz\u00fclet\u00e9snapj\u00e1t. Augusztus 20-\u00e1n, d\u00e9lel\u0151tt 9 \u00f3rakor \u00fcnnepi szentmis\u00e9n,\u00a0<em>R\u00f3zs\u00e1s L\u00e1szl\u00f3 p\u00fcsp\u00f6ki helyn\u00f6k<\/em>\u00a0jelenl\u00e9t\u00e9ben az X tagjai \u00fcnnep\u00e9lyes fogadalmat tettek. D\u00e9lut\u00e1n focimeccsel, este t\u00e1bort\u0171zzel z\u00e1rult az \u00fcnnep.<br \/>\nAz egykori z\u00e1rda \u00e9p\u00fclet (D\u00f3zsa Gy. u. 3. sz.) keleti r\u00e9sz\u00e9nek fel\u00faj\u00edt\u00e1sa szeptember. 1. kezd\u0151d\u00f6tt, amely k\u00e9s\u0151bb az \u00fan.\u00a0<strong>X-h\u00e1z nevet<\/strong>\u00a0(az Ifj\u00fas\u00e1gi Katolikus Sz\u00f6vets\u00e9g ut\u00e1n) kapta. Els\u0151k\u00e9nt kb. 40 X-es fiatal leverte a vakolatot k\u00edv\u00fcl \u00e9s bel\u00fcl, majd az ipari iskola tanul\u00f3i elv\u00e9gezt\u00e9k a k\u0151m\u0171ves munk\u00e1kat. A villanyszerel\u00e9si terveket \u00e9s a kivitelez\u00e9st\u00a0<strong><em>Koll\u00e1r R\u00f3bert X-vezet\u0151<\/em><\/strong>\u00a0v\u00e9gezte.<br \/>\nSzeptember 14-\u00e9n a Marcali V\u00e1rosi TV felv\u00e9telt k\u00e9sz\u00edtett az X-r\u0151l. Okt\u00f3ber 12-\u00e9n az X-et bejegyezt\u00e9k a c\u00e9gb\u00edr\u00f3s\u00e1gn\u00e1l.<br \/>\n<strong>Bal\u00e1s B\u00e9la kaposv\u00e1ri megy\u00e9sp\u00fcsp\u00f6k<\/strong>\u00a0november 12-\u00e9n szentelte fel az elk\u00e9sz\u00fclt X-h\u00e1zat, majd el\u0151ad\u00e1st tartott a fiataloknak. December 3. Szent Mikl\u00f3s napi \u00fcnneps\u00e9get rendeztek az X-es otthonban. Este 17 \u00f3rakor\u00a0<em>Bal\u00e1s B\u00e9la p\u00fcsp\u00f6k<\/em>\u00a0\u00fajabb el\u0151ad\u00e1st tartott a fiataloknak. December 18-\u00e1n az X vend\u00e9g\u00fcl l\u00e1tta az egyh\u00e1zk\u00f6zs\u00e9g nyugd\u00edjasait. December 31-\u00e9n este 18 \u00f3rakor szilveszteri h\u00e1laad\u00e1s volt a pl\u00e9b\u00e1niatemplomban, ut\u00e1na az X-esek szilvesztere az X-h\u00e1zban.<\/p>\n<p><strong>1995.<\/strong>\u00a0febru\u00e1r 4.\u00a0<em>Csatl\u00f3s Istv\u00e1n inkei pl\u00e9b\u00e1nos<\/em>, majd febru\u00e1r 18-\u00e1n\u00a0<em>Marik Tam\u00e1s<\/em>\u00a0tartott el\u0151ad\u00e1st a fiataloknak. K\u00f6zben febru\u00e1r 11-\u00e9n szervezt\u00e9k meg az els\u0151 X-es farsangot. M\u00e1rcius 11-\u00e9n\u00a0<strong><em>dr. S\u00fct\u0151 L\u00e1szl\u00f3 polg\u00e1rmester<\/em><\/strong>\u00a0tartott f\u00f3rumot az X-h\u00e1zban. A m\u00e1rcius 15-ei \u00fcnneps\u00e9gen Kiss Iv\u00e1n pl\u00e9b\u00e1nos a Noszlopy szoborn\u00e1l az X-esekkel egy\u00fctt koszor\u00fazott.\u00a0<em>Csatl\u00f3s Istv\u00e1n inkei pl\u00e9b\u00e1nos<\/em>\u00a0vezette a lelki gyakorlatot \u00e1prilis 8-\u00e1n. A Passi\u00f3-j\u00e1t\u00e9kot \u00e1prilis 9-\u00e9n az X-esek adt\u00e1k el\u0151 a di\u00e1kmis\u00e9n \u00e9s este a Boldog Gizella templom el\u0151tt. \u00c1prilis 23-\u00e1n\u00a0<strong><em>dr. Semj\u00e9n Zsolt orsz\u00e1ggy\u0171l\u00e9si k\u00e9pvisel\u0151<\/em><\/strong>\u00a0tett l\u00e1togat\u00e1st az X-ben.<br \/>\n<strong>Nagymarosra<\/strong>\u00a0az Orsz\u00e1gos Ifj\u00fas\u00e1gi Tal\u00e1lkoz\u00f3ra m\u00e1jus 20-\u00e1n aut\u00f3busszal mentek a r\u00e9sztvev\u0151k.<br \/>\nMajd m\u00e1jus 27-\u00e9n Katolikus Ifj\u00fas\u00e1gi tal\u00e1lkoz\u00f3t szerveztek Marcaliban. Az\u00a0<strong>andocsi<\/strong>\u00a0Ifj\u00fas\u00e1gi tal\u00e1lkoz\u00f3n j\u00fanius 24-\u00e9n 15 X-es fiatal k\u00e9pviseltette mag\u00e1t. J\u00fanius 27. a Szent L\u00e1szl\u00f3 napon,\u00a0<strong>Kaposv\u00e1ron\u00a0<\/strong>az \u00faj p\u00fcsp\u00f6ki sz\u00e9kh\u00e1z meg\u00e1ld\u00e1s\u00e1n szint\u00e9n 15 X-es fiatal volt jelen. Az Ifj\u00fas\u00e1gi Katolikus Sz\u00f6vets\u00e9g egy \u00e9ves \u00e9vfordul\u00f3j\u00e1t focival, h\u00e1laad\u00f3 szentmis\u00e9vel, majd sz\u00f3rakoztat\u00f3 programokkal \u00fcnnepelt\u00e9k meg. A<strong>Nagysall\u00e9ron<\/strong>\u00a0j\u00fanius 10-\u00e9n indul\u00f3 egyh\u00e1zmegyei ifj\u00fas\u00e1gi t\u00e1borban X-es fiatalok is k\u00e9pviseltett\u00e9k magukat. J\u00falius 14-\u00e9n pedig gyalogos zar\u00e1ndoklaton vettek r\u00e9szt a marcaliak az egyh\u00e1zmegye fiataljaival,\u00a0<strong>Keszthely-V\u00e1rv\u00f6lgy-S\u00fcmeg<\/strong>\u00a0\u00fatvonalon.\u00a0<strong><em>Kiss Iv\u00e1n pl\u00e9b\u00e1nos<\/em><\/strong>\u00a0este V\u00e1rv\u00f6lgy\u00f6n mis\u00e9t tartott a zar\u00e1ndoklat r\u00e9sztvev\u0151inek. J\u00falius 29-\u00e9n,\u00a0<strong>Somogyv\u00e1ron<\/strong>, este 17 \u00f3rakor\u00a0<strong>Tempfli J\u00f3zsef nagyv\u00e1radi p\u00fcsp\u00f6k<\/strong>szentmis\u00e9j\u00e9n X-esek \u00e9nekeltek.\u00a0<strong>Kutasra<\/strong>\u00a0templomszentel\u00e9si mis\u00e9re h\u00edvt\u00e1k j\u00falius 30-\u00e1n az X-eseket \u00e9nekelni. Augusztus 4. az X-esek egy csoportj\u00e1b\u00f3l imak\u00f6r alakult, mely p\u00e9ntek est\u00e9nk\u00e9nt tartott \u00f6sszej\u00f6veteleket. Augusztus 20-\u00e1n a Boldog Gizella templomban 19 \u00f3rakor kezd\u0151d\u0151 szentmise keret\u00e9ben az \u00faj X-esek fogadalmat tettek, majd a k\u00f6z\u00f6ss\u00e9gi h\u00e1z udvar\u00e1n t\u00e1bort\u0171zzel z\u00e1rt\u00e1k a napot. Marcalib\u00f3l 4 X-es fiatal (<em>Kir\u00e1ly Jen\u0151, Kir\u00e1ly P\u00e9ter, Ilia Istv\u00e1n, P\u00e1hi Andr\u00e1s<\/em>) augusztus 25-31. k\u00f6z\u00f6tt r\u00e9szt vett a nemzetk\u00f6zi ministr\u00e1ns tal\u00e1lkoz\u00f3n<strong>R\u00f3m\u00e1ban<\/strong>.<br \/>\nOkt\u00f3ber 7.\u00a0<em>Sz\u0171cs Imre tapsonyi pl\u00e9b\u00e1nos<\/em>\u00a0tartott el\u0151ad\u00e1st az X-ben. A marcali Kereszt\u00e9ny \u00c9rtelmis\u00e9giek Sz\u00f6vets\u00e9ge (K\u00c9SZ) \u00e9s az X k\u00f6z\u00f6s utat szervezett okt\u00f3ber 21-\u00e9n a budapesti karizmatikus tal\u00e1lkoz\u00f3ra, a\u00a0<strong>Budapest Sportcsarnokba<\/strong>. Okt\u00f3ber 22-\u00e9n \u201956-os \u00fcnneps\u00e9get rendezett a K\u00c9SZ az X-el kar\u00f6ltve. 8,30-kor a pl\u00e9b\u00e1niatemplomban szentmis\u00e9vel, 9,30-kor \u00fcnneps\u00e9ggel eml\u00e9keztek meg az X-h\u00e1zban a m\u00e1rt\u00edrokr\u00f3l.<br \/>\nOkt\u00f3ber 28-\u00e1n\u00a0<strong>Kaposv\u00e1ron<\/strong>\u00a0Region\u00e1lis Ifj\u00fas\u00e1gi tal\u00e1lkoz\u00f3n n\u00e9gy X-es fiatal k\u00e9pviselte a sz\u00f6vets\u00e9get. December 10-\u00e9n Mikul\u00e1s \u00fcnneps\u00e9get tartottak kb. 200 gyermeknek az X-h\u00e1zban. Az X \u00e9s a K\u00c9SZ december 23-\u00e1n tartotta k\u00f6z\u00f6s kar\u00e1csony\u00e1t. Szenteste p\u00e1sztorj\u00e1t\u00e9kot adtak el\u0151 az X-es fiatalok\u00a0<em>Kiss Anna<\/em>\u00a0szervez\u00e9s\u00e9vel.<\/p>\n<p><strong>1996.<\/strong>\u00a0m\u00e1rcius 15-\u00e9n k\u00f6z\u00f6s \u00fcnnepi megeml\u00e9kez\u00e9sen vett r\u00e9szt az Egyh\u00e1zk\u00f6zs\u00e9g az X-esekkel.\u00a0<em>Bal\u00e1s B\u00e9la megy\u00e9sp\u00fcsp\u00f6k<\/em>\u00a0m\u00e1rcius 20-\u00e1n marcaliba l\u00e1togatott, este egy\u00fctt vacsor\u00e1zott az egyh\u00e1zk\u00f6zs\u00e9g vezet\u0151ivel \u00e9s az X-es fiatalokkal. M\u00e1rcius 31-\u00e9n ifj\u00fas\u00e1gi passi\u00f3j\u00e1t\u00e9k volt a di\u00e1kmis\u00e9n.\u00a0<strong>Tisza\u0151rsre<\/strong>\u00a0az MMSZ t\u00e1bor\u00e1ba j\u00falius 22-\u00e9n 5 fiatal utazott Marcalib\u00f3l. Augusztus 4-\u00e9n\u00a0<em>Kiss Iv\u00e1n pl\u00e9b\u00e1nos<\/em>\u00a0h\u00e9t marcali fiatallal\u00a0<strong>Tais\u00e9<\/strong>-be indul a MMSZ t\u00e1mogat\u00e1s\u00e1val.\u00a0<strong>Velenc\u00e9ben<\/strong>\u00a0k\u00e9t, Tais\u00e9ben \u00f6t, majd a n\u00e9metorsz\u00e1gi\u00a0<strong>Weiblingenben<\/strong>\u00a0h\u00e1rom felejthetetlen napot t\u00f6lt\u00f6ttek el. Okt\u00f3ber 26-\u00e1n Ifj\u00fas\u00e1gi tal\u00e1lkoz\u00f3n voltak\u00a0<strong>P\u00e9csen.<\/strong>\u00a0A Mikul\u00e1s napi \u00fcnneps\u00e9get december 8-\u00e1n tartott\u00e1k az X-h\u00e1zban a gyermekeknek.<\/p>\n<p><strong>1997.<\/strong>\u00a0febru\u00e1r 2. hittanos farsangot rendeztek az X-h\u00e1zban. Egyh\u00e1zk\u00f6zs\u00e9gi zar\u00e1ndoklat indult \u00e1prilis 6-\u00e1n\u00a0<strong>Medjugorj\u00e9ba<\/strong>, melyen X-es fiatalok is k\u00e9pviseltett\u00e9k magukat. 20 fiatal \u00e1prilis 19-\u00e9n a\u00a0<strong>nagykanizsa<\/strong>i Region\u00e1lis Ifj\u00fas\u00e1gi Tal\u00e1lkoz\u00f3n vett r\u00e9szt. M\u00e1jus 1-3 k\u00f6z\u00f6tt a gombai templom fel\u00faj\u00edt\u00e1sakor lelkes X-es fiatalok vert\u00e9k le a vakolatot. A munk\u00e1kat\u00a0<strong>Kir\u00e1ly Jen\u0151 templomatya<\/strong>\u00a0ir\u00e1ny\u00edtotta. J\u00fanius 14-\u00e9n Tais\u00e9-i ima\u00f3ra kezd\u0151d\u00f6tt a marcali kiscsoportok r\u00e9szv\u00e9tel\u00e9vel. Hatvan tag\u00fa Egyh\u00e1zk\u00f6zs\u00e9gi zar\u00e1ndoklat indult j\u00fanius 22-\u00e9n<strong>Medjugorj\u00e9ba<\/strong>, X-es r\u00e9szv\u00e9tellel. Az\u00a0<strong>Andocsi<\/strong>\u00a0Ifj\u00fas\u00e1gi Tal\u00e1lkoz\u00f3n, j\u00fanius 28-\u00e1n bemutatkoztak a marcali X-esek is. J\u00falius 13-\u00e1n Egyh\u00e1zk\u00f6zs\u00e9gi zar\u00e1ndoklat indult h\u00e1rom aut\u00f3busszal\u00a0<strong>Homokkom\u00e1romba<\/strong>. Ugyancsak h\u00e1rom aut\u00f3busszal az egyh\u00e1zk\u00f6zs\u00e9g szervez\u00e9s\u00e9ben\u00a0<strong>Gy\u0151rbe \u00e9s Pannonhalm\u00e1ra<\/strong>\u00a0zar\u00e1ndokoltak augusztus 9-\u00e9n. Majd augusztus 13-\u00e1n nyolc fiatal \u00e9s\u00a0<strong>Kiss Iv\u00e1n pl\u00e9b\u00e1nos<\/strong><strong>P\u00e1rizsba<\/strong>\u00a0utaztak. (Az egyh\u00e1zmegye szervez\u00e9s\u00e9ben:\u00a0<em>Kiss Iv\u00e1n, Kir\u00e1ly P\u00e9ter, Kir\u00e1ly Jen\u0151, Koll\u00e1r R\u00f3bert, P\u00e1hi Andr\u00e1s<\/em>. A KIM szervez\u00e9s\u00e9ben:\u00a0<em>Babina Bernadett, Pozsonyi P\u00e1l<\/em>. A lazarist\u00e1k szervez\u00e9s\u00e9ben:\u00a0<em>Ress Ildik\u00f3 \u00e9s Ress Szabolcs<\/em>\u00a0indult a tal\u00e1lkoz\u00f3ra.) Az egyh\u00e1zk\u00f6zs\u00e9g \u00e1ltal szervezett s\u00fcmegi zar\u00e1ndoklaton, szeptember 12-\u00e9n, a fiatalok is k\u00e9pviseltett\u00e9k magukat. Szeptember 27-\u00e9n\u00a0<em>Bal\u00e1s B\u00e9la megy\u00e9sp\u00fcsp\u00f6k<\/em>\u00a0jelenl\u00e9t\u00e9vel p\u00e1rizsi ut\u00f3tal\u00e1lkoz\u00f3t szerveztek Marcaliban, melyen 65 fiatal vett r\u00e9szt az egyh\u00e1zmegy\u00e9b\u0151l. Majd november 22-\u00e9n\u00a0<strong>Balatonkilitiben<\/strong>\u00a0Ter\u00fcleti Ifj\u00fas\u00e1gi Tal\u00e1lkoz\u00f3n voltak jelen a marcaliak.<\/p>\n<p><strong>1998.<\/strong>\u00a0janu\u00e1r 23-\u00e1n,\u00a0<strong>Kiskanizs\u00e1ra<\/strong>\u00a0a Magvet\u0151 K\u00f6z\u00f6ss\u00e9ghez l\u00e1togattak el az X-es fiatalok. A farsangi szents\u00e9gim\u00e1d\u00e1st febru\u00e1r 21-\u00e9n tartott\u00e1k az X-h\u00e1zban, majd el\u0151k\u00e9sz\u00fcleteket tettek az 1848-49-es forradalom \u00e9s szabads\u00e1gharc 150. \u00e9vfordul\u00f3j\u00e1nak meg\u00fcnnepl\u00e9s\u00e9re. M\u00e1rcius 7-\u00e9n\u00a0<strong>Balaton\u00fajlakon<\/strong>\u00a0tartottak tais\u00e9i ima\u00f3r\u00e1t az X-esek. A hittanosok \u00e9s X-es fiatalok m\u00e1rcius 15-\u00e9n megeml\u00e9keztek a Szabads\u00e1gharc 150. \u00e9vfordul\u00f3j\u00e1r\u00f3l. Eg\u00e9sz napos egyh\u00e1zk\u00f6zs\u00e9gi lelki nap kezd\u0151d\u00f6tt m\u00e1rcius 21-\u00e9n. Vend\u00e9gek voltak:\u00a0<strong>Francesco testv\u00e9r Tais\u00e9b\u0151l<\/strong>\u00a0\u00e9s\u00a0<em>Marik Tam\u00e1s ferences atya<\/em>. Az esti z\u00e1r\u00f3mis\u00e9t k\u00f6vet\u0151en j\u00f3kedv\u0171 besz\u00e9lget\u00e9ssel fejez\u0151d\u00f6tt be a program. \u00c1prilis 17-\u00e9n hitoktat\u00f3k t\u00e1bora kezd\u0151d\u00f6tt\u00a0<strong>Balatonfenyvesen<\/strong>, akik k\u00f6z\u00f6tt 7 marcali hitoktat\u00f3 is megjelent. Este\u00a0<em>Kiss Iv\u00e1n marcali pl\u00e9b\u00e1nos<\/em>k\u00e9t X-es fiatallal \u00e9s a\u00a0<strong>nagykanizsai\u00a0<\/strong>Szikla k\u00f6z\u00f6ss\u00e9ggel besz\u00e1mol\u00f3t tartott a hitoktat\u00f3knak a p\u00e1rizsi Ifj\u00fas\u00e1gi Vil\u00e1gtal\u00e1lkoz\u00f3r\u00f3l. Az X-esek m\u00e1jus 9-\u00e9n B<strong>alatonf\u00f6lv\u00e1ron<\/strong>\u00a0tartottak tais\u00e9i ima\u00f3r\u00e1t.\u00a0<strong>Balatonkilitin<\/strong>\u00a0m\u00e1jus 30-\u00e1n p\u00fcnk\u00f6sdi virraszt\u00e1son vettek r\u00e9szt az X-es fiatalok. J\u00fanius 20-\u00e1n egyh\u00e1zmegyei fiatalokkal\u00a0<strong>Pannonhalm\u00e1ra<\/strong>\u00a0indultak a fiatalok, ahol a\u00a0<strong><em>Chemin Neuf k\u00f6z\u00f6ss\u00e9ggel<\/em><\/strong>\u00a0tal\u00e1lkoztak. Marcali fiatalok nyitott\u00e1k meg j\u00fanius 26-\u00e1n\u00a0<strong>Andocson<\/strong>\u00a0az Ifj\u00fas\u00e1gi tal\u00e1lkoz\u00f3t. Majd augusztus 15-\u00e9n \u00fajabb andocsi zar\u00e1ndoklat k\u00f6vetkezett h\u00e1rom aut\u00f3busszal. Augusztus 25-29 k\u00f6z\u00f6tt\u00a0<em>Kiss Iv\u00e1n pl\u00e9b\u00e1nos<\/em>\u00a0vezet\u00e9s\u00e9vel\u00a0<strong>medjugorjei<\/strong>\u00a0zar\u00e1ndok\u00faton vettek r\u00e9szt az X-es fiatalok.\u00a0<strong>Okt\u00f3ber 3-\u00e1n megalakult az \u00fan. Kis-X, melynek vezet\u0151je Kir\u00e1ly M\u00e1rta lett<\/strong>.\u00a0<strong>Gy\u0151r-M\u00e9nf\u0151csanakon<\/strong>\u00a0november 7-\u00e9n X-es fiatalok tal\u00e1lkozhattak a\u00a0<em>Chemin Neuf K\u00f6z\u00f6ss\u00e9ggel<\/em>. Majd az X-h\u00e1z \u00fcgy\u00e9ben t\u00e1rgyal\u00e1st folytattak\u00a0<strong>Olivie aty\u00e1val<\/strong>. November 21-\u00e9n \u201e<em>\u00c9let a l\u00e9lekben<\/em>\u201d imaszemin\u00e1rium kezd\u0151d\u00f6tt hat r\u00e9sztvev\u0151vel, k\u00f6zt\u00fck X-esekkel.<\/p>\n<p><strong>1999.<\/strong>\u00a0janu\u00e1r 16-\u00e1n k\u00fcldet\u00e9si szentmis\u00e9n vettek r\u00e9szt a L\u00e9lek Szemin\u00e1rium r\u00e9sztvev\u0151i. Majd janu\u00e1r 30-\u00e1n Ifj\u00fas\u00e1gi tal\u00e1lkoz\u00f3n vettek r\u00e9szt az X-esek\u00a0<strong>Balatonszemesen<\/strong>. M\u00e1rcius 13-\u00e1n lelki napot tartottak az X-esek k\u00f6zrem\u0171k\u00f6d\u00e9s\u00e9vel a marcali pl\u00e9b\u00e1ni\u00e1n. A szemin\u00e1rium r\u00e9sztvev\u0151inak m\u00e1rcius 20-\u00e1n volt a l\u00e9lekkereszts\u00e9ge. \u00c1prilis 9-\u00e9n \u00c9szaki Ifj\u00fas\u00e1gi R\u00e9gi\u00f3 alakult Marcaliban. M\u00e1jus 13-\u00e1n<strong>Homokkom\u00e1romba<\/strong>\u00a0volt zar\u00e1ndoklat, majd m\u00e1jus 22-\u00e9n p\u00fcnk\u00f6sdi virraszt\u00e1s\u00a0<strong>Balatonkilitiben<\/strong>. A\u00a0<strong>nagykanizsai<\/strong>\u00a0Szikla Kup\u00e1n j\u00fanius 19-\u00e9n marcali fiatalok is r\u00e9szt vettek. J\u00falius 26-31. k\u00f6z\u00f6tt az X-esek hittanos t\u00e1bort szerveztek az X-h\u00e1zban.<br \/>\nAugusztus 23-28. k\u00f6z\u00f6tt az \u00e9szaki r\u00e9gi\u00f3 42 fiatalja a\u00a0<strong>Czestohowa<\/strong>-i Ifj\u00fas\u00e1gi Zar\u00e1ndoklaton k\u00e9pviseltette mag\u00e1t. (Az \u00fatvonal:<strong><em>Czestohowa-Krakk\u00f3-Auswitz -Zakopane-Wadowicze-Wielicka<\/em><\/strong>\u00a0volt.) Az \u00c9szaki Ifj\u00fas\u00e1gi R\u00e9gi\u00f3 szeptember 25-\u00e9n Marcaliban tartott tal\u00e1lkoz\u00f3t. Okt\u00f3ber 8-\u00e1n\u00a0<strong>K\u00e9thelyen<\/strong>\u00a0a magyar ifj\u00fas\u00e1g\u00e9rt imavirraszt\u00e1sra menetek az X-esek. Az \u00fajabb \u00c9let a L\u00e9lekben Szemin\u00e1rium kezd\u0151d\u00f6tt okt\u00f3ber 23-\u00e1n Marcaliban. December 31-\u00e9n az egyh\u00e1zmegye \u00c9szaki Ifj\u00fas\u00e1gi R\u00e9gi\u00f3ja \u00e9s az X k\u00f6z\u00f6s Szilvesztert tartott az X-h\u00e1zban 70 fiatal r\u00e9szv\u00e9tele mellett.<\/p>\n<p><strong>2000.<\/strong>\u00a0janu\u00e1r 22-\u00e9n\u00a0<strong>Balatonszemesen<\/strong>\u00a0Ifj\u00fas\u00e1gi tal\u00e1lkoz\u00f3n vettek r\u00e9szt a marcali fiatalok. A gyermekfarsang megrendez\u00e9s\u00e9re febru\u00e1r 19-\u00e9n ker\u00fclt sor. Majd r\u00e9gi\u00f3s megbesz\u00e9l\u00e9sre gy\u0171ltek \u00f6ssze Marcaliban a r\u00f3mai ifj\u00fas\u00e1gi tal\u00e1lkoz\u00f3val kapcsolatban. M\u00e1rcius 18-\u00e1n 230 f\u0151s zar\u00e1ndoklat \u2013 k\u00f6zt\u00fck X-es fiatalok \u2013 indult a\u00a0<strong>kaposv\u00e1ri\u00a0<\/strong>sz\u00e9kesegyh\u00e1zba, a jubileumi Szent \u00c9v tisztelet\u00e9re. A\u00a0<strong><em>Magyar R\u00e1di\u00f3 Vall\u00e1si Szerkeszt\u0151s\u00e9ge<\/em><\/strong>\u00a0m\u00e1jus 5-\u00e9n riportm\u0171sort k\u00e9sz\u00edtett az egyh\u00e1zk\u00f6zs\u00e9gr\u0151l, amit a torl\u00f3d\u00e1s miatt okt\u00f3berben adtak le. A marcali p\u00fcnk\u00f6sdi vigass\u00e1gok keret\u00e9ben j\u00fanius 11-\u00e9n az X\u2013es fiatalok 2. helyez\u00e9st \u00e9rtek el. A j\u00fanius 24-ei\u00a0<strong>somogyv\u00e1ri<\/strong>\u00a0napokon, a Kupav\u00e1ron az X-esek is jelen voltak. A\u00a0<strong>z\u00e1nkai\u00a0<\/strong>evangeliz\u00e1ci\u00f3s t\u00e1borban j\u00fanius 26-30. k\u00f6z\u00f6tt 11 marcali fiatal vett r\u00e9szt. A j\u00falius 1-ei\u00a0<strong><em>budapesti katolikus napok<\/em><\/strong>\u00a0rendezv\u00e9nyen a marcali X-esek vitt\u00e9k az egyh\u00e1zmegye z\u00e1szlaj\u00e1t. A hitoktat\u00f3k ir\u00e1ny\u00edt\u00e1s\u00e1val napk\u00f6zis t\u00e1bort szerveztek az X-h\u00e1zban j\u00falius 3-8. k\u00f6z\u00f6tt, melyen 50 gyermek vett r\u00e9szt. Augusztus 6-\u00e1n Marcaliban az X-h\u00e1zban\u00a0<em>Bal\u00e1s B\u00e9la p\u00fcsp\u00f6k<\/em>\u00a0\u00e9s 100 r\u00e9sztvev\u0151 volt jelen a r\u00f3mai el\u0151tal\u00e1lkoz\u00f3n.\u00a0<em>Kiss Iv\u00e1n pl\u00e9b\u00e1nos<\/em>\u00a0\u00e9s 5 fiatal augusztus 8-\u00e1n indult\u00a0<strong>R\u00f3m\u00e1ba<\/strong>\u00a0a Vil\u00e1gifj\u00fas\u00e1gi Tal\u00e1lkoz\u00f3ra. (Okt\u00f3ber 9-\u00e9n megjelent a Marcali Katolikus \u00dajs\u00e1g r\u00f3mai k\u00fcl\u00f6nsz\u00e1ma.) Az \u00e1dventi j\u00e1tsz\u00f3h\u00e1zat december 16-\u00e1n tartott\u00e1k. V\u00e9g\u00fcl az \u00e9v v\u00e9gi h\u00e1laad\u00e1st k\u00f6vet\u0151en az egyh\u00e1zmegye ifj\u00fas\u00e1ga az X-esekkel k\u00f6z\u00f6s szilvesztert tartott az X-h\u00e1zban.<\/p>\n<p><strong>2001.<\/strong>\u00a0febru\u00e1r 3-\u00e1n a\u00a0<strong>balatonszemesi\u00a0<\/strong>Region\u00e1lis Ifj\u00fas\u00e1gi Tal\u00e1lkoz\u00f3n vettek r\u00e9szt a marcali fiatalok. A gyermekek farsangi b\u00e1lj\u00e1t febru\u00e1r 17-\u00e9n a fiatalok rendezt\u00e9k, majd febru\u00e1r 24-\u00e9n a feln\u0151ttek els\u0151 farsangi b\u00e1lj\u00e1n is r\u00e9szt vettek az X-esek. M\u00e1rcius 17-\u00e9n Bal\u00e1s B\u00e9la p\u00fcsp\u00f6k a k\u00f6z\u00f6ss\u00e9gekkel tal\u00e1lkozott az X-h\u00e1zban. A lelki napot m\u00e1rcius 24-\u00e9n\u00a0<em>Vereb Zsolt piarista atya<\/em>\u00a0tartotta, melyen az X is k\u00e9pviseltette mag\u00e1t \u00e9s rendez\u0151k\u00e9nt m\u0171k\u00f6d\u00f6tt k\u00f6zre. Az \u00e1prilis 8-kai vir\u00e1gvas\u00e1rnapi passi\u00f3j\u00e1t\u00e9kot a hittanosok \u00e9s fiatalok adt\u00e1k el\u0151. Majd az \u00e1prilis 14-kei felt\u00e1mad\u00e1si k\u00f6rmeneten az X szint\u00e9n akt\u00edvan jelen volt. Az egyh\u00e1zk\u00f6zs\u00e9gi maj\u00e1list m\u00e1jus 1-j\u00e9n a fiatalok r\u00e9szv\u00e9tel\u00e9vel szervezt\u00e9k meg\u00a0<strong>Mesztegny\u0151-Kakpuszt\u00e1n<\/strong>. J\u00fanius 16-\u00e1n\u00a0<strong>Galambokra<\/strong>\u00a0utaztak a fiatalok ministr\u00e1ns tal\u00e1lkoz\u00f3ra. J\u00fanius 18-23. k\u00f6z\u00f6tt 30 k\u00f6z\u00e9piskol\u00e1s X-es fiatal v\u00e1ndort\u00e1borban volt a\u00a0<strong>Kis-Balaton<\/strong>\u00a0k\u00f6r\u00fcl. Az\u00a0<strong>andocsi<\/strong>\u00a0Egyh\u00e1zmegyei Ifj\u00fas\u00e1gi Tal\u00e1lkoz\u00f3ra egy aut\u00f3buszt megt\u00f6lt\u00f6ttek a marcali fiatalok. J\u00falius 1-\u00e9n a\u00a0<strong>somogyv\u00e1ri<\/strong>\u00a0t\u00f6rt\u00e9nelmi eml\u00e9khelyen, a Szent L\u00e1szl\u00f3 \u00fcnneps\u00e9gen is r\u00e9szt vettek az X-esek. 50 als\u00f3 tagozatos gyermek j\u00falius 23-\u00e1n kezd\u0151d\u0151 napk\u00f6zis t\u00e1bor\u00e1t az X-esek ir\u00e1ny\u00edtott\u00e1k. A\u00a0<strong><em>r\u00f3mai Ministr\u00e1ns Tal\u00e1lkoz\u00f3ra<\/em><\/strong>j\u00falius 30-\u00e1n 4 marcali X-es fiatal,\u00a0<em>Laskai P\u00e9ter, Gyukity Botond, Luk\u00e1cs Szilveszter \u00e9s Gad\u00e1nyi Nikoletta<\/em>\u00a0indult el Marcalib\u00f3l. December 1-\u00e9n Tais\u00e9-i el\u0151tal\u00e1lkoz\u00f3t tartottak az X-h\u00e1zban, melyen r\u00e9szt vett\u00a0<em>Bal\u00e1s B\u00e9la kaposv\u00e1ri p\u00fcsp\u00f6k<\/em>\u00a0is. December 8-\u00e1n d\u00e9lut\u00e1n az ifj\u00fas\u00e1gi zenekar\u00a0<strong>V\u00f6rs\u00f6n\u00a0<\/strong>\u00e1dventi mis\u00e9n k\u00f6zrem\u0171k\u00f6d\u00f6tt. December 31-\u00e9n a h\u00e1laad\u00e1s ut\u00e1n egyh\u00e1zk\u00f6zs\u00e9gi, majd ifj\u00fas\u00e1gi szilveszter tartottak az X-h\u00e1zban.<\/p>\n<p><strong>2002.<\/strong>\u00a0janu\u00e1r 26-\u00e1n hittanos gyermekek farsangj\u00e1t tartott\u00e1k az X-h\u00e1zban. Egyh\u00e1zk\u00f6zs\u00e9gi zar\u00e1ndoklat volt m\u00e1rcius 16-\u00e1n az\u00a0<strong><em>\u00f3pusztaszeri t\u00f6rt\u00e9nelmi eml\u00e9khelyen<\/em><\/strong>. A marcali pl\u00e9b\u00e1nia lelki napj\u00e1t\u00a0<strong>Veres Andr\u00e1s p\u00fcsp\u00f6k<\/strong>\u00a0tartotta m\u00e1rcius 23-\u00e1n. A p\u00fcnk\u00f6sdi vigass\u00e1gok keret\u00e9n bel\u00fcl m\u00e1jus 19-\u00e9n szabadt\u00e9ri szentmise volt Marcaliban, a K\u00fcnzelsau t\u00e9ren. A j\u00fanius 2-ai \u00darnapi k\u00f6rmeneten (Templom utca) az X-esek is k\u00f6zrem\u0171k\u00f6dtek. J\u00fanius 22-\u00e9n a budapesti \u201e<em>Ez az a nap<\/em>!\u201d karizmatikus rendezv\u00e9nyen a marcali fiatalok is jelen voltak. A Szent L\u00e1szl\u00f3 \u00fcnneps\u00e9gre\u00a0<strong>Somogyv\u00e1rra<\/strong>, j\u00fanius 29-\u00e9n az X-esek is elmentek, mivel lelki atyjuk:\u00a0<strong>Kiss Iv\u00e1n pl\u00e9b\u00e1nos oklevelet kapott a Somogyv\u00e1ri \u00d6nkorm\u00e1nyzatt\u00f3l a Szt. L\u00e1szl\u00f3 napok elind\u00edt\u00e1s\u00e1\u00e9rt<\/strong>. J\u00falius 15-\u00e9n egyhetes gyermekt\u00e1bor kezd\u0151d\u00f6tt az X-h\u00e1zban\u00a0<em>Kiss Anna<\/em>\u00a0hitoktat\u00f3n\u0151 vezet\u00e9s\u00e9vel. A j\u00falius 18-28. k\u00f6z\u00f6tti\u00a0<strong>Toront\u00f3i Vil\u00e1gifj\u00fas\u00e1gi tal\u00e1lkoz\u00f3n<\/strong>\u00a0<em>Kir\u00e1ly Kriszti\u00e1n<\/em>\u00a0X-es fiatal k\u00e9pviselte Marcalit. Az X-esek egyh\u00e1zk\u00f6zs\u00e9gi zar\u00e1ndoklaton voltak j\u00falius 20-\u00e1n\u00a0<strong>Budapesten<\/strong>, ahol a\u00a0<strong><em>Parlament mellett, a Terror H\u00e1za m\u00fazeumot, valamint\u00a0 a Szent Jobbot is megtekintett\u00e9k<\/em><\/strong>. Augusztus 5-\u00e9n v\u00e1ndort\u00e1bor kezd\u0151d\u00f6tt a k\u00f6z\u00e9piskol\u00e1s \u00e9s f\u0151iskol\u00e1s X-es fiatalok r\u00e9sz\u00e9re. December 31-\u00e9n k\u00f6z\u00f6s szilveszteri h\u00e1laad\u00e1s volta templomban, majd szilveszteri mulats\u00e1g az X-h\u00e1zban.<\/p>\n<p><strong>2003.<\/strong>\u00a0febru\u00e1r 22-\u00e9n az egyh\u00e1zk\u00f6zs\u00e9g b\u00e1lj\u00e1t, m\u00e1rcius 1-\u00e9n a gyermekek farsangj\u00e1t tartott\u00e1k meg az X-h\u00e1zban. A nagyb\u00f6jti lelki napot<em>Pint\u00e9r Ambrus benc\u00e9s szerzetes<\/em>\u00a0vezette, melyen a fiatalok is r\u00e9szt vettek. M\u00e1jus 3-\u00e1n X-es fiatalok a\u00a0<strong>kaposszentbenedek<\/strong>i Egyh\u00e1zmegyei Ifj\u00fas\u00e1gi tal\u00e1lkoz\u00f3n k\u00e9pviseltett\u00e9k magukat. P\u00fcnk\u00f6sd napj\u00e1n, j\u00fanius 8-\u00e1n a K\u00fcnzelsau t\u00e9ren szabadt\u00e9ri szentmis\u00e9t tartottak. Az X-esek a p\u00fcnk\u00f6sdi kir\u00e1lyv\u00e1laszt\u00e1sban m\u00e9rett\u00e9k meg magukat. K\u00f6z\u00fcl\u00fck\u00a0<em>Sz\u00e9p Istv\u00e1n<\/em>\u00a0lett a p\u00fcnk\u00f6sdi kir\u00e1ly. J\u00fanius 29-\u00e9n<strong>Somogyv\u00e1ron<\/strong>, a Szt. L\u00e1szl\u00f3 napi \u00fcnneps\u00e9gen a mis\u00e9t\u00a0<strong>Kiss Iv\u00e1n c. pr\u00e9post, marcali esperes-pl\u00e9b\u00e1nos<\/strong>\u00a0celebr\u00e1lta. A kb. 50 f\u0151s marcali zar\u00e1ndokcsoportban a fiatalok is sz\u00e9p sz\u00e1mmal jelen voltak. J\u00falius 7-\u00e9n hittanos t\u00e1bor kezd\u0151d\u00f6tt 50 f\u0151vel az X-h\u00e1zban. Az okt\u00f3ber 1-\u00e9n kezd\u0151d\u0151 r\u00f3zsaf\u00fcz\u00e9r im\u00e1ds\u00e1gokat minden este m\u00e1s k\u00f6z\u00f6ss\u00e9g im\u00e1dkozta, melyben az X-esek is akt\u00edv szerepet v\u00e1llaltak.<strong>November 8-\u00e1n \u00fcnnepelte Kiss Iv\u00e1n c. pr\u00e9post, esperes-pl\u00e9b\u00e1nos Marcali szolg\u00e1lat\u00e1nak 10 \u00e9ves \u00e9vfordul\u00f3j\u00e1t<\/strong>. Az X-h\u00e1zban tartott \u00fcnneps\u00e9gen a fiatalok is k\u00f6sz\u00f6nt\u00f6tt\u00e9k pl\u00e9b\u00e1nosukat. November 29-\u00e9n Tais\u00e9-i ima\u00f3r\u00e1val nyitott\u00e1k meg az X-esek az \u00c1dventet a Kaposv\u00e1ri Egyh\u00e1zmegy\u00e9ben.<\/p>\n<p><strong>2004.<\/strong>\u00a0febru\u00e1r 14-\u00e9n tartott\u00e1k az egyh\u00e1zk\u00f6zs\u00e9gi b\u00e1lt. M\u00e1rcius 5-t\u0151l a nagyb\u00f6jti keresztutakat az egyh\u00e1zk\u00f6zs\u00e9g k\u00f6z\u00f6ss\u00e9gei v\u00e9gezt\u00e9k, az egyik p\u00e9nteki napon ifj\u00fas\u00e1gi keresztutat is tartottak. A lelki napot\u00a0<strong>R\u00f3zs\u00e1s L\u00e1szl\u00f3 c. ap\u00e1t, Kaposv\u00e1r I. pl\u00e9b\u00e1nosa<\/strong>\u00a0vezette. J\u00fanius 28. \u2013 j\u00falius 2. k\u00f6z\u00f6tt\u00a0<em>Kiss Anna<\/em>\u00a0hitoktat\u00f3n\u0151 vezet\u00e9s\u00e9vel \u00e9s az X-esek k\u00f6zrem\u0171k\u00f6d\u00e9s\u00e9vel hittanos t\u00e1bor kezd\u0151d\u00f6tt. Helye ism\u00e9t az X-h\u00e1zban volt. A t\u00e1borba 53 gyermek j\u00f6tt el. Az egyik napon\u00a0<strong>Homokkom\u00e1romba<\/strong>\u00a0is kir\u00e1ndultak.\u00a0<strong>J\u00falius 10-\u00e9n tartotta az X fenn\u00e1ll\u00e1s\u00e1nak 10 \u00e9ves jubileumi \u00fcnneps\u00e9g\u00e9t. Ez alkalomra a Marcali Katolikus \u00dajs\u00e1g k\u00fcl\u00f6nsz\u00e1mot jelentetett meg<\/strong>. 16 \u00f3rakor \u00fcnnepi\u00a0<strong>k\u00f6sz\u00f6nt\u0151t mondott Kiss Iv\u00e1n c. pr\u00e9post, esperes-pl\u00e9b\u00e1nos, majd Koll\u00e1r R\u00f3bert, az X els\u0151 vezet\u0151je. Ezut\u00e1n Igali Istv\u00e1nn\u00e9 k\u00fcl\u00f6n erre az alkalomra \u00edrt vers\u00e9vel k\u00f6sz\u00f6nt\u00f6tte az X-es fiatalokat<\/strong>. 16,30-t\u00f3l git\u00e1ros zene volt k\u00f6z\u00f6s \u00e9nekl\u00e9ssel. 17 \u00f3r\u00e1t\u00f3l j\u00e1t\u00e9k, 18 \u00f3r\u00e1t\u00f3l a k\u00f6tetlen program besz\u00e9lget\u00e9ssel folytat\u00f3dott. 19 \u00f3r\u00e1t\u00f3l h\u00e1laad\u00f3 szentmis\u00e9n vettek r\u00e9szt a megjelentek, amelynek keret\u00e9ben fogadalmat tettek a r\u00e9gi \u00e9s az \u00faj X-esek. 20 \u00f3r\u00e1t\u00f3l t\u00e1bort\u0171z mellett folytatt\u00e1k a besz\u00e9lget\u00e9st, amely a k\u00e9s\u0151 \u00e9jszak\u00e1ba ny\u00falt. A tal\u00e1lkoz\u00f3n az alap\u00edt\u00f3 tagok 6 kisbab\u00e1t hoztak el, a\u00a0<strong>r\u00e9gi \u00e9s \u00faj tagok k\u00f6z\u00fcl mintegy 50-en j\u00f6ttek el<\/strong>\u00a0a jeles \u00e9vfordul\u00f3ra. J\u00falius 19-\u00e9n a k\u00f6z\u00e9piskol\u00e1s fiatalok<em>Kiss Anna<\/em>\u00a0vezet\u00e9s\u00e9vel\u00a0<strong>Galambokra<\/strong>\u00a0indultak v\u00e1ndort\u00e1borba. Kis gyermekek r\u00e9sz\u00e9re j\u00e1tsz\u00f3h\u00e1zat tartottak szeptember 25-\u00e9n az X-h\u00e1zban.\u00a0<strong><em>Okt\u00f3ber 8-\u00e1n Magyarok Nagyasszony\u00e1nak \u00fcnnep\u00e9n Bal\u00e1s B\u00e9la kaposv\u00e1ri p\u00fcsp\u00f6k meg\u00e1ldotta az \u00faj fatimai kegyszobrot \u00e9s az \u00faj m\u00e1rv\u00e1nyolt\u00e1rt<\/em><\/strong>. Az \u00fcnneps\u00e9gen az X-esek is r\u00e9szt vettek. Okt\u00f3ber 9-\u00e9n Kiss Iv\u00e1n pl\u00e9b\u00e1nos az X-esekkel<strong>Keszthelyre<\/strong>\u00a0kir\u00e1ndult:\u00a0<em>Balcz\u00f3 Andr\u00e1s<\/em>\u00a0tan\u00fas\u00e1gt\u00e9tel\u00e9re. Interakt\u00edv j\u00e1tsz\u00f3h\u00e1zat tartottak okt\u00f3ber 16-\u00e1n az els\u0151\u00e1ldoz\u00f3knak, majd okt\u00f3ber 30-\u00e1n a b\u00e9rm\u00e1lkoz\u00f3knak szervezett programot\u00a0<em>Brolly P\u00e9ter<\/em>\u00a0hitoktat\u00f3. November 13-\u00e1n a \u201e<em>Marcali Pl\u00e9b\u00e1nia T\u00f6rt\u00e9nete<\/em>\u201d c\u00edm\u0171 ki\u00e1ll\u00edt\u00e1s megnyit\u00f3ja ut\u00e1n a fiatalok Tais\u00e9-i ima\u00f3r\u00e1t tartottak. December 4-\u00e9n mintegy 100 gyermeknek szerveztek Mikul\u00e1s \u00fcnneps\u00e9get az X-h\u00e1zban. December 31-\u00e9n a szok\u00e1sos \u00e9v v\u00e9gi h\u00e1laad\u00e1s \u00e9s a k\u00f6z\u00f6ss\u00e9gek szilvesztere volt az X-h\u00e1zban.<\/p>\n<p><strong>2005.<\/strong>\u00a0janu\u00e1r 29-\u00e9n gyermekek farsangj\u00e1t tartott\u00e1k az X-h\u00e1zban. Majd\u00a0<strong>Balatonszemesre<\/strong>\u00a0az \u00c9szaki Region\u00e1lis Ifj\u00fas\u00e1gi Tal\u00e1lkoz\u00f3ra mentek a marcali fiatalok. Ezut\u00e1n m\u00e9g aznap este az X-h\u00e1zban tartott\u00e1k meg az 5. Marcali Katolikus B\u00e1lt, t\u00f6bb mint 100 r\u00e9sztvev\u0151vel. M\u00e1rcius 5-\u00e9n k\u00e9tszer is levet\u00edtett\u00e9k Mel Gibson: Passi\u00f3 c\u00edm\u0171 filmj\u00e9t az X-h\u00e1zban, melyet a fiatalok is megn\u00e9ztek. J\u00fanius 20-24. k\u00f6z\u00f6tt hittanos t\u00e1bort rendeztek 45 f\u0151vel az X-h\u00e1zban.\u00a0<strong>Somogyv\u00e1ron<\/strong>\u00a0Szt. L\u00e1szl\u00f3 hal\u00e1l\u00e1nak 910. \u00e9vfordul\u00f3j\u00e1n, az \u00fcnnepi szentmise ut\u00e1n, Bal\u00e1s B\u00e9la p\u00fcsp\u00f6kt\u0151l vette \u00e1t\u00a0<strong><em>Kiss Anna hitoktat\u00f3n\u0151 (\u00e9s az X vezet\u0151je), az MKPK \u00e1ltal alap\u00edtott Szt. Gell\u00e9rt d\u00edj\u00e1nak ez\u00fcst fokozat\u00e1t: kiv\u00e1l\u00f3 katolikus nevel\u0151 \u00e9s oktat\u00f3 munk\u00e1j\u00e1\u00e9rt<\/em><\/strong>. J\u00falius 4-8. k\u00f6z\u00f6tt erd\u00e9lyi k\u00f6r\u00fatra indult az egyh\u00e1zk\u00f6zs\u00e9g 40 f\u0151vel, k\u00f6zt\u00fck X-es fiatalokkal. A zar\u00e1ndok\u00fat c\u00e9lja\u00a0<strong>Cs\u00edksomly\u00f3<\/strong>\u00a0volt, ahol\u00a0<em>Iv\u00e1n atya<\/em>\u00a0szentmis\u00e9t celebr\u00e1lt az utaz\u00f3knak, akik ezut\u00e1n vir\u00e1ggal j\u00e1rultak a Sz\u0171zanya kegyszobr\u00e1hoz. A j\u00falius 25. \u2013 augusztus 2. k\u00f6z\u00f6tt 18\u00a0<strong><em>szov\u00e1tai (erd\u00e9lyi) gyermek<\/em><\/strong>\u00a0\u00e9s 2 feln\u0151tt k\u00eds\u00e9r\u0151 r\u00e9sz\u00e9re szervezett<strong><em>marcali t\u00e1bor<\/em><\/strong>\u00a0megszervez\u00e9s\u00e9ben az X-es fiatalok is nagy szerepet v\u00e1llaltak. Augusztus 2-\u00e1n 16 X-es fiatal\u00a0<strong>K\u0151szegre<\/strong>\u00a0indult v\u00e1ndort\u00e1borba a Verbita rendh\u00e1zba, ahonnan\u00a0<strong>Sopronba \u00e9s Szombathelyre<\/strong>\u00a0is tettek kir\u00e1ndul\u00e1sokat. A\u00a0<strong>k\u00f6lni Vil\u00e1gifj\u00fas\u00e1gi Tal\u00e1lkoz\u00f3n<\/strong>, augusztus 21-\u00e9n, 5 marcali X-es fiatal:\u00a0<em>Laskai P\u00e9ter, Horv\u00e1th Lilla, Vass Andrea, Brolly P\u00e9ter \u00e9s Pozsonyi P\u00e1l<\/em>\u00a0is k\u00e9pviselt\u00e9k az egyh\u00e1zk\u00f6zs\u00e9get. Okt\u00f3ber 8-\u00e1n este a k\u00e9thelyi templomban imavirraszt\u00e1st tartottak a marcali fiatalok. A pl\u00e9b\u00e1nia \u00e1dventi lelki napj\u00e1t december 4-\u00e9n\u00a0<strong><em>Szab\u00f3 Oszk\u00e1r \u0151rnagy, t\u00e1bori lelk\u00e9sz<\/em><\/strong>\u00a0vezette. December 11-\u00e9n\u00a0<strong>V\u00f6rs\u00f6n<\/strong>, az orsz\u00e1g legnagyobb belt\u00e9ri betlehem\u00e9n\u00e9l, mis\u00e9zett\u00a0<em>Kiss Iv\u00e1n c. pr\u00e9post, esperes-pl\u00e9b\u00e1nos<\/em>. A zar\u00e1ndoklatra sokan elmentek Marcalib\u00f3l, k\u00f6zt\u00fck fiatalok is. December 31-\u00e9n szilveszteri h\u00e1laad\u00e1s, majd k\u00f6z\u00f6ss\u00e9gi tal\u00e1lkoz\u00f3 volt az X-h\u00e1zban.<\/p>\n<p><strong>2006.<\/strong>\u00a0janu\u00e1r 28-\u00e1n hittanos farsangot rendeztek az X-h\u00e1zban. Az \u00f6sszesen kb. 150 gyermeknek k\u00e9t r\u00e9szletben tartott\u00e1k meg a b\u00e1lt, k\u00fcl\u00f6n az als\u00f3s \u00e9s k\u00fcl\u00f6n a fels\u0151s\u00f6k r\u00e9sz\u00e9re. Febru\u00e1r 25-\u00e9n\u00a0<strong>Balatonszemesen<\/strong>, az Egyh\u00e1zmegye Ifj\u00fas\u00e1gi Tal\u00e1lkoz\u00f3j\u00e1n\u00a0<em>Kiss Iv\u00e1n c. pr\u00e9post, esperes-pl\u00e9b\u00e1nos<\/em>\u00a09 marcali fiatallal k\u00e9pviseltette mag\u00e1t. Ugyanaznap este Marcaliban az X-h\u00e1z nagyterm\u00e9ben a 6. Katolikus b\u00e1lon mintegy 100 r\u00e9sztvev\u0151 jelent meg. \u00c1prilis 7-\u00e9n engesztel\u0151 ima\u00f3r\u00e1t tartottak a magyar nemzet\u00e9rt, melyen az X-esek is r\u00e9szt vettek. \u00c1prilis 15-\u00e9n a nagyszombati szertart\u00e1son \u00e9s a k\u00f6rmeneten az X-es fiatalok is akt\u00edvan jelen voltak. J\u00fanius 24-\u00e9n\u00a0<strong>Somogyv\u00e1rra<\/strong>\u00a0az X-esek is elzar\u00e1ndokoltak az \u00fcnnepi szentmis\u00e9re. J\u00falius 3-8. k\u00f6z\u00f6tt a\u00a0<strong>cs\u00edksomly\u00f3i<\/strong>\u00a0zar\u00e1ndoklaton a fiatalok ism\u00e9t k\u00e9pviseltett\u00e9k magukat. J\u00falius 17-t\u0151l 10 napig a\u00a0<strong><em>D\u00e9vai Szent Ferenc Alap\u00edtv\u00e1ny<\/em><\/strong>\u00a040 szov\u00e1tai gyermek\u00e9t t\u00e1boroztatt\u00e1k Marcaliban. (A sz\u00ednes programokat\u00a0<em>Kiss Iv\u00e1n pl\u00e9b\u00e1nos<\/em>\u00a0\u00e9s az X-esek szervezt\u00e9k meg.) Az augusztus 20-ki \u00fcnneps\u00e9gen az \u00faj Szabadt\u00e9ri sz\u00ednpadon (Eur\u00f3pa-park) megtartott szentmis\u00e9n a fiatalok szint\u00e9n r\u00e9szt vettek. Augusztus 22-t\u0151l az X-esek\u00a0<strong>Galambokon<\/strong>\u00a0tartott\u00e1k szok\u00e1sos ny\u00e1ri v\u00e1ndort\u00e1borukat. November 11-\u00e9n j\u00e1tsz\u00f3h\u00e1zat tartottak a 2. oszt\u00e1lyos hittanosoknak. November 18-\u00e1n\u00a0<strong>Somogys\u00e1msonban<\/strong>\u00a0a Hittanos \u00e9s Ifj\u00fas\u00e1gi tal\u00e1lkoz\u00f3n 40 marcali fiatal \u00e9s hittanos vett r\u00e9szt. Az \u00e1dventi lelki napot, december 10-\u00e9n\u00a0<strong><em>Berta Tibor t\u00e1bori alezredes, kiemelt esperes<\/em><\/strong>\u00a0tartotta, melyen X-esek is jelen voltak. December 16-\u00e1n az id\u0151sek kar\u00e1csony\u00e1t az X-h\u00e1zban a fiatalok rendezt\u00e9k meg. December 31-\u00e9n a h\u00e1laad\u00e1s ut\u00e1n, az X-es fiatalok szok\u00e1sos szilveszter\u00e9t tartott\u00e1k meg a k\u00f6z\u00f6ss\u00e9gi h\u00e1zban.<\/p>\n<p><strong>2007.<\/strong>\u00a0febru\u00e1r 10-\u00e9n tartott\u00e1k a hittanosok farsangj\u00e1t kb. 100 gyermek r\u00e9szv\u00e9tel\u00e9vel. Febru\u00e1r 17-\u00e9n az X-es fiatalok\u00a0<strong>Balatonszemesen<\/strong>, az ifj\u00fas\u00e1gi tal\u00e1lkoz\u00f3n, majd aznap este a 7. Marcali Katolikus B\u00e1lon is r\u00e9szt vettek. M\u00e1rcius 24-\u00e9n a lelki napot, a Segesdi Esperesi Ker\u00fclet papjai tartott\u00e1k. A gyermekek fel\u00fcgyelet\u00e9t az X-esek l\u00e1tt\u00e1k el. M\u00e1rcius 31-\u00e9n az egyh\u00e1zmegye ifj\u00fas\u00e1gi k\u00f6z\u00f6ss\u00e9g vezet\u0151inek tartottak tal\u00e1lkoz\u00f3t az X-h\u00e1zban. \u00c1prilis 7-\u00e9n a felt\u00e1mad\u00e1si k\u00f6rmeneten az egyh\u00e1zk\u00f6zs\u00e9g mellett a fiatalok is \u00fajb\u00f3l k\u00f6zrem\u0171k\u00f6dtek. Az els\u0151 kereszt\u00e9ny maj\u00e1lison (m\u00e1jus 1.) a fiatalok is sz\u00e9p sz\u00e1mmal k\u00f6zrem\u0171k\u00f6dtek \u00e9s jelen voltak. M\u00e1jus 22-\u00e9n\u00a0<strong>B\u00f6jte Csaba a D\u00e9vai Szent Ferenc Alap\u00edtv\u00e1ny vezet\u0151je<\/strong>\u00a0l\u00e1togatott el Marcaliba, ahol mis\u00e9t celebr\u00e1lt, majd tal\u00e1lkozott a ny\u00e1ri t\u00e1bor szervez\u0151ivel \u00e9s k\u00f6zrem\u0171k\u00f6d\u0151ivel. J\u00fanius 10-\u00e9n az X-esek is r\u00e9sztvev\u0151i voltak az \u00darnapi k\u00f6rmenetnek. J\u00fanius 25-t\u0151l 50 f\u0151s hittanos t\u00e1bort tartottak az X-h\u00e1zban. J\u00falius 1-t\u0151l\u00a0<strong>cs\u00edksomly\u00f3i zar\u00e1ndoklaton<\/strong>\u00a0vett r\u00e9szt az egyh\u00e1zk\u00f6zs\u00e9g, k\u00f6zt\u00fck X-es fiatalok is voltak. J\u00falius 9-18. k\u00f6z\u00f6tt 34 szov\u00e1tai gyermeket t\u00e1boroztatott az egyh\u00e1zk\u00f6zs\u00e9g Marcaliban. A t\u00e1bort\u00a0<em>Deiszingern\u00e9 Kiss Anna<\/em>\u00a0hitoktat\u00f3n\u0151 \u00e9s X-vezet\u0151 ir\u00e1ny\u00edtotta, az X-es fiatalok seg\u00edts\u00e9g\u00e9vel. Augusztus 20-\u00e1n szabadt\u00e9ri szentmise volt az Eur\u00f3pa-parkban. December 8-\u00e1n Szent Mikl\u00f3s \u00fcnneps\u00e9get tartottak az X-h\u00e1zban. December 24-\u00e9n az X-esek p\u00e1sztorj\u00e1t\u00e9kot szerveztek a hittanosok k\u00f6zrem\u0171k\u00f6d\u00e9s\u00e9vel. December 31-\u00e9n a h\u00e1laad\u00e1s ut\u00e1n, az X-es fiatalok szilvesztereztek az X-h\u00e1zban.<\/p>\n<p><strong>2008.<\/strong>\u00a0janu\u00e1r 26-\u00e1n tartott\u00e1k a gyermek farsangot az X-h\u00e1zban. Febru\u00e1r 2-\u00e1n az X-es fiatalok\u00a0<strong>Balatonszemesen<\/strong>, az ifj\u00fas\u00e1gi tal\u00e1lkoz\u00f3n, majd aznap este a 8. Marcali Katolikus B\u00e1lon is r\u00e9szt vettek. Febru\u00e1r 29-t\u0151l a nagyb\u00f6jti keresztutat p\u00e9ntekenk\u00e9nt a k\u00f6z\u00f6ss\u00e9gek \u00e9s a fiatalok v\u00e9gezt\u00e9k.\u00a0<strong>B\u00f6jte Csaba ferences atya<\/strong>\u00a0m\u00e1rcius 5-\u00e9n ism\u00e9t Marcaliba l\u00e1togatott. M\u00e1rcius 8-\u00e1n a lelki napot, ism\u00e9t a Segesdi Esperesi Ker\u00fclet papjai tartott\u00e1k. M\u00e1rcius 22-\u00e9n a felt\u00e1mad\u00e1si k\u00f6rmeneten az X-es fiatalok is akt\u00edvan k\u00f6zrem\u0171k\u00f6dtek. M\u00e1jus 10-\u00e9n Ker\u00fcleti Ifj\u00fas\u00e1gi tal\u00e1lkoz\u00f3n j\u00e1rtak az X-esek\u00a0<strong>Somogys\u00e1msonban<\/strong>. J\u00fanius 8-\u00e1n a\u00a0<strong><em>Marcali Polg\u00e1ri Egy\u00fcttm\u0171k\u00f6d\u00e9s Frakci\u00f3 \u00e9s az egyh\u00e1zk\u00f6zs\u00e9g k\u00f6z\u00f6s juni\u00e1list rendezett az X-h\u00e1z udvar\u00e1n<\/em><\/strong>. J\u00fanius 30-j\u00falius 6. k\u00f6z\u00f6tt hittanos t\u00e1bor volt 40 gyermekkel az X-h\u00e1zban. J\u00falius 21-29. k\u00f6z\u00f6tt ism\u00e9t 38 szov\u00e1tai gyermek t\u00e1borozott Marcaliban az X-h\u00e1zban, illetve fogad\u00f3 sz\u00fcl\u0151kn\u00e9l. Szabadt\u00e9ri szentmise volt augusztus 20-\u00e1n az X-esek k\u00f6zrem\u0171k\u00f6d\u00e9s\u00e9vel. Szeptember 27-\u00e9n sportnapot tartottak az X-h\u00e1zban.<\/p>\n<p><strong>2009.<\/strong>\u00a0febru\u00e1r 14-\u00e9n a hittanos gyermekek farsangj\u00e1t tartott\u00e1k, k\u00e9t csoportban az X-h\u00e1zban. A 9. Marcali Katolikus B\u00e1lt a GY\u00c9K-ben rendezt\u00e9k, melyen az X-esek is r\u00e9szt vettek. \u00c1prilis 4-\u00e9n nagyb\u00f6jti lelki napot tartottak a hittanosoknak \u00e9s fiataloknak. \u00c1prilis 11-\u00e9n a nagyszombati felt\u00e1mad\u00e1si k\u00f6rmenetbe a fiatalok is bekapcsol\u00f3dtak. J\u00fanius 22-27. k\u00f6z\u00f6tt a szok\u00e1sos gyermekt\u00e1bort szervezt\u00e9k meg 45 f\u0151vel az X-h\u00e1zban. J\u00falius 4-\u00e9n\u00a0<strong>Segesden<\/strong>\u00a0egyh\u00e1zmegyei ifj\u00fas\u00e1gi tal\u00e1lkoz\u00f3n marcaliak is k\u00e9pviseltett\u00e9k magukat. J\u00falius 13-16. k\u00f6z\u00f6tt a<strong><em>k\u00e1rp\u00e1taljai zar\u00e1ndoklaton\u00a0<\/em><\/strong>X-esek is r\u00e9szt vettek. Szabadt\u00e9ri szentmis\u00e9t tartottak augusztus 20-\u00e1n az X-esek k\u00f6zrem\u0171k\u00f6d\u00e9s\u00e9vel. Okt\u00f3ber 17-\u00e9n Ker\u00fcleti Ifj\u00fas\u00e1gi tal\u00e1lkoz\u00f3n j\u00e1rtak az X-esek \u00e9s hittanosok\u00a0<strong>Somogys\u00e1msonban<\/strong>. November 14-\u00e9n sportnapot, majd november 28-\u00e1n j\u00e1tsz\u00f3h\u00e1zat tartottak az X-h\u00e1zban. December 6-\u00e1n Szent Mikl\u00f3s \u00fcnneps\u00e9g volt a pl\u00e9b\u00e1niatemplomban a 8,30 \u00f3r\u00e1s szentmis\u00e9n.<\/p>\n<p><strong>Forr\u00e1sok:<\/strong><br \/>\n\u2013 Marcali Pl\u00e9b\u00e1nia Historia Domus II. k\u00f6tet (1940-2008)<br \/>\n\u2013 Marcali Pl\u00e9b\u00e1nia Historia Domus III. k\u00f6tet (2008-t\u00f3l)<\/p>\n<p><strong>\u00d6ssze\u00e1ll\u00edtotta:<\/strong>\u00a0Kiss K\u00e1lm\u00e1n<\/p>\n","protected":false},"excerpt":{"rendered":"<p>Az X alap\u00edt\u00e1sa:\u00a0Marcali, 1994. j\u00falius 8. (M\u0171vel\u0151d\u00e9si H\u00e1z) Az X vezet\u0151i:\u00a0Koll\u00e1r R\u00f3bert (1994-1998) Kir\u00e1ly M\u00e1rta, Kiss Anna (1998-2008) Kir\u00e1ly Kriszti\u00e1n (2008-2010) Az X alap\u00edt\u00f3 tagjai 1994-ben: Benkes Anita (Mesztegny\u0151), Ga\u00e1l Bal\u00e1zs, Ga\u00e1l B\u00e9la, Garics Zsolt, Gazda Tam\u00e1s, Hiz\u00f3 Johanna, Horv\u00e1th Andr\u00e1s, Horv\u00e1th Andrea, Horv\u00e1th Bernadett, Horv\u00e1th Istv\u00e1n, Horv\u00e1th Tam\u00e1s, Ilia Istv\u00e1n, Ilia Judit, Kir\u00e1ly Jen\u0151, Kir\u00e1ly P\u00e9ter, Kir\u00e1ly Kriszti\u00e1n, Kir\u00e1ly M\u00e1rta, Kisp\u00e1l Zolt\u00e1n, Kiss Anna, Kiss M\u00e1ria,\u00a0Koll\u00e1r R\u00f3bert, Kov\u00e1cs Be\u00e1ta, Kutor Andr\u00e1s, Lakin\u00e9 Simon Bea, Linha L\u00edvia, Magyar Tam\u00e1s, Markovics&#8230;<\/p>\n<p class=\"read-more\"><a class=\"btn btn-default\" href=\"https:\/\/marcali.plebania.hu\/?page_id=60\"> Read More<span class=\"screen-reader-text\">  Read More<\/span><\/a><\/p>\n","protected":false},"author":1,"featured_media":0,"parent":14,"menu_order":0,"comment_status":"closed","ping_status":"closed","template":"","meta":{"footnotes":""},"class_list":["post-60","page","type-page","status-publish","hentry"],"_links":{"self":[{"href":"https:\/\/marcali.plebania.hu\/index.php?rest_route=\/wp\/v2\/pages\/60","targetHints":{"allow":["GET"]}}],"collection":[{"href":"https:\/\/marcali.plebania.hu\/index.php?rest_route=\/wp\/v2\/pages"}],"about":[{"href":"https:\/\/marcali.plebania.hu\/index.php?rest_route=\/wp\/v2\/types\/page"}],"author":[{"embeddable":true,"href":"https:\/\/marcali.plebania.hu\/index.php?rest_route=\/wp\/v2\/users\/1"}],"replies":[{"embeddable":true,"href":"https:\/\/marcali.plebania.hu\/index.php?rest_route=%2Fwp%2Fv2%2Fcomments&post=60"}],"version-history":[{"count":3,"href":"https:\/\/marcali.plebania.hu\/index.php?rest_route=\/wp\/v2\/pages\/60\/revisions"}],"predecessor-version":[{"id":83,"href":"https:\/\/marcali.plebania.hu\/index.php?rest_route=\/wp\/v2\/pages\/60\/revisions\/83"}],"up":[{"embeddable":true,"href":"https:\/\/marcali.plebania.hu\/index.php?rest_route=\/wp\/v2\/pages\/14"}],"wp:attachment":[{"href":"https:\/\/marcali.plebania.hu\/index.php?rest_route=%2Fwp%2Fv2%2Fmedia&parent=60"}],"curies":[{"name":"wp","href":"https:\/\/api.w.org\/{rel}","templated":true}]}}