{"id":6726,"date":"2025-02-15T09:38:53","date_gmt":"2025-02-15T09:38:53","guid":{"rendered":"https:\/\/marcali.plebania.hu\/?page_id=6726"},"modified":"2026-03-03T22:57:20","modified_gmt":"2026-03-03T22:57:20","slug":"tamogatas","status":"publish","type":"page","link":"https:\/\/marcali.plebania.hu\/?page_id=6726","title":{"rendered":"T\u00e1mogat\u00e1s"},"content":{"rendered":"\n<blockquote class=\"wp-block-quote is-layout-flow wp-block-quote-is-layout-flow\">\n<p>Azt mondom ugyanis, aki sz\u0171ken vet, sz\u0171ken is arat, \u00e9s aki b\u0151ven vet, b\u0151ven is arat. Mindenki \u00fagy adjon, ahogy el\u0151re eld\u00f6nt\u00f6tte sz\u00edv\u00e9ben, ne kelletlen\u00fcl vagy k\u00e9nyszer\u0171s\u00e9gb\u0151l, mert \u201eIsten a j\u00f3kedv\u0171 adakoz\u00f3t szereti\u201d. \u00c9s Istennek van hatalma arra, hogy minden kegyelm\u00e9t ki\u00e1rassza r\u00e1tok, hogy mindig minden tekintetben meglegyen mindenetek, amire sz\u00fcks\u00e9getek van, az\u00e9rt, hogy j\u00f3 tettekben b\u0151velkedjetek (2 Kor 9, 6-8.)<br><\/p>\n<\/blockquote>\n\n\n\n<hr class=\"wp-block-separator has-alpha-channel-opacity\"\/>\n\n\n\n<p><strong><em>Lehet\u0151s\u00e9geid szerint seg\u00edtsd az Egyh\u00e1zat anyagi sz\u00fcks\u00e9gleteiben!<\/em> <\/strong>\u2013 az Egyh\u00e1z 5. parancsolata eml\u00e9keztet arra, hogy az Egyh\u00e1z (j\u00f6vedelemmel rendelkez\u0151) tagjak\u00e9nt lelkiismereti k\u00f6teless\u00e9g\u00fcnk r\u00e9szt venni k\u00f6z\u00f6ss\u00e9g\u00fcnk \u00e9let\u00e9ben \u00fagy is, hogy annak kiad\u00e1saib\u00f3l r\u00e9szt v\u00e1llalunk.&nbsp;<\/p>\n\n\n\n<p>K\u00f6z\u00f6ss\u00e9g\u00fcnk sz\u00e1mos m\u00f3don t\u00e1mogat\u00f3:<br><\/p>\n\n\n\n<ul class=\"wp-block-list\">\n<li><span style=\"text-decoration: underline;\"><strong>Egyh\u00e1zi hozz\u00e1j\u00e1rul\u00e1s<\/strong><\/span><\/li>\n<\/ul>\n\n\n\n<p>Az egyh\u00e1zi hozz\u00e1j\u00e1rul\u00e1s (r\u00e9gebben egyh\u00e1zi ad\u00f3 vagy p\u00e1rb\u00e9r) az egyh\u00e1zk\u00f6zs\u00e9g mint k\u00f6z\u00f6ss\u00e9g \u00e9s int\u00e9zm\u00e9ny m\u0171k\u00f6dtet\u00e9s\u00e9re befizetett \u00f6sszeg. Az egyh\u00e1zfenntart\u00e1sra sz\u00e1nt adom\u00e1nnyal nem k\u00edv\u00fclr\u0151l t\u00e1mogatunk egy t\u0151l\u00fcnk idegen int\u00e9zm\u00e9nyt, hanem a h\u00edvek tartj\u00e1k fenn saj\u00e1t k\u00f6z\u00f6ss\u00e9g\u00fcket, amelynek akt\u00edv tagjai, az\u00e1ltal is, hogy r\u00e9szt v\u00e1llalnak a k\u00f6z\u00f6ss\u00e9g \u00e9let\u00e9nek anyagi vonzataiban is.<\/p>\n\n\n\n<p>A p\u00fcsp\u00f6ki kar \u00e1ltal <em>aj\u00e1nlott<\/em> m\u00e9rt\u00e9ke: az \u00e9ves nett\u00f3 munkab\u00e9r vagy nyugd\u00edj 1%-a, amit keres\u0151nk\u00e9nt fizet\u00fcnk. Ez havi 100 ezer forintonk\u00e9nt \u00e9vi 12 ezer forintot jelent. Ezt a pl\u00e9b\u00e1niai k\u00f6z\u00f6ss\u00e9gi terek (templomok, pl\u00e9b\u00e1nia, iroda, k\u00f6z\u00f6ss\u00e9gi termek) rezsik\u00f6lts\u00e9geire \u00e9s karbantart\u00e1s\u00e1ra,  a munkat\u00e1rsak b\u00e9r\u00e9re, \u00e9s a felmer\u00fcl\u0151 egy\u00e9b k\u00f6lts\u00e9gekre ford\u00edtjuk. K\u00e9pvisel\u0151test\u00fclet\u00fcnk <strong>minimum<\/strong>k\u00e9nt <strong>6000 forint<\/strong>ot hat\u00e1rozott meg az idei \u00e9vre (ez havonta mind\u00f6ssze 500 forint kiad\u00e1st jelent), ami &#8211; ak\u00e1r t\u00f6bb r\u00e9szletben is &#8211; befizethet\u0151 k\u00e9szp\u00e9nzben az irod\u00e1ban, valamint (rendszeres) banki \u00e1tutal\u00e1ssal. Ut\u00f3bbi esetben k\u00f6zlem\u00e9nyk\u00e9nt k\u00e9rj\u00fck megadni: &#8222;N\u00e9v, lakc\u00edm, egyh\u00e1zi hozz\u00e1j\u00e1rul\u00e1s, \u00e9v&#8221;.<\/p>\n\n\n\n<p>N\u00e9v:\u00a0\u00a0\u00a0\u00a0\u00a0\u00a0\u00a0\u00a0\u00a0\u00a0\u00a0\u00a0\u00a0\u00a0\u00a0\u00a0\u00a0\u00a0\u00a0  \u00a0\u00a0\u00a0\u00a0 Gy\u00fcm\u00f6lcsolt\u00f3 Boldogasszony Pl\u00e9b\u00e1nia Marcali<br>Sz\u00e1mlaazonos\u00edt\u00f3: 10700172-76273768-51100005 (CIB Bank)<\/p>\n\n\n\n<ul class=\"wp-block-list\">\n<li><span style=\"text-decoration: underline;\"><strong>Adom\u00e1ny<\/strong><\/span><\/li>\n<\/ul>\n\n\n\n<p>P\u00e9nzben vagy szolg\u00e1latban ny\u00fajtott \u00f6nk\u00e9ntes, j\u00f3t\u00e9kony c\u00e9l\u00fa t\u00e1mogat\u00e1s. Tev\u00e9kenys\u00e9g\u00fcnk egyes kiemelt ter\u00fcletei (pl. ifj\u00fas\u00e1g, k\u00f6z\u00f6ss\u00e9gi programok, lelkigyakorlat, karit\u00e1sz) k\u00fcl\u00f6n is t\u00e1mogathat\u00f3k. Ehhez utal\u00e1skor k\u00f6zlem\u00e9nyk\u00e9nt megadhat\u00f3 az adom\u00e1ny konkr\u00e9t c\u00e9lja (pl. &#8222;adom\u00e1ny &#8211; pl\u00e9b\u00e1niai t\u00e1bor&#8221;).<\/p>\n\n\n\n<ul class=\"wp-block-list\">\n<li><span style=\"text-decoration: underline;\"><strong>Perselyp\u00e9nz<\/strong><\/span><\/li>\n<\/ul>\n\n\n\n<p>A szentmis\u00e9ken gy\u0171jt\u00f6tt adom\u00e1ny. A templomok \u00fczemeltet\u00e9s\u00e9re (f\u0171t\u00e9s, vil\u00e1g\u00edt\u00e1s, d\u00edsz\u00edt\u00e9s, liturgikus eszk\u00f6z\u00f6k) ford\u00edtjuk. A meghirdetett k\u00f6zponti gy\u0171jt\u00e9sek (katolikus iskol\u00e1k, misszi\u00f3k, P\u00e9ter-fill\u00e9r stb.) bev\u00e9tel\u00e9t a p\u00fcsp\u00f6ks\u00e9g sz\u00e1ml\u00e1j\u00e1ra fizetj\u00fck be, onnan ker\u00fcl tov\u00e1bb\u00edt\u00e1sra.<\/p>\n\n\n\n<ul class=\"wp-block-list\">\n<li><span style=\"text-decoration: underline;\"><strong>St\u00f3lad\u00edj<\/strong><\/span><\/li>\n<\/ul>\n\n\n\n<p>Bizonyos egyh\u00e1zi szertart\u00e1sok (esket\u00e9s, temet\u00e9s) alkalm\u00e1val fizetend\u0151 d\u00edj, illetve miseadom\u00e1ny, mely\u00e9rt a pap egy szentmis\u00e9t az adom\u00e1nyoz\u00f3 sz\u00e1nd\u00e9k\u00e1ra mutat be. M\u00e9rt\u00e9k\u00e9t \u00e9s a szolg\u00e1lattev\u0151k k\u00f6z\u00f6tti eloszt\u00e1s\u00e1nak ar\u00e1ny\u00e1t a Magyar Katolikus P\u00fcsp\u00f6ki Konferencia szab\u00e1lyozza.<\/p>\n\n\n\n<ul class=\"wp-block-list\">\n<li><span style=\"text-decoration: underline;\"><strong>Tized<\/strong><\/span><\/li>\n<\/ul>\n\n\n\n<p>\u00d6nk\u00e9ntes, rendszeres adom\u00e1ny a h\u00edv\u0151 k\u00f6z\u00f6ss\u00e9g t\u00e1mogat\u00e1s\u00e1ra. B\u00e1rmilyen j\u00f6vedelm\u00fcnk (munkab\u00e9r, \u00f6r\u00f6ks\u00e9g, nyerem\u00e9ny stb.) 1 tized r\u00e9sze.<\/p>\n\n\n\n<ul class=\"wp-block-list\">\n<li><span style=\"text-decoration: underline;\"><strong>Ad\u00f3 1%<\/strong><\/span><\/li>\n<\/ul>\n\n\n\n<p>A szem\u00e9lyi j\u00f6vedelemad\u00f3 bevall\u00e1sakor (pl. <a href=\"https:\/\/eszja.nav.gov.hu\/app\/login\/#login\">a NAV eSZJA oldal\u00e1n<\/a>) t\u00e1mogathatjuk valamelyik bejegyzett egyh\u00e1zat. Az \u00e1llam a r\u00e9sz\u00e9re befizetett \u00f6sszeget a felaj\u00e1nl\u00f3k sz\u00e1m\u00e1nak ar\u00e1ny\u00e1ban osztja sz\u00e9t az egyh\u00e1zak k\u00f6z\u00f6tt. Az \u00edgy kisz\u00e1m\u00edtott r\u00e1es\u0151 p\u00e9nz\u00f6sszeget a Magyar Katolikus Egyh\u00e1z k\u00f6zpontja kapja meg \u00e9s osztja sz\u00e9t egyh\u00e1zmegy\u00e9i k\u00f6z\u00f6tt.<\/p>\n\n\n\n<p>A Magyar Katolikus Egyh\u00e1z technikai sz\u00e1ma: <strong>0011<\/strong><\/p>\n\n\n\n<p>Ad\u00f3nk egy m\u00e1sik 1 %-\u00e1val pedig egy civil szervezetet t\u00e1mogathatunk, p\u00e9ld\u00e1ul a <br>Karit\u00e1szt T\u00e1mogat\u00f3 Alap\u00edtv\u00e1nyt, melynek ad\u00f3sz\u00e1ma: 19666275-1-43.<br><\/p>\n\n\n\n<h4 class=\"wp-block-heading\"><em><strong>K\u00f6sz\u00f6n\u00fcnk minden egyh\u00e1zfenntart\u00e1sra sz\u00e1nt adom\u00e1nyt!<\/strong><\/em><\/h4>\n\n\n\n<p><\/p>\n","protected":false},"excerpt":{"rendered":"<p>Azt mondom ugyanis, aki sz\u0171ken vet, sz\u0171ken is arat, \u00e9s aki b\u0151ven vet, b\u0151ven is arat. Mindenki \u00fagy adjon, ahogy el\u0151re eld\u00f6nt\u00f6tte sz\u00edv\u00e9ben, ne kelletlen\u00fcl vagy k\u00e9nyszer\u0171s\u00e9gb\u0151l, mert \u201eIsten a j\u00f3kedv\u0171 adakoz\u00f3t szereti\u201d. \u00c9s Istennek van hatalma arra, hogy minden kegyelm\u00e9t ki\u00e1rassza r\u00e1tok, hogy mindig minden tekintetben meglegyen mindenetek, amire sz\u00fcks\u00e9getek van, az\u00e9rt, hogy j\u00f3 tettekben b\u0151velkedjetek (2 Kor 9, 6-8.) Lehet\u0151s\u00e9geid szerint seg\u00edtsd az Egyh\u00e1zat anyagi sz\u00fcks\u00e9gleteiben! \u2013 az Egyh\u00e1z 5. parancsolata eml\u00e9keztet arra, hogy az Egyh\u00e1z (j\u00f6vedelemmel rendelkez\u0151)&#8230;<\/p>\n<p class=\"read-more\"><a class=\"btn btn-default\" href=\"https:\/\/marcali.plebania.hu\/?page_id=6726\"> Read More<span class=\"screen-reader-text\">  Read More<\/span><\/a><\/p>\n","protected":false},"author":1,"featured_media":0,"parent":8,"menu_order":0,"comment_status":"closed","ping_status":"closed","template":"","meta":{"footnotes":""},"class_list":["post-6726","page","type-page","status-publish","hentry"],"_links":{"self":[{"href":"https:\/\/marcali.plebania.hu\/index.php?rest_route=\/wp\/v2\/pages\/6726","targetHints":{"allow":["GET"]}}],"collection":[{"href":"https:\/\/marcali.plebania.hu\/index.php?rest_route=\/wp\/v2\/pages"}],"about":[{"href":"https:\/\/marcali.plebania.hu\/index.php?rest_route=\/wp\/v2\/types\/page"}],"author":[{"embeddable":true,"href":"https:\/\/marcali.plebania.hu\/index.php?rest_route=\/wp\/v2\/users\/1"}],"replies":[{"embeddable":true,"href":"https:\/\/marcali.plebania.hu\/index.php?rest_route=%2Fwp%2Fv2%2Fcomments&post=6726"}],"version-history":[{"count":13,"href":"https:\/\/marcali.plebania.hu\/index.php?rest_route=\/wp\/v2\/pages\/6726\/revisions"}],"predecessor-version":[{"id":7997,"href":"https:\/\/marcali.plebania.hu\/index.php?rest_route=\/wp\/v2\/pages\/6726\/revisions\/7997"}],"up":[{"embeddable":true,"href":"https:\/\/marcali.plebania.hu\/index.php?rest_route=\/wp\/v2\/pages\/8"}],"wp:attachment":[{"href":"https:\/\/marcali.plebania.hu\/index.php?rest_route=%2Fwp%2Fv2%2Fmedia&parent=6726"}],"curies":[{"name":"wp","href":"https:\/\/api.w.org\/{rel}","templated":true}]}}