{"id":6881,"date":"2025-05-13T23:13:05","date_gmt":"2025-05-13T23:13:05","guid":{"rendered":"https:\/\/marcali.plebania.hu\/?page_id=6881"},"modified":"2025-05-13T23:13:05","modified_gmt":"2025-05-13T23:13:05","slug":"kereszteles","status":"publish","type":"page","link":"https:\/\/marcali.plebania.hu\/?page_id=6881","title":{"rendered":"Keresztel\u00e9s"},"content":{"rendered":"\n<blockquote class=\"wp-block-quote is-layout-flow wp-block-quote-is-layout-flow\">\n<p>Az \u00dar J\u00e9zus ezt mondta: <em>\u201cAz\u00e9rt j\u00f6ttem, hogy \u00e9let\u00fck legyen \u00e9s b\u0151s\u00e9gben legyen.\u201d&nbsp;<\/em>(Jn 10,10) Majd felt\u00e1mad\u00e1sa ut\u00e1n, mennybemenetelekor ezt a parancsot adta apostolainak:&nbsp;<em>\u201eMenjetek, tegy\u00e9tek tan\u00edtv\u00e1nyaimm\u00e1 mind a n\u00e9peket. Keresztelj\u00e9tek meg \u0151ket az Atya \u00e9s a Fi\u00fa \u00e9s a Szentl\u00e9lek nev\u00e9ben, \u00e9s tan\u00edts\u00e1tok \u0151ket mindannak megtart\u00e1s\u00e1ra, amit parancsoltam nektek!\u201d<\/em>&nbsp;(Mt 28,19).<\/p>\n<\/blockquote>\n\n\n\n<p>A kereszts\u00e9g kiszolg\u00e1ltat\u00e1sakor Isten \u00e9let\u00e9ben r\u00e9szes\u00fcl\u00fcnk, a l\u00e1that\u00f3 szents\u00e9gi jel val\u00f3s\u00e1gosan k\u00f6zvet\u00edti Isten szeretet\u00e9t, az \u0151 \u00e9let\u00e9be kapcsol bele: \u201e\u00e1ltala az emberek megszabadulnak a b\u0171n\u00f6kt\u0151l, Isten gyermekeiv\u00e9 sz\u00fcletnek \u00fajj\u00e1, \u00e9s elt\u00f6r\u00f6lhetetlen jeggyel Krisztushoz hasonl\u00f3v\u00e1 v\u00e1lva az egyh\u00e1z tagjai lesznek.\u201d (849.k\u00e1non)<\/p>\n\n\n\n<p>Amikor egy feln\u0151tt ember sz\u00edv\u00e9ben fel\u00e9bred a v\u00e1gy, hogy megkeresztelkedjen, az Egyh\u00e1z felk\u00edn\u00e1lja a lehet\u0151s\u00e9get, hogy J\u00e9zus szem\u00e9ly\u00e9t \u00e9s tan\u00edt\u00e1s\u00e1t megismerje \u00e9s azt a k\u00f6z\u00f6ss\u00e9g seg\u00edts\u00e9g\u00e9vel \u00e9letre tudja v\u00e1ltani. Mindez nem csup\u00e1n ismeretet jelent, hanem a kereszt\u00e9ny \u00e9letm\u00f3d elsaj\u00e1t\u00edt\u00e1s\u00e1t, a kereszt\u00e9ny k\u00f6z\u00f6ss\u00e9g \u00e9let\u00e9be val\u00f3 bekapcsol\u00f3d\u00e1st. A katekumen\u00e1tus az Egyh\u00e1z \u0151si gyakorlata a hit megismer\u00e9s\u00e9re \u00e9s meg\u00e9l\u00e9s\u00e9re.<\/p>\n\n\n\n<p>\u0150si szok\u00e1s az Egyh\u00e1zban az is, hogy a kereszt\u00e9ny sz\u00fcl\u0151k \u00fajsz\u00fcl\u00f6tt gyermek\u00fck sz\u00e1m\u00e1ra k\u00e9rik a kereszts\u00e9get. Mivel a csecsem\u0151 m\u00e9g nem k\u00e9pes tudatosan hinni, rem\u00e9lni, szeretni, ez\u00e9rt ilyenkor a sz\u00fcl\u0151k kereszt\u00e9ny hit\u00e9re t\u00e1maszkodva szolg\u00e1ltatjuk ki a szents\u00e9get: \u0151k v\u00e1llalj\u00e1k, hogy saj\u00e1t hit\u00fcket \u00e1tadj\u00e1k gyermek\u00fcknek, megismertetik vel\u00fck az evang\u00e9liumot \u00e9s szem\u00e9lyes hitre seg\u00edtik, hogy feln\u0151ve szem\u00e9lyes d\u00f6nt\u00e9st tudjon majd hozni Krisztus \u00e9s az Egyh\u00e1z mellett. Ez\u00e9rt az Egyh\u00e1z csak akkor keresztelheti meg a kisgyermekeket, ha ez a kereszt\u00e9ny nevel\u00e9s val\u00f3ban biztos\u00edtott.<\/p>\n\n\n\n<figure class=\"wp-block-embed aligncenter is-type-video is-provider-youtube wp-block-embed-youtube wp-embed-aspect-16-9 wp-has-aspect-ratio\"><div class=\"wp-block-embed__wrapper\">\n<iframe loading=\"lazy\" title=\"A kereszts\u00e9g [Misevlog 3. \u00e9vad]\" width=\"640\" height=\"360\" src=\"https:\/\/www.youtube.com\/embed\/84QjhZrgSiE?feature=oembed\" frameborder=\"0\" allow=\"accelerometer; autoplay; clipboard-write; encrypted-media; gyroscope; picture-in-picture; web-share\" referrerpolicy=\"strict-origin-when-cross-origin\" allowfullscreen><\/iframe>\n<\/div><\/figure>\n\n\n\n<p><\/p>\n\n\n\n<h2 class=\"wp-block-heading\">A k<strong>ereszts\u00e9g felt\u00e9telei<\/strong><\/h2>\n\n\n\n<h3 class=\"wp-block-heading\"><strong>Kisgyermekek eset\u00e9n:<\/strong><\/h3>\n\n\n\n<p>A keresztel\u0151 kit\u0171z\u00f6tt id\u0151pontja el\u0151tt legal\u00e1bb 3 h\u00f3nappal a pl\u00e9b\u00e1ni\u00e1n kell jelentkezni. A keresztel\u00e9sre felk\u00e9sz\u00edt\u0151 szem\u00e9lyes besz\u00e9lget\u00e9sre id\u0151pontegyeztet\u00e9s alapj\u00e1n ker\u00fcl sor. Lehet\u0151leg a f\u00e9rj \u00e9s a feles\u00e9g egy\u00fctt vegyen r\u00e9szt a besz\u00e9lget\u00e9sen. Felt\u00e9telei:<\/p>\n\n\n\n<ul class=\"wp-block-list\">\n<li>a <strong>sz\u00fcl\u0151<\/strong>k (vagy gy\u00e1mok) legal\u00e1bb egyike szem\u00e9lyesen k\u00e9rje,<\/li>\n\n\n\n<li>t\u00f6lts\u00e9k ki az irod\u00e1ban a <strong>jelentkez\u00e9si lap<\/strong>ot<\/li>\n\n\n\n<li><strong>komoly sz\u00e1nd\u00e9k<\/strong> legyen <strong>a katolikus<\/strong> vall\u00e1sban val\u00f3 <strong>nevel\u00e9sre<\/strong>: bekapcsol\u00f3d\u00e1s az egyh\u00e1z \u00e9let\u00e9be, vas\u00e1rnapi szentmis\u00e9ken val\u00f3 r\u00e9szv\u00e9tel, hittan, t\u00f6bbi szents\u00e9gre val\u00f3 felk\u00e9sz\u00fcl\u00e9s&#8230;  <em>(Ha ez nincs meg, a kereszts\u00e9get a jog el\u0151\u00edr\u00e1sai szerint a felt\u00e9tel teljes\u00fcl\u00e9s\u00e9ig el kell halasztani.)<\/em><\/li>\n\n\n\n<li>V\u00e1lasszanak a gyermeknek <strong>v\u00e9d\u0151szent<\/strong>et.<\/li>\n<\/ul>\n\n\n\n<div class=\"wp-block-buttons is-content-justification-center is-layout-flex wp-container-core-buttons-is-layout-16018d1d wp-block-buttons-is-layout-flex\">\n<div class=\"wp-block-button\"><a class=\"wp-block-button__link has-text-align-center wp-element-button\" href=\"https:\/\/marcali.plebania.hu\/wp-content\/uploads\/2025\/03\/Fekete-Antal-Keresztneveink-Vedoszentjeink.pdf\">Seg\u00edts\u00e9g a&nbsp;v\u00e9d\u0151szent&nbsp;kiv\u00e1laszt\u00e1s\u00e1hoz<\/a><\/div>\n<\/div>\n\n\n\n<p><\/p>\n\n\n\n<p>Egyh\u00e1zunk b\u0151vebb tan\u00edt\u00e1sa a kereszts\u00e9g szents\u00e9g\u00e9r\u0151l<strong> <a href=\"https:\/\/archiv.katolikus.hu\/kek\/kek01210.html\">itt olvashat\u00f3<\/a><\/strong>, a szertart\u00e1s menete pedig\u00a0<a href=\"https:\/\/marcali.plebania.hu\/wp-content\/uploads\/2025\/05\/A-kereszteles-szertartasa.pdf\" target=\"_blank\" rel=\"noreferrer noopener\"><strong>ebben<\/strong>\u00a0<\/a>a dokumentumban.<\/p>\n\n\n\n<p>A keresztel\u00e9snek nincs <strong>k\u00f6lts\u00e9ge<\/strong>, de a hitb\u0151l term\u00e9szetszer\u0171en fakad, hogy r\u00e9szt vesz\u00fcnk k\u00f6z\u00f6ss\u00e9g\u00fcnk \u00e9let\u00e9ben \u00fagy is, hogy annak kiad\u00e1saib\u00f3l r\u00e9szt v\u00e1llalunk. Err\u0151l b\u0151vebben <a href=\"https:\/\/marcali.plebania.hu\/index.php\/plebania\/tamogatas\/\">itt lehet olvasni.<\/a><\/p>\n\n\n\n<p>A keresztel\u0151 <strong>id\u0151pontja<\/strong>: a gyermekek keresztel\u00e9s\u00e9t rendszerint a h\u00f3nap utols\u00f3 vas\u00e1rnapj\u00e1n v\u00e9gezz\u00fck a 9 \u00f3rai szentmise ut\u00e1n. Az irod\u00e1ban t\u00f6rt\u00e9n\u0151 jelentkez\u00e9skor egyeztetj\u00fck az el\u0151k\u00e9sz\u00edt\u0151 alkalom \u00e9s a keresztel\u00e9s id\u0151pontj\u00e1t is.<\/p>\n\n\n\n<h3 class=\"wp-block-heading\"><strong>Feln\u0151tt korban<\/strong>:<\/h3>\n\n\n\n<p>A keresztelked\u00e9sre val\u00f3 felk\u00e9sz\u00edt\u00e9s katekumen\u00e1tusban t\u00f6rt\u00e9nik a pl\u00e9b\u00e1ni\u00e1n, melynek alkalmai jelenleg k\u00e9thetente szerd\u00e1n 18:00-kor kezd\u0151dnek.\u00a0Jelentkezni a pl\u00e9b\u00e1niai irod\u00e1n lehet vagy szem\u00e9lyesen a pl\u00e9b\u00e1nosn\u00e1l.<\/p>\n\n\n\n<p><\/p>\n\n\n\n<h2 class=\"wp-block-heading\"><strong>A keresztsz\u00fcl\u0151<\/strong><\/h2>\n\n\n\n<p>A keresztelend\u0151t a kereszt\u00e9ny \u00e9letben val\u00f3 n\u00f6veked\u00e9sben a keresztsz\u00fcl\u0151 seg\u00edti \u00e9s k\u00eds\u00e9ri. Gyermekkeresztel\u00e9s eset\u00e9n az \u0151 feladata a sz\u00fcl\u0151k seg\u00edt\u00e9se a kereszt\u00e9ny nevel\u00e9sben. Szem\u00e9ly\u00e9t maga a keresztelend\u0151 (gyermek eset\u00e9ben a sz\u00fcl\u0151) jel\u00f6li ki. A keresztel\u00e9shez a keresztsz\u00fcl\u0151 v\u00e1laszt\u00e1sa <em>nem k\u00f6telez\u0151<\/em>, de nagy seg\u00edts\u00e9g lehet a kereszt\u00e9ny \u00e9letben, ha van.\u00a0<\/p>\n\n\n\n<h3 class=\"wp-block-heading\"><strong>Ki lehet keresztsz\u00fcl\u0151?<\/strong><\/h3>\n\n\n\n<p>Az <a href=\"https:\/\/torvenykonyv.katolikus.hu\/www.vatican.va\/archive\/cod-iuris-canonici\/hu\/documents\/cic_konyvIV_0872-0874_hu.html#IV_FEJEZET\">Egyh\u00e1zi T\u00f6rv\u00e9nyk\u00f6nyv<\/a>, mely az eg\u00e9sz vil\u00e1gon egys\u00e9gesen szab\u00e1lyozza az Egyh\u00e1z m\u0171k\u00f6d\u00e9s\u00e9t, ezeket a felt\u00e9teleket \u00edrja el\u0151:<\/p>\n\n\n\n<ul class=\"wp-block-list\">\n<li><em>tizenhatodik \u00e9let\u00e9v\u00e9t bet\u00f6lt\u00f6tt szem\u00e9ly,<\/em><\/li>\n\n\n\n<li><em>katolikus vall\u00e1s\u00fa,<\/em><\/li>\n\n\n\n<li><em>megkeresztelt, megb\u00e9rm\u00e1lt \u00e9s els\u0151\u00e1ldoz\u00e1st m\u00e1r v\u00e9gzett,<\/em><\/li>\n\n\n\n<li><em>\u00e9ljen a hithez \u00e9s a keresztsz\u00fcl\u0151i tiszts\u00e9ghez m\u00e9lt\u00f3 \u00e9letet: \u00e9l\u0151 hitgyakorlata legyen, ha p\u00e1rkapcsolatban \u00e9l, az legyen szents\u00e9gileg rendezett.<\/em><\/li>\n\n\n\n<li><em>\u201cCsak <strong>egy keresztap\u00e1t vagy egy keresztany\u00e1t<\/strong> vagy <strong>egy keresztap\u00e1t \u00e9s egy keresztany\u00e1t<\/strong> alkalmazzanak.\u201d (873. k\u00e1non)<\/em><\/li>\n\n\n\n<li><em>Ha nem pl\u00e9b\u00e1ni\u00e1nkhoz tartozik, k\u00e9rjen a lak\u00f3helye szerinti pl\u00e9b\u00e1ni\u00e1r\u00f3l keresztsz\u00fcl\u0151i igazol\u00e1st.<\/em><\/li>\n<\/ul>\n\n\n\n<p>M\u00e1s szem\u00e9ly a keresztel\u00e9s tan\u00fajak\u00e9nt v\u00e1llalhat szerepet.<\/p>\n\n\n\n<figure class=\"wp-block-embed is-type-video is-provider-youtube wp-block-embed-youtube wp-embed-aspect-16-9 wp-has-aspect-ratio\"><div class=\"wp-block-embed__wrapper\">\n<iframe loading=\"lazy\" title=\"XXII.H\u00e9t, 2. Kereszts\u00e9g:  Sz\u00f6vets\u00e9g az \u00e9l\u0151 Istennel\" width=\"640\" height=\"360\" src=\"https:\/\/www.youtube.com\/embed\/uay6V-0uSOg?feature=oembed\" frameborder=\"0\" allow=\"accelerometer; autoplay; clipboard-write; encrypted-media; gyroscope; picture-in-picture; web-share\" referrerpolicy=\"strict-origin-when-cross-origin\" allowfullscreen><\/iframe>\n<\/div><figcaption class=\"wp-element-caption\">B\u00f6jte Csaba atya a kereszts\u00e9gr\u0151l<\/figcaption><\/figure>\n","protected":false},"excerpt":{"rendered":"<p>Az \u00dar J\u00e9zus ezt mondta: \u201cAz\u00e9rt j\u00f6ttem, hogy \u00e9let\u00fck legyen \u00e9s b\u0151s\u00e9gben legyen.\u201d&nbsp;(Jn 10,10) Majd felt\u00e1mad\u00e1sa ut\u00e1n, mennybemenetelekor ezt a parancsot adta apostolainak:&nbsp;\u201eMenjetek, tegy\u00e9tek tan\u00edtv\u00e1nyaimm\u00e1 mind a n\u00e9peket. Keresztelj\u00e9tek meg \u0151ket az Atya \u00e9s a Fi\u00fa \u00e9s a Szentl\u00e9lek nev\u00e9ben, \u00e9s tan\u00edts\u00e1tok \u0151ket mindannak megtart\u00e1s\u00e1ra, amit parancsoltam nektek!\u201d&nbsp;(Mt 28,19). A kereszts\u00e9g kiszolg\u00e1ltat\u00e1sakor Isten \u00e9let\u00e9ben r\u00e9szes\u00fcl\u00fcnk, a l\u00e1that\u00f3 szents\u00e9gi jel val\u00f3s\u00e1gosan k\u00f6zvet\u00edti Isten szeretet\u00e9t, az \u0151 \u00e9let\u00e9be kapcsol bele: \u201e\u00e1ltala az emberek megszabadulnak a b\u0171n\u00f6kt\u0151l, Isten gyermekeiv\u00e9 sz\u00fcletnek \u00fajj\u00e1, \u00e9s elt\u00f6r\u00f6lhetetlen&#8230;<\/p>\n<p class=\"read-more\"><a class=\"btn btn-default\" href=\"https:\/\/marcali.plebania.hu\/?page_id=6881\"> Read More<span class=\"screen-reader-text\">  Read More<\/span><\/a><\/p>\n","protected":false},"author":1,"featured_media":0,"parent":0,"menu_order":0,"comment_status":"closed","ping_status":"closed","template":"","meta":{"footnotes":""},"class_list":["post-6881","page","type-page","status-publish","hentry"],"_links":{"self":[{"href":"https:\/\/marcali.plebania.hu\/index.php?rest_route=\/wp\/v2\/pages\/6881","targetHints":{"allow":["GET"]}}],"collection":[{"href":"https:\/\/marcali.plebania.hu\/index.php?rest_route=\/wp\/v2\/pages"}],"about":[{"href":"https:\/\/marcali.plebania.hu\/index.php?rest_route=\/wp\/v2\/types\/page"}],"author":[{"embeddable":true,"href":"https:\/\/marcali.plebania.hu\/index.php?rest_route=\/wp\/v2\/users\/1"}],"replies":[{"embeddable":true,"href":"https:\/\/marcali.plebania.hu\/index.php?rest_route=%2Fwp%2Fv2%2Fcomments&post=6881"}],"version-history":[{"count":12,"href":"https:\/\/marcali.plebania.hu\/index.php?rest_route=\/wp\/v2\/pages\/6881\/revisions"}],"predecessor-version":[{"id":7239,"href":"https:\/\/marcali.plebania.hu\/index.php?rest_route=\/wp\/v2\/pages\/6881\/revisions\/7239"}],"wp:attachment":[{"href":"https:\/\/marcali.plebania.hu\/index.php?rest_route=%2Fwp%2Fv2%2Fmedia&parent=6881"}],"curies":[{"name":"wp","href":"https:\/\/api.w.org\/{rel}","templated":true}]}}