{"id":7618,"date":"2025-09-17T22:28:42","date_gmt":"2025-09-17T22:28:42","guid":{"rendered":"https:\/\/marcali.plebania.hu\/?page_id=7618"},"modified":"2025-09-17T22:28:42","modified_gmt":"2025-09-17T22:28:42","slug":"hazassag","status":"publish","type":"page","link":"https:\/\/marcali.plebania.hu\/?page_id=7618","title":{"rendered":"H\u00e1zass\u00e1g"},"content":{"rendered":"\n<p>M\u00e1r a Biblia elej\u00e9n, a Teremt\u00e9s k\u00f6nyv\u00e9ben olvashatjuk Isten meg\u00e1llap\u00edt\u00e1s\u00e1t: \u201e<em>Nem j\u00f3 az embernek egyed\u00fcl lennie. Alkotok neki seg\u00edt\u0151t\u00e1rsat, aki hozz\u00e1 ill\u0151.<\/em>\u201d (Ter 2,18) Miut\u00e1n megalkotja az asszonyt, \u0150 vezeti az oda az emberhez, hogy legyen a t\u00e1rsa \u2013 nemcsak k\u00e9t ember v\u00e1lasztja egym\u00e1st, hanem Isten is \u0151ket \u00f6nmaga \u00e9s egym\u00e1s sz\u00e1m\u00e1ra. &#8222;<em>Ez\u00e9rt elhagyja a f\u00e9rfi apj\u00e1t \u00e9s anyj\u00e1t, a feles\u00e9g\u00e9hez ragaszkodik, \u00e9s egy testt\u00e9 lesznek.<\/em>&#8221; (Ter 2,24) <\/p>\n\n\n\n<p>J\u00e9zus ezt a kapcsolatot meger\u0151s\u00edti \u00e9s szents\u00e9gi rangra emeli: \u201eAmit teh\u00e1t Isten egybek\u00f6t\u00f6tt, azt ember ne v\u00e1lassza sz\u00e9t.\u201d (Mt 19, 6). A h\u0171s\u00e9ges \u00e9s \u00f6r\u00f6k Istennel k\u00f6t\u00f6tt sz\u00f6vets\u00e9g eg\u00e9sz \u00e9letre sz\u00f3l, felbonthatatlan &#8211; ez biztons\u00e1got jelent a h\u00e1zast\u00e1rsak \u00e9s a gyermekek sz\u00e1m\u00e1ra is. Arra rendeltetett, hogy Isten kegyelm\u00e9t, szeretet\u00e9t is k\u00f6zvet\u00edtse a h\u00e1zast\u00e1rsaknak egym\u00e1son kereszt\u00fcl. A h\u00e1zass\u00e1g szents\u00e9ge seg\u00edti a t\u00e1rsakat, hogy egym\u00e1snak ne vet\u00e9lyt\u00e1rsai, hanem seg\u00edt\u0151t\u00e1rsai legyenek. Seg\u00edt az egym\u00e1s ir\u00e1nti szeretetben, elfogad\u00e1sban, kib\u00e9k\u00fcl\u00e9sben, gyeng\u00e9ds\u00e9gben. Seg\u00edt a gyermek elfogad\u00e1s\u00e1ban \u00e9s nevel\u00e9s\u00e9ben.<\/p>\n\n\n\n<div class=\"wp-block-buttons is-content-justification-center is-layout-flex wp-container-core-buttons-is-layout-16018d1d wp-block-buttons-is-layout-flex\">\n<div class=\"wp-block-button is-style-outline is-style-outline--1\"><a class=\"wp-block-button__link has-text-align-center wp-element-button\" href=\"https:\/\/katolikus.hu\/dokumentumtar\/kek-415-448#K1600\">A katekizmus tan\u00edt\u00e1sa a h\u00e1zass\u00e1gr\u00f3l<\/a><\/div>\n<\/div>\n\n\n\n<div style=\"height:50px\" aria-hidden=\"true\" class=\"wp-block-spacer\"><\/div>\n\n\n\n<hr class=\"wp-block-separator has-alpha-channel-opacity\"\/>\n\n\n\n<h3 class=\"wp-block-heading\"><strong>Jelentkez\u00e9s a h\u00e1zass\u00e1gk\u00f6t\u00e9sre:<\/strong><\/h3>\n\n\n\n<p>Amennyiben n\u00e1lunk szeretn\u00e9nek templomi esk\u00fcv\u0151t, k\u00e9rj\u00fck, keress\u00e9k fel <a href=\"https:\/\/marcali.plebania.hu\/index.php\/plebania\/iroda\/\">irod\u00e1nkat<\/a> (nyitvatart\u00e1si id\u0151ben) az esk\u00fcv\u0151 tervezett id\u0151pontja el\u0151tt legk\u00e9s\u0151bb 6 h\u00f3nappal, hogy megbesz\u00e9lj\u00fck az id\u0151pontot \u00e9s a teend\u0151ket. Seg\u00edt\u00fcnk az adminisztr\u00e1ci\u00f3ban (jelentkez\u00e9si adatlap kit\u00f6lt\u00e9se, jegyesvizsg\u00e1lat elv\u00e9gz\u00e9se, jegyeskurzus \u00e9s egy\u00e9b teend\u0151k megbesz\u00e9l\u00e9se).<\/p>\n\n\n\n<p>A h\u00e1zass\u00e1gk\u00f6t\u00e9shez sz\u00fcks\u00e9ges, hogy <\/p>\n\n\n\n<ul class=\"wp-block-list\">\n<li>legal\u00e1bb az egyik f\u00e9l r\u00f3mai katolikus legyen. Minden megkeresztelt f\u00e9lnek egy h\u00e1rom h\u00f3napn\u00e1l nem r\u00e9gebben ki\u00e1ll\u00edtott <strong>keresztlev\u00e9l<\/strong>et kell hoznia. A keresztlevelet az a pl\u00e9b\u00e1nia bocs\u00e1tja ki, ahol az illet\u0151t megkeresztelt\u00e9k. (Ha valaki a marcali vagy a mesztegny\u0151i pl\u00e9b\u00e1ni\u00e1n lett megkeresztelve, akkor el\u00e9g a keresztel\u00e9s id\u0151pontj\u00e1t megmondani \u00e9s mi megkeress\u00fck az anyak\u00f6nyvben.)<\/li>\n\n\n\n<li>Ha egyik jegyes sem tartozik ter\u00fcletileg a pl\u00e9b\u00e1ni\u00e1nkhoz, akkor sz\u00fcks\u00e9ges egy <strong>elbocs\u00e1t\u00f3<\/strong> enged\u00e9ly a lakhely szerinti pl\u00e9b\u00e1niahivatalt\u00f3l.<\/li>\n\n\n\n<li>Az esk\u00fcv\u0151t <strong>jegyeskurzus<\/strong> (jegyesoktat\u00e1s) el\u0151zi meg. Amennyiben m\u00e1shol vesznek r\u00e9szt rajta, egy igazol\u00e1s sz\u00fcks\u00e9ges r\u00f3la. <\/li>\n\n\n\n<li>A <strong>st\u00f3lad\u00edj<\/strong> rendez\u00e9s\u00e9re is az  irod\u00e1ban ker\u00fcl sor (2023. \u00e1pr. 1-t\u0151l 40.000,- Ft).<\/li>\n<\/ul>\n\n\n\n<hr class=\"wp-block-separator has-alpha-channel-opacity\"\/>\n\n\n\n<h4 class=\"wp-block-heading\">Hasznos tartalmak h\u00e1zass\u00e1gra k\u00e9sz\u00fcl\u0151 jegyeseknek \u00e9s h\u00e1zasoknak<\/h4>\n\n\n\n<figure class=\"wp-block-embed aligncenter is-type-video is-provider-youtube wp-block-embed-youtube wp-embed-aspect-16-9 wp-has-aspect-ratio\"><div class=\"wp-block-embed__wrapper\">\n<iframe loading=\"lazy\" title=\"A h\u00e1zass\u00e1g [Misevlog 3. \u00e9vad]\" width=\"640\" height=\"360\" src=\"https:\/\/www.youtube.com\/embed\/HYy5iQQDW7s?feature=oembed\" frameborder=\"0\" allow=\"accelerometer; autoplay; clipboard-write; encrypted-media; gyroscope; picture-in-picture; web-share\" referrerpolicy=\"strict-origin-when-cross-origin\" allowfullscreen><\/iframe>\n<\/div><figcaption class=\"wp-element-caption\">A h\u00e1zass\u00e1g szents\u00e9g\u00e9r\u0151l &#8211; F\u00e1bry Korn\u00e9l atya<\/figcaption><\/figure>\n\n\n\n<div style=\"height:50px\" aria-hidden=\"true\" class=\"wp-block-spacer\"><\/div>\n\n\n\n<p>Aj\u00e1nlott k\u00f6nyvek:<\/p>\n\n\n\n<figure class=\"wp-block-table\"><table class=\"has-fixed-layout\"><tbody><tr><td>Szerz\u0151<\/td><td>C\u00edm<\/td><td>Kiad\u00f3<\/td><td>Kiad\u00e1s \u00e9ve<\/td><\/tr><tr><td>Arnold Mol<\/td><td>H\u00e1zasp\u00e1rbaj<\/td><td>Harmat Kiad\u00f3<\/td><td>2014<\/td><\/tr><tr><td>Clifford Penner, Joyce Penner<\/td><td>A szexualit\u00e1s aj\u00e1nd\u00e9ka<\/td><td>Harmat Kiad\u00f3<\/td><td>2006<\/td><\/tr><tr><td>D\u00e9ri P\u00e9ter<\/td><td>Im\u00e1dkozzunk a csal\u00e1dunk\u00e9rt! &#8211; Csal\u00e1dok imak\u00f6nyve<\/td><td>Martinus Kiad\u00f3<\/td><td>2011<\/td><\/tr><tr><td>Gary Chapman<\/td><td>A szeretet mint \u00e9letforma<\/td><td>Harmat Kiad\u00f3<\/td><td>2011<\/td><\/tr><tr><td>Gary Chapman<\/td><td>Istenre hangolva<\/td><td>Harmat Kiad\u00f3<\/td><td>2008<\/td><\/tr><tr><td>Gary Chapman<\/td><td>Gyerekekre hangolva<\/td><td>Harmat Kiad\u00f3<\/td><td>2003<\/td><\/tr><tr><td>Gary Chapman<\/td><td>A h\u00e1zass\u00e1g n\u00e9gy \u00e9vszaka<\/td><td>Harmat Kiad\u00f3<\/td><td>2009<\/td><\/tr><tr><td>Gary Chapman<\/td><td>V\u00e1ltozzunk egy\u00fctt!<\/td><td>Harmat Kiad\u00f3<\/td><td>2009<\/td><\/tr><tr><td>Gary Chapman<\/td><td>Egym\u00e1sra hangolva<\/td><td>Harmat Kiad\u00f3<\/td><td>2011<\/td><\/tr><tr><td>Gary Chapman<\/td><td>M\u00e9rgez\u0151 munkahelyek &#8211; Hogyan \u00f3vjuk meg testi-leki \u00e9ps\u00e9g\u00fcnket a negat\u00edv k\u00f6rnyezetben<\/td><td>Harmat Kiad\u00f3<\/td><td>2016<\/td><\/tr><tr><td>Gary Chapman<\/td><td>Chapman a szeretetr\u0151l<\/td><td>Harmat Kiad\u00f3<\/td><td>2012<\/td><\/tr><tr><td>Gary Chapman<\/td><td>\u00c9letre sz\u00f3l\u00f3 \u00edg\u00e9retek p\u00e1roknak<\/td><td>Harmat Kiad\u00f3<\/td><td>2016<\/td><\/tr><tr><td>Gary Chapman<\/td><td>Nyer\u0151 p\u00e1ros<\/td><td>Harmat Kiad\u00f3<\/td><td>2016<\/td><\/tr><tr><td>Gary Chapman<\/td><td>Seg\u00edts\u00e9g, sz\u00fcl\u0151k lett\u00fcnk!<\/td><td>Harmat Kiad\u00f3<\/td><td>2016<\/td><\/tr><tr><td>Gary Chapman<\/td><td>12 dolog, amit j\u00f3 lett volna tudni az esk\u00fcv\u0151m el\u0151tt<\/td><td>Harmat Kiad\u00f3<\/td><td>2012<\/td><\/tr><tr><td>Gary Chapman<\/td><td>V\u00e9gre egy nyelvet besz\u00e9l\u00fcnk<\/td><td>Harmat Kiad\u00f3<\/td><td>2011<\/td><\/tr><tr><td>Gary Chapman &amp; Jennifer Thomas<\/td><td>Ha nem el\u00e9g a sajn\u00e1lom &#8211; A bocs\u00e1natk\u00e9r\u00e9s \u00f6t nyelve<\/td><td>Harmat Kiad\u00f3<\/td><td>2010<\/td><\/tr><tr><td>Henry Cloud, John Townsend<\/td><td>Hat\u00e1raink a p\u00e1rkeres\u00e9sben<\/td><td>Harmat Kiad\u00f3<\/td><td>2015<\/td><\/tr><tr><td>Henry Cloud, John Townsend<\/td><td>P\u00e1rhat\u00e1rok<\/td><td>Harmat Kiad\u00f3<\/td><td>2013<\/td><\/tr><tr><td>Henry Cloud, John Townsend<\/td><td>J\u00e1tszm\u00e1k n\u00e9lk\u00fcl<\/td><td>Harmat Kiad\u00f3<\/td><td>2010<\/td><\/tr><tr><td>Gy\u00f6k\u00f6ssy Endre<\/td><td>Ketten &#8211; h\u00e1rmasban<\/td><td>\u00daj Ember Kiad\u00f3<\/td><td>2004<\/td><\/tr><tr><td>Gy\u00f6k\u00f6ssy Endre<\/td><td>Egy\u00fctt a szeretetben<\/td><td>Szt. Gell\u00e9rt Kiad\u00f3<\/td><td>&nbsp;<\/td><\/tr><tr><td>Gy\u00f6k\u00f6ssy Endre<\/td><td>A szeretet szimf\u00f3ni\u00e1ja<\/td><td>Szt. Gell\u00e9rt Kiad\u00f3<\/td><td>&nbsp;<\/td><\/tr><tr><td>Dr. James Dobson<\/td><td>Amit a feles\u00e9gekr\u0151l tudni kell(ene) &#8211; F\u00e9rjek k\u00f6nyve<\/td><td>Kereszt\u00e9ny Ismeretterjeszt\u0151 Alap\u00edtv\u00e1ny<\/td><td>2003<\/td><\/tr><tr><td>Kevin Leman<\/td><td>Szexre hangolva<\/td><td>Harmat Kiad\u00f3<\/td><td>2016<\/td><\/tr><tr><td>Louis Evely<\/td><td>Szerelem \u00e9s h\u00e1zass\u00e1g<\/td><td>Szt. Gell\u00e9rt Kiad\u00f3<\/td><td>1973<\/td><\/tr><tr><td>Mark Gungor<\/td><td>F\u00e9rfiagy, n\u0151i agy<\/td><td>Harmat Kiad\u00f3<\/td><td>2018<\/td><\/tr><tr><td>Mihalec G\u00e1bor<\/td><td>Megcsal\u00e1s n\u00e9lk\u00fcl<\/td><td>Kulcslyuk Kiad\u00f3<\/td><td>2015<\/td><\/tr><tr><td>Mihalec G\u00e1bor<\/td><td>Gy\u0171r\u0171-k\u00fara<\/td><td>Kulcslyuk Kiad\u00f3<\/td><td>2011<\/td><\/tr><tr><td>Mihalec G\u00e1bor<\/td><td>H\u00e1zass\u00e1g 2.0<\/td><td>Harmat Kiad\u00f3<\/td><td>2018<\/td><\/tr><tr><td>Mihalec G\u00e1bor dr.<\/td><td>1 + 1 = 3 \u00c9rzelmi eg\u00e9szs\u00e9g a p\u00e1rkapcsolatban<\/td><td>Szerz\u0151i kiad\u00e1s<\/td><td>2019<\/td><\/tr><tr><td>Nemes \u00d6d\u00f6n<\/td><td>P\u00e1rbesz\u00e9lget\u00e9s<\/td><td>Harmat Kiad\u00f3<\/td><td>2006<\/td><\/tr><tr><td>Nicola De Martini<\/td><td>100 k\u00e9rd\u00e9s a szexualit\u00e1sr\u00f3l<\/td><td>Don Bosco Kiad\u00f3<\/td><td>1998<\/td><\/tr><tr><td>Papp Mikl\u00f3s<\/td><td>A h\u00e1zas \u00e9letst\u00edlus<\/td><td>Lazi K\u00f6nyvkiad\u00f3<\/td><td>2017<\/td><\/tr><tr><td>P. Sz\u0151ke J\u00e1nos<\/td><td>Az \u00e9des sz\u00e9p szerelem<\/td><td>Don Bosco Kiad\u00f3<\/td><td>&nbsp;<\/td><\/tr><tr><td>P. Tilmann Beller<\/td><td>A h\u00e1zass\u00e1g: \u00d6r\u00f6m \u00e9s feladat<\/td><td>Csal\u00e1dakad\u00e9mia-\u00d3budav\u00e1r Egyes\u00fclet<\/td><td>2000<\/td><\/tr><tr><td>Tilmann Beller<\/td><td>Fontos vagy nekem &#8211; A szexualit\u00e1s \u00e9rtelm\u00e9r\u0151l<\/td><td>Csal\u00e1dakad\u00e9mia-\u00d3budav\u00e1r Egyes\u00fclet<\/td><td>2000<\/td><\/tr><tr><td>Robert Hemfelt, Frank Minirth, Paul Meier<\/td><td>A szeretet v\u00e1laszthat\u00f3<\/td><td>Harmat Kiad\u00f3<\/td><td>2017<\/td><\/tr><tr><td>Sue Johnson<\/td><td>\u00d6lelj \u00e1t<\/td><td>Harmat Kiad\u00f3<\/td><td>2018<\/td><\/tr><tr><td>Sue Johnson, Kenny Sanderfer<\/td><td>Kapcsolatra teremtve<\/td><td>Harmat Kiad\u00f3<\/td><td>2019<\/td><\/tr><tr><td>Timothy &amp; Kathy Keller<\/td><td>A h\u00e1zass\u00e1gr\u00f3l<\/td><td>Harmat Kiad\u00f3<\/td><td>2015<\/td><\/tr><tr><td>T\u00f6r\u00f6k Jen\u0151<\/td><td>\u00c9letre sz\u00f3l\u00f3an szeretni &#8211; Jegyesekkel besz\u00e9lget\u00fcnk<\/td><td>Verlag Opus Mystici Corporis<\/td><td>1974<\/td><\/tr><\/tbody><\/table><\/figure>\n\n\n\n<p><\/p>\n\n\n\n<p>Papp Mikl\u00f3s atya el\u0151ad\u00e1sa az \u00e9let szents\u00e9g\u00e9r\u0151l:<\/p>\n\n\n\n<figure class=\"wp-block-embed aligncenter is-type-video is-provider-youtube wp-block-embed-youtube wp-embed-aspect-16-9 wp-has-aspect-ratio\"><div class=\"wp-block-embed__wrapper\">\n<iframe loading=\"lazy\" title=\"Az \u00e9let szent - Papp Mikl\u00f3s el\u0151ad\u00e1sa az emberi \u00e9letet fenyeget\u0151 mai veszedelmekr\u0151l\" width=\"640\" height=\"360\" src=\"https:\/\/www.youtube.com\/embed\/GXe4Rt8Uuvg?feature=oembed\" frameborder=\"0\" allow=\"accelerometer; autoplay; clipboard-write; encrypted-media; gyroscope; picture-in-picture; web-share\" referrerpolicy=\"strict-origin-when-cross-origin\" allowfullscreen><\/iframe>\n<\/div><\/figure>\n","protected":false},"excerpt":{"rendered":"<p>M\u00e1r a Biblia elej\u00e9n, a Teremt\u00e9s k\u00f6nyv\u00e9ben olvashatjuk Isten meg\u00e1llap\u00edt\u00e1s\u00e1t: \u201eNem j\u00f3 az embernek egyed\u00fcl lennie. Alkotok neki seg\u00edt\u0151t\u00e1rsat, aki hozz\u00e1 ill\u0151.\u201d (Ter 2,18) Miut\u00e1n megalkotja az asszonyt, \u0150 vezeti az oda az emberhez, hogy legyen a t\u00e1rsa \u2013 nemcsak k\u00e9t ember v\u00e1lasztja egym\u00e1st, hanem Isten is \u0151ket \u00f6nmaga \u00e9s egym\u00e1s sz\u00e1m\u00e1ra. &#8222;Ez\u00e9rt elhagyja a f\u00e9rfi apj\u00e1t \u00e9s anyj\u00e1t, a feles\u00e9g\u00e9hez ragaszkodik, \u00e9s egy testt\u00e9 lesznek.&#8221; (Ter 2,24) J\u00e9zus ezt a kapcsolatot meger\u0151s\u00edti \u00e9s szents\u00e9gi rangra emeli: \u201eAmit teh\u00e1t Isten&#8230;<\/p>\n<p class=\"read-more\"><a class=\"btn btn-default\" href=\"https:\/\/marcali.plebania.hu\/?page_id=7618\"> Read More<span class=\"screen-reader-text\">  Read More<\/span><\/a><\/p>\n","protected":false},"author":1,"featured_media":0,"parent":0,"menu_order":0,"comment_status":"closed","ping_status":"closed","template":"","meta":{"footnotes":""},"class_list":["post-7618","page","type-page","status-publish","hentry"],"_links":{"self":[{"href":"https:\/\/marcali.plebania.hu\/index.php?rest_route=\/wp\/v2\/pages\/7618","targetHints":{"allow":["GET"]}}],"collection":[{"href":"https:\/\/marcali.plebania.hu\/index.php?rest_route=\/wp\/v2\/pages"}],"about":[{"href":"https:\/\/marcali.plebania.hu\/index.php?rest_route=\/wp\/v2\/types\/page"}],"author":[{"embeddable":true,"href":"https:\/\/marcali.plebania.hu\/index.php?rest_route=\/wp\/v2\/users\/1"}],"replies":[{"embeddable":true,"href":"https:\/\/marcali.plebania.hu\/index.php?rest_route=%2Fwp%2Fv2%2Fcomments&post=7618"}],"version-history":[{"count":10,"href":"https:\/\/marcali.plebania.hu\/index.php?rest_route=\/wp\/v2\/pages\/7618\/revisions"}],"predecessor-version":[{"id":7629,"href":"https:\/\/marcali.plebania.hu\/index.php?rest_route=\/wp\/v2\/pages\/7618\/revisions\/7629"}],"wp:attachment":[{"href":"https:\/\/marcali.plebania.hu\/index.php?rest_route=%2Fwp%2Fv2%2Fmedia&parent=7618"}],"curies":[{"name":"wp","href":"https:\/\/api.w.org\/{rel}","templated":true}]}}