{"id":8045,"date":"2026-05-08T14:53:25","date_gmt":"2026-05-08T14:53:25","guid":{"rendered":"https:\/\/marcali.plebania.hu\/?page_id=8045"},"modified":"2026-05-08T15:06:22","modified_gmt":"2026-05-08T15:06:22","slug":"oromforras-zenekar","status":"publish","type":"page","link":"https:\/\/marcali.plebania.hu\/?page_id=8045","title":{"rendered":"\u00d6r\u00f6mforr\u00e1s zenekar"},"content":{"rendered":"\n<p>Isten hozott! Szeretettel k\u00f6sz\u00f6nt\u00fcnk az \u00d6r\u00f6mforr\u00e1s zenekar oldal\u00e1n! J\u00f3, hogy itt vagy! \ud83d\ude42<\/p>\n\n\n\n<p><br><strong>\u00d6r\u00f6mforr\u00e1s zenekar k\u00fcldet\u00e9se:<\/strong><br>Az \u00d6r\u00f6mforr\u00e1s n\u00e9ven m\u0171k\u00f6d\u0151 zenekarunk k\u00fcldet\u00e9se, hogy a zene nyelv\u00e9n kereszt\u00fcl k\u00f6zelebb<br>vigy\u00fck az embereket Istenhez. Szolg\u00e1latainkon az a c\u00e9l vez\u00e9rel benn\u00fcnket, hogy az im\u00e1ds\u00e1g<br>\u00e9l\u0151v\u00e9, szem\u00e9lyess\u00e9 \u00e9s \u00f6r\u00f6mteliv\u00e9 v\u00e1ljon. Hisz\u00fcnk abban, hogy a dics\u0151\u00edt\u00e9s nem el\u0151ad\u00e1s,<br>hanem tal\u00e1lkoz\u00e1s: tal\u00e1lkoz\u00e1s Istennel \u00e9s egym\u00e1ssal! Zen\u00e9nkkel szeretn\u00e9nk teret adni annak,<br>hogy a h\u00edvek bekapcsol\u00f3djanak a liturgi\u00e1ba \u00e9s meg\u00e9lj\u00e9k az \u00f6r\u00f6mh\u00edrt, amely er\u0151t ad a<br>mindennapokhoz. Szolg\u00e1latunk k\u00f6z\u00e9ppontj\u00e1ban J\u00e9zus Krisztus \u00e1ll \u2013 mi pedig eszk\u00f6z\u00f6k<br>szeretn\u00e9nk lenni az \u0150 kez\u00e9ben.<\/p>\n\n\n\n<p><br><strong>Zenekarunk t\u00f6rt\u00e9nete:<\/strong><br>Zenekarunk t\u00f6rt\u00e9nete 1994-re ny\u00falik vissza. Az akkori (X) ifj\u00fas\u00e1gi k\u00f6z\u00f6ss\u00e9gb\u0151l alakultak<br>S\u00e1gv\u00e1ri R\u00f3bert vezet\u00e9s\u00e9vel \u00e9s F\u00e9ny gyermekei n\u00e9ven rendszeresen szolg\u00e1ltak a vas\u00e1rnapi<br>szentmis\u00e9ken, hittanversenyeken, lelki napokon, b\u00e9rm\u00e1l\u00e1sokon \u00e9s region\u00e1lis ifj\u00fas\u00e1gi<br>tal\u00e1lkoz\u00f3kon. A k\u00f6z\u00f6ss\u00e9g elk\u00f6telezetts\u00e9g\u00e9t \u00e9s szolg\u00e1lat\u00e1t 2011-ben Marcali v\u00e1ros alkot\u00f3i<br>d\u00edjjal, majd 2016-ban a Somogy megyei k\u00f6zgy\u0171l\u00e9s a Somogy Polg\u00e1rai\u00e9rt d\u00edjjal jutalmazt\u00e1k.<br>Az elm\u00falt \u00e9vtizedekben sok sz\u00e9p eml\u00e9k, h\u0171s\u00e9ges szolg\u00e1lat \u00e9s k\u00f6z\u00f6s im\u00e1s\u00e1gok kapcsol\u00f3dtak a<br>munk\u00e1ss\u00e1gukhoz. 2025 m\u00e1jus\u00e1ban, t\u00f6bb mint 3o \u00e9v ut\u00e1n S\u00e1gv\u00e1ri R\u00f3bert visszavonult a<br>zenekar vezet\u00e9s\u00e9t\u0151l. Ut\u00f3dja Szab\u00f3 Andrea lett, aki szint\u00e9n a kezdetekt\u0151l tagja volt a<br>zenekarnak.<\/p>\n\n\n\n<p><br><strong>Zenekarunk jelene:<\/strong><br>A vezet\u0151v\u00e1lt\u00e1s \u00faj tagokat, \u00faj lend\u00fcletet \u00e9s lelkesed\u00e9st hozott a k\u00f6z\u00f6ss\u00e9g\u00fcnk sz\u00e1m\u00e1ra. A<br>meg\u00fajul\u00e1ssal \u00faj nevet v\u00e1lasztottunk \u2013 \u00d6r\u00f6mforr\u00e1s &#8211; ezen a n\u00e9ven folytatjuk tov\u00e1bb zenei<br>szolg\u00e1latainkat. B\u00edzunk benne, hogy ahogyan a forr\u00e1sb\u00f3l fakad\u00f3 v\u00edz \u00e9ltet, felfriss\u00edt \u00e9s tiszt\u00edt,<br>\u00fagy lesz zen\u00e9nk is mindannyiunk sz\u00e1m\u00e1ra \u00f6r\u00f6m \u00e9s er\u0151forr\u00e1s az \u00darban. Szeretn\u00e9nk a zene erej\u00e9vel seg\u00edteni a templomi k\u00f6z\u00f6ss\u00e9get a Krisztussal val\u00f3 tal\u00e1lkoz\u00e1sban. Szolg\u00e1latainkon<br>Isten dics\u0151s\u00e9g\u00e9t hirdetj\u00fck, \u00e9s arra t\u00f6reksz\u00fcnk, hogy a h\u00edveket bevonjuk az \u00e9nekl\u00e9sbe.<\/p>\n\n\n\n<p><strong>Mi\u00e9rt \u00d6r\u00f6mforr\u00e1s?<\/strong><br>Az\u00e9rt v\u00e1lasztottuk az \u00d6r\u00f6mforr\u00e1s nevet, mert hissz\u00fck, hogy az igazi \u00f6r\u00f6m forr\u00e1sa Isten. A<br>vele val\u00f3 tal\u00e1lkoz\u00e1sb\u00f3l fakad\u00f3 \u00f6r\u00f6m er\u0151t ad, meg\u00faj\u00edt \u00e9s t\u00falmutat a h\u00e9tk\u00f6znapok neh\u00e9zs\u00e9gein.<br>Zen\u00e9nkkel erre az \u00e9l\u0151 forr\u00e1sra szeretn\u00e9nk r\u00e1mutatni. Mindemellett az \u00d6r\u00f6mforr\u00e1s \u2013 egyetlen<br>sz\u00f3, tiszta \u00e9s vil\u00e1gos, k\u00f6nnyen kiejthet\u0151 \u00e9s szerethet\u0151.<\/p>\n\n\n\n<p><strong>Zenei szolg\u00e1lataink:<\/strong><\/p>\n\n\n\n<ul class=\"wp-block-list\">\n<li>szentmis\u00e9ken<\/li>\n\n\n\n<li>ifj\u00fas\u00e1gi alkalmakon<\/li>\n\n\n\n<li>\u00dcnnepek alkalm\u00e1val, dics\u0151\u00edt\u00e9seken, h\u00e1laad\u00e1sokon, k\u00f6z\u00f6ss\u00e9gi esem\u00e9nyeken<br>(Az&nbsp;\u00d6r\u00f6mforr\u00e1s&nbsp;zenekar tev\u00e9kenys\u00e9g\u00e9r\u0151l \u00e9s aktu\u00e1lis szolg\u00e1latair\u00f3l a legfrissebb<br>inform\u00e1ci\u00f3kat a&nbsp;Marcali R\u00f3mai Katolikus Pl\u00e9b\u00e1nia&nbsp;k\u00f6z\u00f6ss\u00e9gi oldal\u00e1n vagy a helyi<br>hirdet\u00e9sekben tal\u00e1lhatod meg)<\/li>\n<\/ul>\n\n\n\n<p><strong>Zenei st\u00edlus:<\/strong><br>Git\u00e1ros \u00e9nekek, dics\u0151\u00edt\u0151 dalok \u00e9s hagyom\u00e1nyosabb liturgikus \u00e9nekek modern<br>hangszerel\u00e9sben.<\/p>\n\n\n\n<p><strong>K\u00f6z\u00f6ss\u00e9gi jelleg:<\/strong><\/p>\n\n\n\n<ul class=\"wp-block-list\">\n<li>Szolg\u00e1lataink sz\u00ednvonal\u00e1nak alapja a prec\u00edz felk\u00e9sz\u00fcl\u00e9s. ez\u00e9rt kiemelt hangs\u00falyt<br>fektet\u00fcnk a k\u00f6z\u00f6s zenekari pr\u00f3b\u00e1kra.<\/li>\n\n\n\n<li>Sz\u00e1munkra a zen\u00e9l\u00e9s nem csak szolg\u00e1latot jelent, hanem k\u00f6z\u00f6ss\u00e9get is.<\/li>\n\n\n\n<li>Nyitottak vagyunk mindazok fel\u00e9, akik szeretn\u00e9nek vel\u00fcnk egy\u00fctt fejl\u0151dni \u00e9s Istent<br>szolg\u00e1lni a zene nyelv\u00e9n.<\/li>\n<\/ul>\n\n\n\n<p><strong>Zenekarunk tagjai:<\/strong><br>Szab\u00f3 Andrea \u2013 git\u00e1r, \u00e9nek, zenekar vezet\u0151<br>Cservenyi-Jakabovics Eszter \u2013 git\u00e1r, \u00e9nek, zenekar vezet\u0151 helyettes<br>Bidl\u00f3-T\u00f3th Ingrid \u2013 zongora, \u00e9nek<br>Dobos-P\u00e9csi Roberta \u2013 furulya, \u00e9nek<br>P\u00e9terffy Zolt\u00e1n \u2013 csell\u00f3<br>Krajcsovszki Andr\u00e1s \u2013 \u00fct\u0151 hangszer, \u00e9nek<br>K\u00f3rustagok: Bogn\u00e1r Bogl\u00e1rka, Bogn\u00e1r Bianka, Krajcsovszki Ferenc, N\u00e9meth Vikt\u00f3ria,<br>Teglovics Bianka<\/p>\n\n\n\n<p><strong>\u00datraval\u00f3:<\/strong><\/p>\n\n\n\n<p>Legyen a zene mindannyiunk sz\u00e1m\u00e1ra k\u00f6z\u00f6s im\u00e1ds\u00e1g, \u00f6r\u00f6mforr\u00e1s. K\u00e9r\u00fcnk titeket, k\u00eds\u00e9rj\u00e9tek<br>minket im\u00e1itokkal, szeretetetekkel \u00e9s jelenl\u00e9tetekkel, hogy egy\u00fctt dics\u0151\u00edthess\u00fck Istent \u2013 aki a<br>kezdet \u00e9s beteljesed\u00e9s, a mi \u00f6r\u00f6m\u00fcnk igazi forr\u00e1sa!<\/p>\n\n\n\n<p class=\"has-text-align-right\"><em>Szab\u00f3 Andrea<\/em><\/p>\n\n\n\n<p class=\"has-text-align-center\"><strong>Az \u00d6r\u00f6mforr\u00e1s katolikus zenekar m\u0171k\u00f6d\u00e9si szab\u00e1lyzata<\/strong><\/p>\n\n\n\n<ol class=\"wp-block-list\">\n<li><span style=\"text-decoration: underline;\">A zenekar jog\u00e1ll\u00e1sa:<\/span> a zenekar \u00f6n\u00e1ll\u00f3 szervez\u0151d\u00e9s\u0171, \u00f6nk\u00e9ntess\u00e9g alapj\u00e1n m\u0171k\u00f6d\u0151 k\u00f6z\u00f6ss\u00e9g.<br><\/li>\n\n\n\n<li><span style=\"text-decoration: underline;\">Al\u00e1rendelts\u00e9ge:<\/span> a helyi pl\u00e9b\u00e1nos \u00fatmutat\u00e1sa alapj\u00e1n tev\u00e9kenykedik, \u00f6sszhangban a k\u00e1ntorral \u00e9s<br>m\u00e1s liturgikus k\u00f6z\u00f6ss\u00e9gekkel. A konkr\u00e9t feladatait a zenekar vezet\u0151je koordin\u00e1lja.<br><\/li>\n\n\n\n<li><span style=\"text-decoration: underline;\">A zenekar feladata \u00e9s c\u00e9lja:<\/span><br>&#8211; legf\u0151bb feladata a vas\u00e1rnapi szentmis\u00e9n val\u00f3 zenei szolg\u00e1lat, amikor erre a zenekar megb\u00edz\u00e1st<br>kap (rendszerint a pl\u00e9b\u00e1niatemplomban, felv\u00e1ltva a szombat esti \u00e9s a vas\u00e1rnap d\u00e9lel\u0151tti mis\u00e9n)<br>&#8211; Isten ig\u00e9j\u00e9nek hirdet\u00e9se a zene nyelv\u00e9n<br>&#8211; a felk\u00e9r\u00e9seknek megfelel\u0151en a rendezv\u00e9nyeken val\u00f3 r\u00e9szv\u00e9tel helyben \u00e9s vid\u00e9ken<br><\/li>\n\n\n\n<li><span style=\"text-decoration: underline;\">Tagjai:<\/span> b\u00e1rki lehet tag, aki szeretn\u00e9 zenei tud\u00e1s\u00e1val szolg\u00e1lni Istent \u00e9s az \u0151 egyh\u00e1z\u00e1t, egy\u00fcttm\u0171k\u00f6dve \u00e9s k\u00f6z\u00f6ss\u00e9gben a zenekar t\u00f6bbi tagj\u00e1val. T\u00f6rekedjen a kereszt\u00e9ny \u00e9rt\u00e9kekre zenekari szolg\u00e1lat\u00e1ban \u00e9s igyekezzen eg\u00e9sz \u00e9let\u00e9t Isten t\u00f6rv\u00e9nyeihez igaz\u00edtani. Nincs \u00e1lland\u00f3 tagl\u00e9tsz\u00e1m, b\u00e1rmikor lehet jelentkezni a vezet\u0151n\u00e9l, \u00e9s a tagok b\u00e1rmikor jelezhetik kil\u00e9p\u00e9si sz\u00e1nd\u00e9kukat. Hangszeren j\u00e1tsz\u00f3 tagok eset\u00e9ben sz\u00fcks\u00e9ges az alap zenei tud\u00e1s, a kottaolvas\u00e1s.<br><\/li>\n\n\n\n<li><span style=\"text-decoration: underline;\">A tagok k\u00f6telezetts\u00e9gei:<\/span><br>&#8211; legjobb tud\u00e1sukkal, \u00f6nzetlen\u00fcl szolg\u00e1lni, Isten dics\u0151s\u00e9g\u00e9re \u00e9s az emberek \u00f6r\u00f6m\u00e9re<br>&#8211; a zenekarvezet\u0151 \u00fatmutat\u00e1s\u00e1hoz igazodni, \u0151rizve a zenekar egys\u00e9g\u00e9t<br>&#8211; zenekari pr\u00f3b\u00e1kon val\u00f3 r\u00e9szv\u00e9tel, ami rendszerint hetente, p\u00e9nteken 18 \u00f3rakor kezd\u0151dik a pl\u00e9b\u00e1ni\u00e1n, de sz\u00fcks\u00e9g eset\u00e9n v\u00e1ltozhat az id\u0151pont vagy a gyakoris\u00e1g<br>&#8211; minden pr\u00f3ba im\u00e1val kezd\u0151dik<br>&#8211; a vas\u00e1rnapi szentmis\u00e9ken val\u00f3 r\u00e9szv\u00e9tel<br>&#8211; a szentmis\u00e9kre, melyeken a zenekar szolg\u00e1l, legal\u00e1bb 20 perccel kezd\u00e9s el\u0151tt megjelenni (behangol\u00e1s \u00e9s pontos\u00edt\u00e1sok megbesz\u00e9l\u00e9se v\u00e9gett)<br>&#8211; szabadidej\u00e9ben t\u00f6rekedni arra, hogy talentumait tov\u00e1bb csiszolja, t\u00f6k\u00e9letes\u00edtse Isten dics\u0151s\u00e9g\u00e9re \u00e9s az emberek \u00f6r\u00f6m\u00e9re<br>&#8211; a p\u00e1ly\u00e1zatokon szerzett hangszerek haszn\u00e1lat\u00e1ra a zenekar vezet\u0151je ad enged\u00e9lyt. A hangszer meg\u00f3v\u00e1sa mindig annak feladata, aki haszn\u00e1lja.<br>&#8211; ha b\u00e1rmely tagot s\u00e9relem vagy negat\u00edv intrika \u00e9r a k\u00f6z\u00f6ss\u00e9gen bel\u00fcl, azonnal t\u00e1j\u00e9koztatni err\u0151l a zenekar vezet\u0151j\u00e9t vagy a pl\u00e9b\u00e1nost<br>&#8211; amennyiben a pr\u00f3b\u00e1kon \u00e9s a szentmis\u00e9ken rendszertelen\u00fcl jelenik meg, s r\u00e1 sz\u00e1m\u00edtani nem lehet, nem tekinthet\u0151 tagnak<br>&#8211; amennyiben egy tag viselked\u00e9s\u00e9vel \u00e1tl\u00e9pi az itteni szab\u00e1lyokat, a zenekar vezet\u0151je vagy a pl\u00e9b\u00e1nos figyelmezteti \u0151t. Ha az int\u00e9s ut\u00e1n nem old\u00f3dik meg a probl\u00e9ma, az illet\u0151 nem lehet tov\u00e1bb a tagja a k\u00f6z\u00f6ss\u00e9gnek.<br>&#8211; a pl\u00e9b\u00e1ni\u00e1t\u00f3l kapott, a k\u00f6z\u00f6ss\u00e9g nev\u00e9vel \u00e9s l\u00f3g\u00f3j\u00e1val ell\u00e1tott p\u00f3l\u00f3t vagy pul\u00f3vert viselni azokon a szolg\u00e1latokon, amelyeket a zenekar vezet\u0151je kijel\u00f6l<\/li>\n<\/ol>\n","protected":false},"excerpt":{"rendered":"<p>Isten hozott! Szeretettel k\u00f6sz\u00f6nt\u00fcnk az \u00d6r\u00f6mforr\u00e1s zenekar oldal\u00e1n! J\u00f3, hogy itt vagy! \ud83d\ude42 \u00d6r\u00f6mforr\u00e1s zenekar k\u00fcldet\u00e9se:Az \u00d6r\u00f6mforr\u00e1s n\u00e9ven m\u0171k\u00f6d\u0151 zenekarunk k\u00fcldet\u00e9se, hogy a zene nyelv\u00e9n kereszt\u00fcl k\u00f6zelebbvigy\u00fck az embereket Istenhez. Szolg\u00e1latainkon az a c\u00e9l vez\u00e9rel benn\u00fcnket, hogy az im\u00e1ds\u00e1g\u00e9l\u0151v\u00e9, szem\u00e9lyess\u00e9 \u00e9s \u00f6r\u00f6mteliv\u00e9 v\u00e1ljon. Hisz\u00fcnk abban, hogy a dics\u0151\u00edt\u00e9s nem el\u0151ad\u00e1s,hanem tal\u00e1lkoz\u00e1s: tal\u00e1lkoz\u00e1s Istennel \u00e9s egym\u00e1ssal! Zen\u00e9nkkel szeretn\u00e9nk teret adni annak,hogy a h\u00edvek bekapcsol\u00f3djanak a liturgi\u00e1ba \u00e9s meg\u00e9lj\u00e9k az \u00f6r\u00f6mh\u00edrt, amely er\u0151t ad amindennapokhoz. Szolg\u00e1latunk k\u00f6z\u00e9ppontj\u00e1ban J\u00e9zus Krisztus \u00e1ll \u2013 mi&#8230;<\/p>\n<p class=\"read-more\"><a class=\"btn btn-default\" href=\"https:\/\/marcali.plebania.hu\/?page_id=8045\"> Read More<span class=\"screen-reader-text\">  Read More<\/span><\/a><\/p>\n","protected":false},"author":2,"featured_media":0,"parent":14,"menu_order":0,"comment_status":"closed","ping_status":"closed","template":"","meta":{"footnotes":""},"class_list":["post-8045","page","type-page","status-publish","hentry"],"_links":{"self":[{"href":"https:\/\/marcali.plebania.hu\/index.php?rest_route=\/wp\/v2\/pages\/8045","targetHints":{"allow":["GET"]}}],"collection":[{"href":"https:\/\/marcali.plebania.hu\/index.php?rest_route=\/wp\/v2\/pages"}],"about":[{"href":"https:\/\/marcali.plebania.hu\/index.php?rest_route=\/wp\/v2\/types\/page"}],"author":[{"embeddable":true,"href":"https:\/\/marcali.plebania.hu\/index.php?rest_route=\/wp\/v2\/users\/2"}],"replies":[{"embeddable":true,"href":"https:\/\/marcali.plebania.hu\/index.php?rest_route=%2Fwp%2Fv2%2Fcomments&post=8045"}],"version-history":[{"count":2,"href":"https:\/\/marcali.plebania.hu\/index.php?rest_route=\/wp\/v2\/pages\/8045\/revisions"}],"predecessor-version":[{"id":8051,"href":"https:\/\/marcali.plebania.hu\/index.php?rest_route=\/wp\/v2\/pages\/8045\/revisions\/8051"}],"up":[{"embeddable":true,"href":"https:\/\/marcali.plebania.hu\/index.php?rest_route=\/wp\/v2\/pages\/14"}],"wp:attachment":[{"href":"https:\/\/marcali.plebania.hu\/index.php?rest_route=%2Fwp%2Fv2%2Fmedia&parent=8045"}],"curies":[{"name":"wp","href":"https:\/\/api.w.org\/{rel}","templated":true}]}}